{"id":9354,"date":"2020-05-08T11:26:29","date_gmt":"2020-05-08T11:26:29","guid":{"rendered":"https:\/\/fundacioncodigos.org\/?page_id=9354"},"modified":"2021-03-07T03:00:55","modified_gmt":"2021-03-07T03:00:55","slug":"prensa","status":"publish","type":"page","link":"https:\/\/fundacioncodigos.org\/es\/prensa\/","title":{"rendered":"Prensa"},"content":{"rendered":"\n\n\n\n[et_pb_section fb_built=\u00bb1&#8243; _builder_version=\u00bb4.4.5&#8243; custom_padding=\u00bb0px||0px|||\u00bb][et_pb_row _builder_version=\u00bb4.4.2&#8243; width=\u00bb100%\u00bb max_width=\u00bb100%\u00bb custom_margin=\u00bb-4px|auto||auto||\u00bb custom_padding=\u00bb0px||0px|||\u00bb][et_pb_column type=\u00bb4_4&#8243; _builder_version=\u00bb4.4.2&#8243;][dgbc_blog_carousel posts_number=\u00bb60&#8243; type=\u00bb3&#8243; include_categories=\u00bb1&#8243; show_excerpt=\u00bboff\u00bb show_author=\u00bboff\u00bb show_date=\u00bboff\u00bb show_more=\u00bbon\u00bb read_more_text=\u00bbLeer m\u00e1s\u00bb show_items_xlarge=\u00bb6&#8243; show_items_desktop=\u00bb4&#8243; multislide=\u00bbon\u00bb item_spacing=\u00bb28&#8243; transition_duration=\u00bb1500&#8243; arrow_nav=\u00bbon\u00bb dot_nav=\u00bbon\u00bb loop=\u00bbon\u00bb autoplay=\u00bbon\u00bb hoverpause=\u00bbon\u00bb equal_height=\u00bbon\u00bb image_size=\u00bbmid\u00bb button_at_bottom=\u00bbon\u00bb use_button_icon=\u00bbon\u00bb button_icon=\u00bb%%28%%\u00bb button_bg_color=\u00bb#6EA358&#8243; arrow_color=\u00bb#ffffff\u00bb arrow_background_color=\u00bb#000000&#8243; arrow_position=\u00bb1&#8243; arrow_font_size=\u00bb35px\u00bb inner_container_padding=\u00bb|50px||50px|false|false\u00bb content_padding=\u00bb25px|25px|25px|25px|false|false\u00bb button_padding=\u00bb|15px||15px|false|false\u00bb overlay=\u00bbon\u00bb overlay_color=\u00bbrgba(0,0,0,0.55)\u00bb overlay_icon_color=\u00bbrgba(142,142,142,0)\u00bb _builder_version=\u00bb4.4.7&#8243; header_level=\u00bbh3&#8243; header_font=\u00bb|600|||||||\u00bb header_font_size=\u00bb16px\u00bb header_line_height=\u00bb1.3em\u00bb read_more_text_align=\u00bbcenter\u00bb read_more_text_color=\u00bb#ffffff\u00bb hover_enabled=\u00bb0&#8243; border_radii_read_more=\u00bbon|30px|30px|30px|30px\u00bb border_color_all_read_more=\u00bb#6EA358&#8243; box_shadow_style=\u00bbpreset1&#8243; autoplay_speed=\u00bb3500&#8243;][\/dgbc_blog_carousel][\/et_pb_column][\/et_pb_row][\/et_pb_section]\n\n\n\n","protected":false},"excerpt":{"rendered":"<div class=\"et_pb_with_border et_pb_module dgbc_blog_carousel dgbc_blog_carousel_0\">\n\t\t\t\t\n\t\t\t\t\n\t\t\t\t\n\t\t\t\t\n\t\t\t\t\n\t\t\t\t\n\t\t\t\t<div class=\"et_pb_module_inner\">\n\t\t\t\t\t<div class=\"dgbc_carousel_wrapper has_overlay\" data-props='{\"desktop\":\"4\",\"tablet\":\"2\",\"mobile\":\"1\",\"multislide\":\"on\",\"spacing\":\"28\",\"speed\":\"1500\",\"order\":\"0\",\"arrow\":\"on\",\"dots\":\"on\",\"centermode\":\"off\",\"loop\":\"on\",\"autoplay\":\"on\",\"hoverpause\":\"on\",\"autoplay_speed\":\"3500\",\"effect\":\"slide\",\"coverflow\":\"50\",\"shadow\":\"on\",\"xlarge\":\"6\",\"tablet_spacing\":\"28\",\"mobile_spacing\":\"28\"}'>\r\n\t\t\t\t\t\t\t\r\n\t\t\t\t\t\t\t<div class=\"swiper-container\">\r\n\t\t\t\t\t\t\t\t<div class=\"swiper-wrapper\">\t\t\t\t\r\n\t\t\t\t<article id=\"post-9534\" class=\"dgbc_post_item post-9534 post type-post status-publish format-standard has-post-thumbnail hentry category-prensa\">\r\n\t\t\t\t\t<div class=\"dgbc_post_inner_wrapper\">\r\n\t\t\t\t\t\t<div class=\"dg-post-thumb\"><a href=\"https:\/\/fundacioncodigos.org\/es\/confirman-que-la-extraccion-de-petroleo-provoca-terremotos\/\" data-icon=\"1\"><img loading=\"lazy\" decoding=\"async\" src=\"https:\/\/fundacioncodigos.org\/wp-content\/uploads\/2020\/05\/Semanario-La-Prensa-Uruguay-2011-400x250.jpg\" alt=\"Confirman que la extracci\u00f3n de petr\u00f3leo provoca terremotos\" class=\"\" srcset=\"https:\/\/fundacioncodigos.org\/wp-content\/uploads\/2020\/05\/Semanario-La-Prensa-Uruguay-2011.jpg 479w, https:\/\/fundacioncodigos.org\/wp-content\/uploads\/2020\/05\/Semanario-La-Prensa-Uruguay-2011-400x250.jpg 480w \" sizes=\"(max-width:479px) 479px, 100vw \"  width=\"400\" height=\"250\" \/><\/a><\/div>\t\t\t\t\t\t<div class=\"content-wrapper\">\r\n\t\t\t\t\t\t\t<h3 class=\"dg_bc_title\"><a href=\"https:\/\/fundacioncodigos.org\/es\/confirman-que-la-extraccion-de-petroleo-provoca-terremotos\/\">Confirman que la extracci\u00f3n de petr\u00f3leo provoca terremotos<\/a><\/h3><p class=\"post-meta\"><span class=\"categories\"> <a href=\"https:\/\/fundacioncodigos.org\/es\/category\/prensa\/\" rel=\"category tag\">Prensa<\/a><\/span><\/p>\t\t\t\t\t\t\t<div class=\"dg_read_more_wrapper btn-at-bottm\"><a class=\"read-more\" href=\"https:\/\/fundacioncodigos.org\/es\/confirman-que-la-extraccion-de-petroleo-provoca-terremotos\/\" data-icon=\"&amp;#x3d;\"><span>Leer m\u00e1s<\/span><\/a><\/div>\t\t\t\t\t\t\t\t\t\t\t\t\t\t\r\n\t\t\t\t\t\t<\/div>\r\n\t\t\t\t\t<\/div>\r\n\t\t\t\t<\/article>\r\n\t\t\t\t\t\t\t\t\r\n\t\t\t\t<article id=\"post-9512\" class=\"dgbc_post_item post-9512 post type-post status-publish format-standard has-post-thumbnail hentry category-prensa\">\r\n\t\t\t\t\t<div class=\"dgbc_post_inner_wrapper\">\r\n\t\t\t\t\t\t<div class=\"dg-post-thumb\"><a href=\"https:\/\/fundacioncodigos.org\/es\/nuevas-leyes-para-evitar-el-desastre\/\" data-icon=\"1\"><img loading=\"lazy\" decoding=\"async\" src=\"https:\/\/fundacioncodigos.org\/wp-content\/uploads\/2024\/12\/Revista-Santiago-del-Estero-Argentina-2013-1-OPTIMIZADA.jpg\" alt=\"Nuevas leyes para evitar el desastre\" class=\"\" srcset=\"https:\/\/fundacioncodigos.org\/wp-content\/uploads\/2024\/12\/Revista-Santiago-del-Estero-Argentina-2013-1-OPTIMIZADA.jpg 479w, https:\/\/fundacioncodigos.org\/wp-content\/uploads\/2024\/12\/Revista-Santiago-del-Estero-Argentina-2013-1-OPTIMIZADA.jpg 480w \" sizes=\"(max-width:479px) 479px, 100vw \"  width=\"400\" height=\"250\" \/><\/a><\/div>\t\t\t\t\t\t<div class=\"content-wrapper\">\r\n\t\t\t\t\t\t\t<h3 class=\"dg_bc_title\"><a href=\"https:\/\/fundacioncodigos.org\/es\/nuevas-leyes-para-evitar-el-desastre\/\">Nuevas leyes para evitar el desastre<\/a><\/h3><p class=\"post-meta\"><span class=\"categories\"> <a href=\"https:\/\/fundacioncodigos.org\/es\/category\/prensa\/\" rel=\"category tag\">Prensa<\/a><\/span><\/p>\t\t\t\t\t\t\t<div class=\"dg_read_more_wrapper btn-at-bottm\"><a class=\"read-more\" href=\"https:\/\/fundacioncodigos.org\/es\/nuevas-leyes-para-evitar-el-desastre\/\" data-icon=\"&amp;#x3d;\"><span>Leer m\u00e1s<\/span><\/a><\/div>\t\t\t\t\t\t\t\t\t\t\t\t\t\t\r\n\t\t\t\t\t\t<\/div>\r\n\t\t\t\t\t<\/div>\r\n\t\t\t\t<\/article>\r\n\t\t\t\t\t\t\t\t\r\n\t\t\t\t<article id=\"post-9504\" class=\"dgbc_post_item post-9504 post type-post status-publish format-standard has-post-thumbnail hentry category-prensa\">\r\n\t\t\t\t\t<div class=\"dgbc_post_inner_wrapper\">\r\n\t\t\t\t\t\t<div class=\"dg-post-thumb\"><a href=\"https:\/\/fundacioncodigos.org\/es\/alerta-global-una-mirada-cientifica\/\" data-icon=\"1\"><img loading=\"lazy\" decoding=\"async\" src=\"https:\/\/fundacioncodigos.org\/wp-content\/uploads\/2020\/05\/Revista-Touch-Mendoza-Argentina-2012-3-400x250.jpg\" alt=\"Alerta Global, una mirada cient\u00edfica\" class=\"\" srcset=\"https:\/\/fundacioncodigos.org\/wp-content\/uploads\/2020\/05\/Revista-Touch-Mendoza-Argentina-2012-3.jpg 479w, https:\/\/fundacioncodigos.org\/wp-content\/uploads\/2020\/05\/Revista-Touch-Mendoza-Argentina-2012-3-400x250.jpg 480w \" sizes=\"(max-width:479px) 479px, 100vw \"  width=\"400\" height=\"250\" \/><\/a><\/div>\t\t\t\t\t\t<div class=\"content-wrapper\">\r\n\t\t\t\t\t\t\t<h3 class=\"dg_bc_title\"><a href=\"https:\/\/fundacioncodigos.org\/es\/alerta-global-una-mirada-cientifica\/\">Alerta Global, una mirada cient\u00edfica<\/a><\/h3><p class=\"post-meta\"><span class=\"categories\"> <a href=\"https:\/\/fundacioncodigos.org\/es\/category\/prensa\/\" rel=\"category tag\">Prensa<\/a><\/span><\/p>\t\t\t\t\t\t\t<div class=\"dg_read_more_wrapper btn-at-bottm\"><a class=\"read-more\" href=\"https:\/\/fundacioncodigos.org\/es\/alerta-global-una-mirada-cientifica\/\" data-icon=\"&amp;#x3d;\"><span>Leer m\u00e1s<\/span><\/a><\/div>\t\t\t\t\t\t\t\t\t\t\t\t\t\t\r\n\t\t\t\t\t\t<\/div>\r\n\t\t\t\t\t<\/div>\r\n\t\t\t\t<\/article>\r\n\t\t\t\t\t\t\t\t\r\n\t\t\t\t<article id=\"post-9495\" class=\"dgbc_post_item post-9495 post type-post status-publish format-standard has-post-thumbnail hentry category-prensa tag-adriana-exposito tag-alerta-global-2 tag-fundacion-codigos tag-liga-de-punta-del-este tag-luis-seguessa tag-mara-luisa-cordone tag-semana-de-mar\">\r\n\t\t\t\t\t<div class=\"dgbc_post_inner_wrapper\">\r\n\t\t\t\t\t\t<div class=\"dg-post-thumb\"><a href=\"https:\/\/fundacioncodigos.org\/es\/decima-semana-del-mar\/\" data-icon=\"1\"><img loading=\"lazy\" decoding=\"async\" src=\"https:\/\/fundacioncodigos.org\/wp-content\/uploads\/2020\/05\/Revista-Que-Hacemos-Hoy-Punta-del-Este-Uruguay-2010-400x250.jpg\" alt=\"D\u00e9cima semana del mar\" class=\"\" srcset=\"https:\/\/fundacioncodigos.org\/wp-content\/uploads\/2020\/05\/Revista-Que-Hacemos-Hoy-Punta-del-Este-Uruguay-2010.jpg 479w, https:\/\/fundacioncodigos.org\/wp-content\/uploads\/2020\/05\/Revista-Que-Hacemos-Hoy-Punta-del-Este-Uruguay-2010-400x250.jpg 480w \" sizes=\"(max-width:479px) 479px, 100vw \"  width=\"400\" height=\"250\" \/><\/a><\/div>\t\t\t\t\t\t<div class=\"content-wrapper\">\r\n\t\t\t\t\t\t\t<h3 class=\"dg_bc_title\"><a href=\"https:\/\/fundacioncodigos.org\/es\/decima-semana-del-mar\/\">D\u00e9cima semana del mar<\/a><\/h3><p class=\"post-meta\"><span class=\"categories\"> <a href=\"https:\/\/fundacioncodigos.org\/es\/category\/prensa\/\" rel=\"category tag\">Prensa<\/a><\/span><\/p>\t\t\t\t\t\t\t<div class=\"dg_read_more_wrapper btn-at-bottm\"><a class=\"read-more\" href=\"https:\/\/fundacioncodigos.org\/es\/decima-semana-del-mar\/\" data-icon=\"&amp;#x3d;\"><span>Leer m\u00e1s<\/span><\/a><\/div>\t\t\t\t\t\t\t\t\t\t\t\t\t\t\r\n\t\t\t\t\t\t<\/div>\r\n\t\t\t\t\t<\/div>\r\n\t\t\t\t<\/article>\r\n\t\t\t\t\t\t\t\t\r\n\t\t\t\t<article id=\"post-9490\" class=\"dgbc_post_item post-9490 post type-post status-publish format-standard has-post-thumbnail hentry category-prensa tag-cambio-climatico tag-fundacion-codigos tag-luis-seguessa tag-medio-ambiente tag-revista-siempre-punta\">\r\n\t\t\t\t\t<div class=\"dgbc_post_inner_wrapper\">\r\n\t\t\t\t\t\t<div class=\"dg-post-thumb\"><a href=\"https:\/\/fundacioncodigos.org\/es\/cambio-climatico-es-posible-detenerlo\/\" data-icon=\"1\"><img loading=\"lazy\" decoding=\"async\" src=\"https:\/\/fundacioncodigos.org\/wp-content\/uploads\/2020\/05\/Revista-Siempre-Punta-Uruguay-2009-1-e1733758966416-400x250.jpg\" alt=\"Cambio clim\u00e1tico \u00bfEs posible detenerlo?\" class=\"\" srcset=\"https:\/\/fundacioncodigos.org\/wp-content\/uploads\/2020\/05\/Revista-Siempre-Punta-Uruguay-2009-1-e1733758966416.jpg 479w, https:\/\/fundacioncodigos.org\/wp-content\/uploads\/2020\/05\/Revista-Siempre-Punta-Uruguay-2009-1-e1733758966416-400x250.jpg 480w \" sizes=\"(max-width:479px) 479px, 100vw \"  width=\"400\" height=\"250\" \/><\/a><\/div>\t\t\t\t\t\t<div class=\"content-wrapper\">\r\n\t\t\t\t\t\t\t<h3 class=\"dg_bc_title\"><a href=\"https:\/\/fundacioncodigos.org\/es\/cambio-climatico-es-posible-detenerlo\/\">Cambio clim\u00e1tico \u00bfEs posible detenerlo?<\/a><\/h3><p class=\"post-meta\"><span class=\"categories\"> <a href=\"https:\/\/fundacioncodigos.org\/es\/category\/prensa\/\" rel=\"category tag\">Prensa<\/a><\/span><\/p>\t\t\t\t\t\t\t<div class=\"dg_read_more_wrapper btn-at-bottm\"><a class=\"read-more\" href=\"https:\/\/fundacioncodigos.org\/es\/cambio-climatico-es-posible-detenerlo\/\" data-icon=\"&amp;#x3d;\"><span>Leer m\u00e1s<\/span><\/a><\/div>\t\t\t\t\t\t\t\t\t\t\t\t\t\t\r\n\t\t\t\t\t\t<\/div>\r\n\t\t\t\t\t<\/div>\r\n\t\t\t\t<\/article>\r\n\t\t\t\t\t\t\t\t\r\n\t\t\t\t<article id=\"post-9421\" class=\"dgbc_post_item post-9421 post type-post status-publish format-standard has-post-thumbnail hentry category-prensa tag-cambio-climatico tag-el-planeta-esta-atravesando-un-tremendo-peligro tag-fundacion-codigos tag-luis-seguessa\">\r\n\t\t\t\t\t<div class=\"dgbc_post_inner_wrapper\">\r\n\t\t\t\t\t\t<div class=\"dg-post-thumb\"><a href=\"https:\/\/fundacioncodigos.org\/es\/el-planeta-esta-atravesando-un-tremendo-peligro\/\" data-icon=\"1\"><img loading=\"lazy\" decoding=\"async\" src=\"https:\/\/fundacioncodigos.org\/wp-content\/uploads\/2024\/12\/Revista-Santiago-del-Estero-Argentina-2013-1-OPTIMIZADA-1.jpg\" alt=\"\u00abEl planeta est\u00e1 atravesando un tremendo peligro\u00bb\" class=\"\" srcset=\"https:\/\/fundacioncodigos.org\/wp-content\/uploads\/2024\/12\/Revista-Santiago-del-Estero-Argentina-2013-1-OPTIMIZADA-1.jpg 479w, https:\/\/fundacioncodigos.org\/wp-content\/uploads\/2024\/12\/Revista-Santiago-del-Estero-Argentina-2013-1-OPTIMIZADA-1.jpg 480w \" sizes=\"(max-width:479px) 479px, 100vw \"  width=\"400\" height=\"250\" \/><\/a><\/div>\t\t\t\t\t\t<div class=\"content-wrapper\">\r\n\t\t\t\t\t\t\t<h3 class=\"dg_bc_title\"><a href=\"https:\/\/fundacioncodigos.org\/es\/el-planeta-esta-atravesando-un-tremendo-peligro\/\">\u00abEl planeta est\u00e1 atravesando un tremendo peligro\u00bb<\/a><\/h3><p class=\"post-meta\"><span class=\"categories\"> <a href=\"https:\/\/fundacioncodigos.org\/es\/category\/prensa\/\" rel=\"category tag\">Prensa<\/a><\/span><\/p>\t\t\t\t\t\t\t<div class=\"dg_read_more_wrapper btn-at-bottm\"><a class=\"read-more\" href=\"https:\/\/fundacioncodigos.org\/es\/el-planeta-esta-atravesando-un-tremendo-peligro\/\" data-icon=\"&amp;#x3d;\"><span>Leer m\u00e1s<\/span><\/a><\/div>\t\t\t\t\t\t\t\t\t\t\t\t\t\t\r\n\t\t\t\t\t\t<\/div>\r\n\t\t\t\t\t<\/div>\r\n\t\t\t\t<\/article>\r\n\t\t\t\t\t\t\t\t\r\n\t\t\t\t<article id=\"post-9392\" class=\"dgbc_post_item post-9392 post type-post status-publish format-standard has-post-thumbnail hentry category-prensa tag-alerta-global-2 tag-cambio-climatico tag-climate-change tag-combustion-cero-2 tag-electric-car tag-fundacion-codigos tag-luis-seguessa tag-oxigeno tag-revista-muy-interesante tag-zero-combustion\">\r\n\t\t\t\t\t<div class=\"dgbc_post_inner_wrapper\">\r\n\t\t\t\t\t\t<div class=\"dg-post-thumb\"><a href=\"https:\/\/fundacioncodigos.org\/es\/la-fundacion-codigos-fue-creada-para-hacer-conocer-nuevas-teorias-sobre-los-motivos-del-cambio-climatico\/\" data-icon=\"1\"><img loading=\"lazy\" decoding=\"async\" src=\"https:\/\/fundacioncodigos.org\/wp-content\/uploads\/2020\/05\/Revista-Muy-Interesante-Latinoamerica-1-e1733758876369-400x250.jpg\" alt=\"\u00abLa Fundaci\u00f3n C\u00f3digos fue creada para hacer conocer nuevas teor\u00edas sobre los motivos del cambio clim\u00e1tico\u00bb\" class=\"\" srcset=\"https:\/\/fundacioncodigos.org\/wp-content\/uploads\/2020\/05\/Revista-Muy-Interesante-Latinoamerica-1-e1733758876369.jpg 479w, https:\/\/fundacioncodigos.org\/wp-content\/uploads\/2020\/05\/Revista-Muy-Interesante-Latinoamerica-1-e1733758876369-400x250.jpg 480w \" sizes=\"(max-width:479px) 479px, 100vw \"  width=\"400\" height=\"250\" \/><\/a><\/div>\t\t\t\t\t\t<div class=\"content-wrapper\">\r\n\t\t\t\t\t\t\t<h3 class=\"dg_bc_title\"><a href=\"https:\/\/fundacioncodigos.org\/es\/la-fundacion-codigos-fue-creada-para-hacer-conocer-nuevas-teorias-sobre-los-motivos-del-cambio-climatico\/\">\u00abLa Fundaci\u00f3n C\u00f3digos fue creada para hacer conocer nuevas teor\u00edas sobre los motivos del cambio clim\u00e1tico\u00bb<\/a><\/h3><p class=\"post-meta\"><span class=\"categories\"> <a href=\"https:\/\/fundacioncodigos.org\/es\/category\/prensa\/\" rel=\"category tag\">Prensa<\/a><\/span><\/p>\t\t\t\t\t\t\t<div class=\"dg_read_more_wrapper btn-at-bottm\"><a class=\"read-more\" href=\"https:\/\/fundacioncodigos.org\/es\/la-fundacion-codigos-fue-creada-para-hacer-conocer-nuevas-teorias-sobre-los-motivos-del-cambio-climatico\/\" data-icon=\"&amp;#x3d;\"><span>Leer m\u00e1s<\/span><\/a><\/div>\t\t\t\t\t\t\t\t\t\t\t\t\t\t\r\n\t\t\t\t\t\t<\/div>\r\n\t\t\t\t\t<\/div>\r\n\t\t\t\t<\/article>\r\n\t\t\t\t\t\t\t\t\r\n\t\t\t\t<article id=\"post-9387\" class=\"dgbc_post_item post-9387 post type-post status-publish format-standard has-post-thumbnail hentry category-prensa tag-auto-electrico tag-cambio-climatico tag-combustion-cero-2 tag-fundacion-codigos\">\r\n\t\t\t\t\t<div class=\"dgbc_post_inner_wrapper\">\r\n\t\t\t\t\t\t<div class=\"dg-post-thumb\"><a href=\"https:\/\/fundacioncodigos.org\/es\/pro-auto-electrico-campana-de-combustion-0\/\" data-icon=\"1\"><img loading=\"lazy\" decoding=\"async\" src=\"https:\/\/fundacioncodigos.org\/wp-content\/uploads\/2020\/05\/Revista-Fortuna-Argentina-2010-400x250.jpg\" alt=\"Pro auto el\u00e9ctrico. Campa\u00f1a de combusti\u00f3n 0\" class=\"\" srcset=\"https:\/\/fundacioncodigos.org\/wp-content\/uploads\/2020\/05\/Revista-Fortuna-Argentina-2010.jpg 479w, https:\/\/fundacioncodigos.org\/wp-content\/uploads\/2020\/05\/Revista-Fortuna-Argentina-2010-400x250.jpg 480w \" sizes=\"(max-width:479px) 479px, 100vw \"  width=\"400\" height=\"250\" \/><\/a><\/div>\t\t\t\t\t\t<div class=\"content-wrapper\">\r\n\t\t\t\t\t\t\t<h3 class=\"dg_bc_title\"><a href=\"https:\/\/fundacioncodigos.org\/es\/pro-auto-electrico-campana-de-combustion-0\/\">Pro auto el\u00e9ctrico. Campa\u00f1a de combusti\u00f3n 0<\/a><\/h3><p class=\"post-meta\"><span class=\"categories\"> <a href=\"https:\/\/fundacioncodigos.org\/es\/category\/prensa\/\" rel=\"category tag\">Prensa<\/a><\/span><\/p>\t\t\t\t\t\t\t<div class=\"dg_read_more_wrapper btn-at-bottm\"><a class=\"read-more\" href=\"https:\/\/fundacioncodigos.org\/es\/pro-auto-electrico-campana-de-combustion-0\/\" data-icon=\"&amp;#x3d;\"><span>Leer m\u00e1s<\/span><\/a><\/div>\t\t\t\t\t\t\t\t\t\t\t\t\t\t\r\n\t\t\t\t\t\t<\/div>\r\n\t\t\t\t\t<\/div>\r\n\t\t\t\t<\/article>\r\n\t\t\t\t\t\t\t\t\r\n\t\t\t\t<article id=\"post-9378\" class=\"dgbc_post_item post-9378 post type-post status-publish format-standard has-post-thumbnail hentry category-prensa\">\r\n\t\t\t\t\t<div class=\"dgbc_post_inner_wrapper\">\r\n\t\t\t\t\t\t<div class=\"dg-post-thumb\"><a href=\"https:\/\/fundacioncodigos.org\/es\/en-menos-de-40-anos-el-mundo-podria-quedarse-sin-oxigeno\/\" data-icon=\"1\"><img loading=\"lazy\" decoding=\"async\" src=\"https:\/\/fundacioncodigos.org\/wp-content\/uploads\/2020\/05\/Diario-Uno-Mendoza-Argentina-2012-400x250.jpg\" alt=\"\u00abEn menos de 40 a\u00f1os el mundo podr\u00eda quedarse sin ox\u00edgeno\u00bb\" class=\"\" srcset=\"https:\/\/fundacioncodigos.org\/wp-content\/uploads\/2020\/05\/Diario-Uno-Mendoza-Argentina-2012.jpg 479w, https:\/\/fundacioncodigos.org\/wp-content\/uploads\/2020\/05\/Diario-Uno-Mendoza-Argentina-2012-400x250.jpg 480w \" sizes=\"(max-width:479px) 479px, 100vw \"  width=\"400\" height=\"250\" \/><\/a><\/div>\t\t\t\t\t\t<div class=\"content-wrapper\">\r\n\t\t\t\t\t\t\t<h3 class=\"dg_bc_title\"><a href=\"https:\/\/fundacioncodigos.org\/es\/en-menos-de-40-anos-el-mundo-podria-quedarse-sin-oxigeno\/\">\u00abEn menos de 40 a\u00f1os el mundo podr\u00eda quedarse sin ox\u00edgeno\u00bb<\/a><\/h3><p class=\"post-meta\"><span class=\"categories\"> <a href=\"https:\/\/fundacioncodigos.org\/es\/category\/prensa\/\" rel=\"category tag\">Prensa<\/a><\/span><\/p>\t\t\t\t\t\t\t<div class=\"dg_read_more_wrapper btn-at-bottm\"><a class=\"read-more\" href=\"https:\/\/fundacioncodigos.org\/es\/en-menos-de-40-anos-el-mundo-podria-quedarse-sin-oxigeno\/\" data-icon=\"&amp;#x3d;\"><span>Leer m\u00e1s<\/span><\/a><\/div>\t\t\t\t\t\t\t\t\t\t\t\t\t\t\r\n\t\t\t\t\t\t<\/div>\r\n\t\t\t\t\t<\/div>\r\n\t\t\t\t<\/article>\r\n\t\t\t\t\t\t\t\t\r\n\t\t\t\t<article id=\"post-9376\" class=\"dgbc_post_item post-9376 post type-post status-publish format-standard has-post-thumbnail hentry category-prensa\">\r\n\t\t\t\t\t<div class=\"dgbc_post_inner_wrapper\">\r\n\t\t\t\t\t\t<div class=\"dg-post-thumb\"><a href=\"https:\/\/fundacioncodigos.org\/es\/la-necesidad-de-un-cambio-de-conciencia\/\" data-icon=\"1\"><img loading=\"lazy\" decoding=\"async\" src=\"https:\/\/fundacioncodigos.org\/wp-content\/uploads\/2024\/12\/Diario-La-Republica-Uruguay-2013-OPTIMIZADA.jpg\" alt=\"La necesidad de un cambio de conciencia\" class=\"\" srcset=\"https:\/\/fundacioncodigos.org\/wp-content\/uploads\/2024\/12\/Diario-La-Republica-Uruguay-2013-OPTIMIZADA.jpg 479w, https:\/\/fundacioncodigos.org\/wp-content\/uploads\/2024\/12\/Diario-La-Republica-Uruguay-2013-OPTIMIZADA.jpg 480w \" sizes=\"(max-width:479px) 479px, 100vw \"  width=\"400\" height=\"250\" \/><\/a><\/div>\t\t\t\t\t\t<div class=\"content-wrapper\">\r\n\t\t\t\t\t\t\t<h3 class=\"dg_bc_title\"><a href=\"https:\/\/fundacioncodigos.org\/es\/la-necesidad-de-un-cambio-de-conciencia\/\">La necesidad de un cambio de conciencia<\/a><\/h3><p class=\"post-meta\"><span class=\"categories\"> <a href=\"https:\/\/fundacioncodigos.org\/es\/category\/prensa\/\" rel=\"category tag\">Prensa<\/a><\/span><\/p>\t\t\t\t\t\t\t<div class=\"dg_read_more_wrapper btn-at-bottm\"><a class=\"read-more\" href=\"https:\/\/fundacioncodigos.org\/es\/la-necesidad-de-un-cambio-de-conciencia\/\" data-icon=\"&amp;#x3d;\"><span>Leer m\u00e1s<\/span><\/a><\/div>\t\t\t\t\t\t\t\t\t\t\t\t\t\t\r\n\t\t\t\t\t\t<\/div>\r\n\t\t\t\t\t<\/div>\r\n\t\t\t\t<\/article>\r\n\t\t\t\t\t\t\t\t\r\n\t\t\t\t<article id=\"post-9889\" class=\"dgbc_post_item post-9889 post type-post status-publish format-standard has-post-thumbnail hentry category-prensa\">\r\n\t\t\t\t\t<div class=\"dgbc_post_inner_wrapper\">\r\n\t\t\t\t\t\t<div class=\"dg-post-thumb\"><a href=\"https:\/\/fundacioncodigos.org\/es\/el-investigador-luis-seguessa-en-la-formula-e-de-punta-del-este-y-buenos-aires\/\" data-icon=\"1\"><img loading=\"lazy\" decoding=\"async\" src=\"https:\/\/fundacioncodigos.org\/wp-content\/uploads\/2024\/12\/piloto_del_cambio_1-OPTIMIZADA.jpg\" alt=\"El investigador Luis Seguessa en la Formula E de Punta del Este y Buenos Aires\" class=\"\" srcset=\"https:\/\/fundacioncodigos.org\/wp-content\/uploads\/2024\/12\/piloto_del_cambio_1-OPTIMIZADA.jpg 479w, https:\/\/fundacioncodigos.org\/wp-content\/uploads\/2024\/12\/piloto_del_cambio_1-OPTIMIZADA.jpg 480w \" sizes=\"(max-width:479px) 479px, 100vw \"  width=\"400\" height=\"250\" \/><\/a><\/div>\t\t\t\t\t\t<div class=\"content-wrapper\">\r\n\t\t\t\t\t\t\t<h3 class=\"dg_bc_title\"><a href=\"https:\/\/fundacioncodigos.org\/es\/el-investigador-luis-seguessa-en-la-formula-e-de-punta-del-este-y-buenos-aires\/\">El investigador Luis Seguessa en la Formula E de Punta del Este y Buenos Aires<\/a><\/h3><p class=\"post-meta\"><span class=\"categories\"> <a href=\"https:\/\/fundacioncodigos.org\/es\/category\/prensa\/\" rel=\"category tag\">Prensa<\/a><\/span><\/p>\t\t\t\t\t\t\t<div class=\"dg_read_more_wrapper btn-at-bottm\"><a class=\"read-more\" href=\"https:\/\/fundacioncodigos.org\/es\/el-investigador-luis-seguessa-en-la-formula-e-de-punta-del-este-y-buenos-aires\/\" data-icon=\"&amp;#x3d;\"><span>Leer m\u00e1s<\/span><\/a><\/div>\t\t\t\t\t\t\t\t\t\t\t\t\t\t\r\n\t\t\t\t\t\t<\/div>\r\n\t\t\t\t\t<\/div>\r\n\t\t\t\t<\/article>\r\n\t\t\t\t\t\t\t\t\r\n\t\t\t\t<article id=\"post-6241\" class=\"dgbc_post_item post-6241 post type-post status-publish format-standard has-post-thumbnail hentry category-prensa tag-auto-electrico tag-formula-e tag-fundacion-codigos tag-luis-seguessa\">\r\n\t\t\t\t\t<div class=\"dgbc_post_inner_wrapper\">\r\n\t\t\t\t\t\t<div class=\"dg-post-thumb\"><a href=\"https:\/\/fundacioncodigos.org\/es\/entrevista-a-luis-seguessa-en-abc-mundial\/\" data-icon=\"1\"><img loading=\"lazy\" decoding=\"async\" src=\"https:\/\/fundacioncodigos.org\/wp-content\/uploads\/2020\/05\/Entrevsita-ABC-Mundial-400x250.jpg\" alt=\"Entrevista a Luis Seguessa en ABC Mundial\" class=\"\" srcset=\"https:\/\/fundacioncodigos.org\/wp-content\/uploads\/2020\/05\/Entrevsita-ABC-Mundial.jpg 479w, https:\/\/fundacioncodigos.org\/wp-content\/uploads\/2020\/05\/Entrevsita-ABC-Mundial-400x250.jpg 480w \" sizes=\"(max-width:479px) 479px, 100vw \"  width=\"400\" height=\"250\" \/><\/a><\/div>\t\t\t\t\t\t<div class=\"content-wrapper\">\r\n\t\t\t\t\t\t\t<h3 class=\"dg_bc_title\"><a href=\"https:\/\/fundacioncodigos.org\/es\/entrevista-a-luis-seguessa-en-abc-mundial\/\">Entrevista a Luis Seguessa en ABC Mundial<\/a><\/h3><p class=\"post-meta\"><span class=\"categories\"> <a href=\"https:\/\/fundacioncodigos.org\/es\/category\/prensa\/\" rel=\"category tag\">Prensa<\/a><\/span><\/p>\t\t\t\t\t\t\t<div class=\"dg_read_more_wrapper btn-at-bottm\"><a class=\"read-more\" href=\"https:\/\/fundacioncodigos.org\/es\/entrevista-a-luis-seguessa-en-abc-mundial\/\" data-icon=\"&amp;#x3d;\"><span>Leer m\u00e1s<\/span><\/a><\/div>\t\t\t\t\t\t\t\t\t\t\t\t\t\t\r\n\t\t\t\t\t\t<\/div>\r\n\t\t\t\t\t<\/div>\r\n\t\t\t\t<\/article>\r\n\t\t\t\t\t\t\t\t\r\n\t\t\t\t<article id=\"post-6234\" class=\"dgbc_post_item post-6234 post type-post status-publish format-standard has-post-thumbnail hentry category-prensa\">\r\n\t\t\t\t\t<div class=\"dgbc_post_inner_wrapper\">\r\n\t\t\t\t\t\t<div class=\"dg-post-thumb\"><a href=\"https:\/\/fundacioncodigos.org\/es\/el-poderoso-mensaje-de-concientizacion-ambiental-que-dejo-la-formula-e\/\" data-icon=\"1\"><img loading=\"lazy\" decoding=\"async\" src=\"https:\/\/fundacioncodigos.org\/wp-content\/uploads\/2020\/05\/Exhibicion-Auto-Formula-E-Hotel-Conrad-Dic-2014-2-400x250.jpg\" alt=\"El poderoso mensaje de concientizaci\u00f3n ambiental que dej\u00f3 la F\u00f3rmula E. Entrevista a Luis Seguessa\" class=\"\" srcset=\"https:\/\/fundacioncodigos.org\/wp-content\/uploads\/2020\/05\/Exhibicion-Auto-Formula-E-Hotel-Conrad-Dic-2014-2.jpg 479w, https:\/\/fundacioncodigos.org\/wp-content\/uploads\/2020\/05\/Exhibicion-Auto-Formula-E-Hotel-Conrad-Dic-2014-2-400x250.jpg 480w \" sizes=\"(max-width:479px) 479px, 100vw \"  width=\"400\" height=\"250\" \/><\/a><\/div>\t\t\t\t\t\t<div class=\"content-wrapper\">\r\n\t\t\t\t\t\t\t<h3 class=\"dg_bc_title\"><a href=\"https:\/\/fundacioncodigos.org\/es\/el-poderoso-mensaje-de-concientizacion-ambiental-que-dejo-la-formula-e\/\">El poderoso mensaje de concientizaci\u00f3n ambiental que dej\u00f3 la F\u00f3rmula E. Entrevista a Luis Seguessa<\/a><\/h3><p class=\"post-meta\"><span class=\"categories\"> <a href=\"https:\/\/fundacioncodigos.org\/es\/category\/prensa\/\" rel=\"category tag\">Prensa<\/a><\/span><\/p>\t\t\t\t\t\t\t<div class=\"dg_read_more_wrapper btn-at-bottm\"><a class=\"read-more\" href=\"https:\/\/fundacioncodigos.org\/es\/el-poderoso-mensaje-de-concientizacion-ambiental-que-dejo-la-formula-e\/\" data-icon=\"&amp;#x3d;\"><span>Leer m\u00e1s<\/span><\/a><\/div>\t\t\t\t\t\t\t\t\t\t\t\t\t\t\r\n\t\t\t\t\t\t<\/div>\r\n\t\t\t\t\t<\/div>\r\n\t\t\t\t<\/article>\r\n\t\t\t\t\t\t\t\t\r\n\t\t\t\t<article id=\"post-6056\" class=\"dgbc_post_item post-6056 post type-post status-publish format-standard has-post-thumbnail hentry category-prensa tag-auto-electrico tag-consumo-de-oxigeno tag-formula-e tag-fundacion-codigos tag-luis-seguessa\">\r\n\t\t\t\t\t<div class=\"dgbc_post_inner_wrapper\">\r\n\t\t\t\t\t\t<div class=\"dg-post-thumb\"><a href=\"https:\/\/fundacioncodigos.org\/es\/el-futuro-del-automovilismo-presente-en-el-gran-premio-de-punta-del-este-la-republica-11-12-14\/\" data-icon=\"1\"><img loading=\"lazy\" decoding=\"async\" src=\"https:\/\/fundacioncodigos.org\/wp-content\/uploads\/2020\/04\/formula-E-400x250.jpg\" alt=\"El futuro del automovilismo presente en el Gran Premio de Punta del Este\" class=\"\" srcset=\"https:\/\/fundacioncodigos.org\/wp-content\/uploads\/2020\/04\/formula-E.jpg 479w, https:\/\/fundacioncodigos.org\/wp-content\/uploads\/2020\/04\/formula-E-400x250.jpg 480w \" sizes=\"(max-width:479px) 479px, 100vw \"  width=\"400\" height=\"250\" \/><\/a><\/div>\t\t\t\t\t\t<div class=\"content-wrapper\">\r\n\t\t\t\t\t\t\t<h3 class=\"dg_bc_title\"><a href=\"https:\/\/fundacioncodigos.org\/es\/el-futuro-del-automovilismo-presente-en-el-gran-premio-de-punta-del-este-la-republica-11-12-14\/\">El futuro del automovilismo presente en el Gran Premio de Punta del Este<\/a><\/h3><p class=\"post-meta\"><span class=\"categories\"> <a href=\"https:\/\/fundacioncodigos.org\/es\/category\/prensa\/\" rel=\"category tag\">Prensa<\/a><\/span><\/p>\t\t\t\t\t\t\t<div class=\"dg_read_more_wrapper btn-at-bottm\"><a class=\"read-more\" href=\"https:\/\/fundacioncodigos.org\/es\/el-futuro-del-automovilismo-presente-en-el-gran-premio-de-punta-del-este-la-republica-11-12-14\/\" data-icon=\"&amp;#x3d;\"><span>Leer m\u00e1s<\/span><\/a><\/div>\t\t\t\t\t\t\t\t\t\t\t\t\t\t\r\n\t\t\t\t\t\t<\/div>\r\n\t\t\t\t\t<\/div>\r\n\t\t\t\t<\/article>\r\n\t\t\t\t\t\t\t\t\r\n\t\t\t\t<article id=\"post-5983\" class=\"dgbc_post_item post-5983 post type-post status-publish format-standard has-post-thumbnail hentry category-prensa tag-auto-electrico tag-fundacion-codigos tag-luis-seguessa\">\r\n\t\t\t\t\t<div class=\"dgbc_post_inner_wrapper\">\r\n\t\t\t\t\t\t<div class=\"dg-post-thumb\"><a href=\"https:\/\/fundacioncodigos.org\/es\/la-formula-para-tener-futuro-1-11-14-la-capital-argentina\/\" data-icon=\"1\"><img loading=\"lazy\" decoding=\"async\" src=\"https:\/\/fundacioncodigos.org\/wp-content\/uploads\/2014\/11\/La-Capital-1.11.14-OPTIMIZADA.jpg\" alt=\"La F\u00f3rmula para tener futuro\" class=\"\" srcset=\"https:\/\/fundacioncodigos.org\/wp-content\/uploads\/2014\/11\/La-Capital-1.11.14-OPTIMIZADA.jpg 479w, https:\/\/fundacioncodigos.org\/wp-content\/uploads\/2014\/11\/La-Capital-1.11.14-OPTIMIZADA.jpg 480w \" sizes=\"(max-width:479px) 479px, 100vw \"  width=\"400\" height=\"250\" \/><\/a><\/div>\t\t\t\t\t\t<div class=\"content-wrapper\">\r\n\t\t\t\t\t\t\t<h3 class=\"dg_bc_title\"><a href=\"https:\/\/fundacioncodigos.org\/es\/la-formula-para-tener-futuro-1-11-14-la-capital-argentina\/\">La F\u00f3rmula para tener futuro<\/a><\/h3><p class=\"post-meta\"><span class=\"categories\"> <a href=\"https:\/\/fundacioncodigos.org\/es\/category\/prensa\/\" rel=\"category tag\">Prensa<\/a><\/span><\/p>\t\t\t\t\t\t\t<div class=\"dg_read_more_wrapper btn-at-bottm\"><a class=\"read-more\" href=\"https:\/\/fundacioncodigos.org\/es\/la-formula-para-tener-futuro-1-11-14-la-capital-argentina\/\" data-icon=\"&amp;#x3d;\"><span>Leer m\u00e1s<\/span><\/a><\/div>\t\t\t\t\t\t\t\t\t\t\t\t\t\t\r\n\t\t\t\t\t\t<\/div>\r\n\t\t\t\t\t<\/div>\r\n\t\t\t\t<\/article>\r\n\t\t\t\t\t\t\t\t\r\n\t\t\t\t<article id=\"post-5980\" class=\"dgbc_post_item post-5980 post type-post status-publish format-standard has-post-thumbnail hentry category-prensa tag-capa-de-ozono tag-consumo-de-oxigeno tag-fundacion-codigos tag-luis-seguessa\">\r\n\t\t\t\t\t<div class=\"dgbc_post_inner_wrapper\">\r\n\t\t\t\t\t\t<div class=\"dg-post-thumb\"><a href=\"https:\/\/fundacioncodigos.org\/es\/el-clima-se-vuelve-mas-extremo-por-la-debilitacion-de-la-capa-de-ozono-23-11-14-el-liberal-santiago-del-estero-argentina\/\" data-icon=\"1\"><img loading=\"lazy\" decoding=\"async\" src=\"https:\/\/fundacioncodigos.org\/wp-content\/uploads\/2020\/05\/El-clima-se-vuelve-m\u00e1s-extremo-400x250.jpg\" alt=\"El clima se vuelve m\u00e1s extremo por la debilitaci\u00f3n de la capa de ozono\" class=\"\" srcset=\"https:\/\/fundacioncodigos.org\/wp-content\/uploads\/2020\/05\/El-clima-se-vuelve-m\u00e1s-extremo.jpg 479w, https:\/\/fundacioncodigos.org\/wp-content\/uploads\/2020\/05\/El-clima-se-vuelve-m\u00e1s-extremo-400x250.jpg 480w \" sizes=\"(max-width:479px) 479px, 100vw \"  width=\"400\" height=\"250\" \/><\/a><\/div>\t\t\t\t\t\t<div class=\"content-wrapper\">\r\n\t\t\t\t\t\t\t<h3 class=\"dg_bc_title\"><a href=\"https:\/\/fundacioncodigos.org\/es\/el-clima-se-vuelve-mas-extremo-por-la-debilitacion-de-la-capa-de-ozono-23-11-14-el-liberal-santiago-del-estero-argentina\/\">El clima se vuelve m\u00e1s extremo por la debilitaci\u00f3n de la capa de ozono<\/a><\/h3><p class=\"post-meta\"><span class=\"categories\"> <a href=\"https:\/\/fundacioncodigos.org\/es\/category\/prensa\/\" rel=\"category tag\">Prensa<\/a><\/span><\/p>\t\t\t\t\t\t\t<div class=\"dg_read_more_wrapper btn-at-bottm\"><a class=\"read-more\" href=\"https:\/\/fundacioncodigos.org\/es\/el-clima-se-vuelve-mas-extremo-por-la-debilitacion-de-la-capa-de-ozono-23-11-14-el-liberal-santiago-del-estero-argentina\/\" data-icon=\"&amp;#x3d;\"><span>Leer m\u00e1s<\/span><\/a><\/div>\t\t\t\t\t\t\t\t\t\t\t\t\t\t\r\n\t\t\t\t\t\t<\/div>\r\n\t\t\t\t\t<\/div>\r\n\t\t\t\t<\/article>\r\n\t\t\t\t\t\t\t\t\r\n\t\t\t\t<article id=\"post-5919\" class=\"dgbc_post_item post-5919 post type-post status-publish format-standard has-post-thumbnail hentry category-prensa tag-calentamiento-global tag-cambio-climatico tag-fundacion-codigos tag-luis-seguessa\">\r\n\t\t\t\t\t<div class=\"dgbc_post_inner_wrapper\">\r\n\t\t\t\t\t\t<div class=\"dg-post-thumb\"><a href=\"https:\/\/fundacioncodigos.org\/es\/nota-radio-la-red-argentina-26-09-14-parte-1\/\" data-icon=\"1\"><img loading=\"lazy\" decoding=\"async\" src=\"https:\/\/fundacioncodigos.org\/wp-content\/uploads\/2014\/11\/LOGO-MILENIUM-FM-OPTIMIZADO-GRANDE-400x250.jpg\" alt=\"Nota Estilo Summer (Radio Milenium FM 88.7)\" class=\"\" srcset=\"https:\/\/fundacioncodigos.org\/wp-content\/uploads\/2014\/11\/LOGO-MILENIUM-FM-OPTIMIZADO-GRANDE.jpg 479w, https:\/\/fundacioncodigos.org\/wp-content\/uploads\/2014\/11\/LOGO-MILENIUM-FM-OPTIMIZADO-GRANDE-400x250.jpg 480w \" sizes=\"(max-width:479px) 479px, 100vw \"  width=\"400\" height=\"250\" \/><\/a><\/div>\t\t\t\t\t\t<div class=\"content-wrapper\">\r\n\t\t\t\t\t\t\t<h3 class=\"dg_bc_title\"><a href=\"https:\/\/fundacioncodigos.org\/es\/nota-radio-la-red-argentina-26-09-14-parte-1\/\">Nota Estilo Summer (Radio Milenium FM 88.7)<\/a><\/h3><p class=\"post-meta\"><span class=\"categories\"> <a href=\"https:\/\/fundacioncodigos.org\/es\/category\/prensa\/\" rel=\"category tag\">Prensa<\/a><\/span><\/p>\t\t\t\t\t\t\t<div class=\"dg_read_more_wrapper btn-at-bottm\"><a class=\"read-more\" href=\"https:\/\/fundacioncodigos.org\/es\/nota-radio-la-red-argentina-26-09-14-parte-1\/\" data-icon=\"&amp;#x3d;\"><span>Leer m\u00e1s<\/span><\/a><\/div>\t\t\t\t\t\t\t\t\t\t\t\t\t\t\r\n\t\t\t\t\t\t<\/div>\r\n\t\t\t\t\t<\/div>\r\n\t\t\t\t<\/article>\r\n\t\t\t\t\t\t\t\t\r\n\t\t\t\t<article id=\"post-5917\" class=\"dgbc_post_item post-5917 post type-post status-publish format-standard has-post-thumbnail hentry category-prensa tag-consumo-de-oxigeno tag-fundacion-codigos tag-luis-seguessa\">\r\n\t\t\t\t\t<div class=\"dgbc_post_inner_wrapper\">\r\n\t\t\t\t\t\t<div class=\"dg-post-thumb\"><a href=\"https:\/\/fundacioncodigos.org\/es\/nota-radio-la-red-argentina-26-09-14-parte-2\/\" data-icon=\"1\"><img loading=\"lazy\" decoding=\"async\" src=\"https:\/\/fundacioncodigos.org\/wp-content\/uploads\/2014\/11\/LOGO-MILENIUM-FM-OPTIMIZADO-GRANDE-400x250.jpg\" alt=\"Nota Navegando por la prensa (Radio Milenium FM 88.7)\" class=\"\" srcset=\"https:\/\/fundacioncodigos.org\/wp-content\/uploads\/2014\/11\/LOGO-MILENIUM-FM-OPTIMIZADO-GRANDE.jpg 479w, https:\/\/fundacioncodigos.org\/wp-content\/uploads\/2014\/11\/LOGO-MILENIUM-FM-OPTIMIZADO-GRANDE-400x250.jpg 480w \" sizes=\"(max-width:479px) 479px, 100vw \"  width=\"400\" height=\"250\" \/><\/a><\/div>\t\t\t\t\t\t<div class=\"content-wrapper\">\r\n\t\t\t\t\t\t\t<h3 class=\"dg_bc_title\"><a href=\"https:\/\/fundacioncodigos.org\/es\/nota-radio-la-red-argentina-26-09-14-parte-2\/\">Nota Navegando por la prensa (Radio Milenium FM 88.7)<\/a><\/h3><p class=\"post-meta\"><span class=\"categories\"> <a href=\"https:\/\/fundacioncodigos.org\/es\/category\/prensa\/\" rel=\"category tag\">Prensa<\/a><\/span><\/p>\t\t\t\t\t\t\t<div class=\"dg_read_more_wrapper btn-at-bottm\"><a class=\"read-more\" href=\"https:\/\/fundacioncodigos.org\/es\/nota-radio-la-red-argentina-26-09-14-parte-2\/\" data-icon=\"&amp;#x3d;\"><span>Leer m\u00e1s<\/span><\/a><\/div>\t\t\t\t\t\t\t\t\t\t\t\t\t\t\r\n\t\t\t\t\t\t<\/div>\r\n\t\t\t\t\t<\/div>\r\n\t\t\t\t<\/article>\r\n\t\t\t\t\t\t\t\t\r\n\t\t\t\t<article id=\"post-5915\" class=\"dgbc_post_item post-5915 post type-post status-publish format-standard has-post-thumbnail hentry category-prensa tag-fundacion-codigos tag-luis-seguessa\">\r\n\t\t\t\t\t<div class=\"dgbc_post_inner_wrapper\">\r\n\t\t\t\t\t\t<div class=\"dg-post-thumb\"><a href=\"https:\/\/fundacioncodigos.org\/es\/nota-radio-la-red-argentina-26-09-14-parte-3\/\" data-icon=\"1\"><img loading=\"lazy\" decoding=\"async\" src=\"https:\/\/fundacioncodigos.org\/wp-content\/uploads\/2014\/11\/LOGO-ROCK-POP-MURO-OPTIMIZADO-GRANDE-400x250.jpg\" alt=\"Nota Radio Rock &#038; Pop 95.9\" class=\"\" srcset=\"https:\/\/fundacioncodigos.org\/wp-content\/uploads\/2014\/11\/LOGO-ROCK-POP-MURO-OPTIMIZADO-GRANDE.jpg 479w, https:\/\/fundacioncodigos.org\/wp-content\/uploads\/2014\/11\/LOGO-ROCK-POP-MURO-OPTIMIZADO-GRANDE-400x250.jpg 480w \" sizes=\"(max-width:479px) 479px, 100vw \"  width=\"400\" height=\"250\" \/><\/a><\/div>\t\t\t\t\t\t<div class=\"content-wrapper\">\r\n\t\t\t\t\t\t\t<h3 class=\"dg_bc_title\"><a href=\"https:\/\/fundacioncodigos.org\/es\/nota-radio-la-red-argentina-26-09-14-parte-3\/\">Nota Radio Rock &#038; Pop 95.9<\/a><\/h3><p class=\"post-meta\"><span class=\"categories\"> <a href=\"https:\/\/fundacioncodigos.org\/es\/category\/prensa\/\" rel=\"category tag\">Prensa<\/a><\/span><\/p>\t\t\t\t\t\t\t<div class=\"dg_read_more_wrapper btn-at-bottm\"><a class=\"read-more\" href=\"https:\/\/fundacioncodigos.org\/es\/nota-radio-la-red-argentina-26-09-14-parte-3\/\" data-icon=\"&amp;#x3d;\"><span>Leer m\u00e1s<\/span><\/a><\/div>\t\t\t\t\t\t\t\t\t\t\t\t\t\t\r\n\t\t\t\t\t\t<\/div>\r\n\t\t\t\t\t<\/div>\r\n\t\t\t\t<\/article>\r\n\t\t\t\t\t\t\t\t\r\n\t\t\t\t<article id=\"post-6155\" class=\"dgbc_post_item post-6155 post type-post status-publish format-standard has-post-thumbnail hentry category-prensa tag-auto-electrico tag-formula-e tag-fundacion-codigos tag-luis-seguessa\">\r\n\t\t\t\t\t<div class=\"dgbc_post_inner_wrapper\">\r\n\t\t\t\t\t\t<div class=\"dg-post-thumb\"><a href=\"https:\/\/fundacioncodigos.org\/es\/luis-seguessa-la-formula-e-es-una-prueba-que-los-autos-electricos-de-altas-prestaciones-son-posibles-el-liberal-10-02-15\/\" data-icon=\"1\"><img loading=\"lazy\" decoding=\"async\" src=\"https:\/\/fundacioncodigos.org\/wp-content\/uploads\/2020\/05\/Luis-Seguessa-La-Formula-E-es-una-prueba-que-los-autos-400x250.jpg\" alt=\"Luis Seguessa \u00abLa Formula E es una prueba que los autos el\u00e9ctricos de altas prestaciones son posibles\u00bb.\" class=\"\" srcset=\"https:\/\/fundacioncodigos.org\/wp-content\/uploads\/2020\/05\/Luis-Seguessa-La-Formula-E-es-una-prueba-que-los-autos.jpg 479w, https:\/\/fundacioncodigos.org\/wp-content\/uploads\/2020\/05\/Luis-Seguessa-La-Formula-E-es-una-prueba-que-los-autos-400x250.jpg 480w \" sizes=\"(max-width:479px) 479px, 100vw \"  width=\"400\" height=\"250\" \/><\/a><\/div>\t\t\t\t\t\t<div class=\"content-wrapper\">\r\n\t\t\t\t\t\t\t<h3 class=\"dg_bc_title\"><a href=\"https:\/\/fundacioncodigos.org\/es\/luis-seguessa-la-formula-e-es-una-prueba-que-los-autos-electricos-de-altas-prestaciones-son-posibles-el-liberal-10-02-15\/\">Luis Seguessa \u00abLa Formula E es una prueba que los autos el\u00e9ctricos de altas prestaciones son posibles\u00bb.<\/a><\/h3><p class=\"post-meta\"><span class=\"categories\"> <a href=\"https:\/\/fundacioncodigos.org\/es\/category\/prensa\/\" rel=\"category tag\">Prensa<\/a><\/span><\/p>\t\t\t\t\t\t\t<div class=\"dg_read_more_wrapper btn-at-bottm\"><a class=\"read-more\" href=\"https:\/\/fundacioncodigos.org\/es\/luis-seguessa-la-formula-e-es-una-prueba-que-los-autos-electricos-de-altas-prestaciones-son-posibles-el-liberal-10-02-15\/\" data-icon=\"&amp;#x3d;\"><span>Leer m\u00e1s<\/span><\/a><\/div>\t\t\t\t\t\t\t\t\t\t\t\t\t\t\r\n\t\t\t\t\t\t<\/div>\r\n\t\t\t\t\t<\/div>\r\n\t\t\t\t<\/article>\r\n\t\t\t\t\t\t\t\t\r\n\t\t\t\t<article id=\"post-5456\" class=\"dgbc_post_item post-5456 post type-post status-publish format-standard has-post-thumbnail hentry category-prensa tag-autos-a-combustion-interna tag-capa-de-ozono tag-fundacion-codigos tag-motores-electricos tag-oxigeno tag-universidad-de-congreso\">\r\n\t\t\t\t\t<div class=\"dgbc_post_inner_wrapper\">\r\n\t\t\t\t\t\t<div class=\"dg-post-thumb\"><a href=\"https:\/\/fundacioncodigos.org\/es\/se-acaba-el-oxigeno\/\" data-icon=\"1\"><img loading=\"lazy\" decoding=\"async\" src=\"https:\/\/fundacioncodigos.org\/wp-content\/uploads\/2020\/05\/se-acaba-el-oxigeno-en-mendoza-400x250.jpg\" alt=\"Se acaba el ox\u00edgeno\" class=\"\" srcset=\"https:\/\/fundacioncodigos.org\/wp-content\/uploads\/2020\/05\/se-acaba-el-oxigeno-en-mendoza.jpg 479w, https:\/\/fundacioncodigos.org\/wp-content\/uploads\/2020\/05\/se-acaba-el-oxigeno-en-mendoza-400x250.jpg 480w \" sizes=\"(max-width:479px) 479px, 100vw \"  width=\"400\" height=\"250\" \/><\/a><\/div>\t\t\t\t\t\t<div class=\"content-wrapper\">\r\n\t\t\t\t\t\t\t<h3 class=\"dg_bc_title\"><a href=\"https:\/\/fundacioncodigos.org\/es\/se-acaba-el-oxigeno\/\">Se acaba el ox\u00edgeno<\/a><\/h3><p class=\"post-meta\"><span class=\"categories\"> <a href=\"https:\/\/fundacioncodigos.org\/es\/category\/prensa\/\" rel=\"category tag\">Prensa<\/a><\/span><\/p>\t\t\t\t\t\t\t<div class=\"dg_read_more_wrapper btn-at-bottm\"><a class=\"read-more\" href=\"https:\/\/fundacioncodigos.org\/es\/se-acaba-el-oxigeno\/\" data-icon=\"&amp;#x3d;\"><span>Leer m\u00e1s<\/span><\/a><\/div>\t\t\t\t\t\t\t\t\t\t\t\t\t\t\r\n\t\t\t\t\t\t<\/div>\r\n\t\t\t\t\t<\/div>\r\n\t\t\t\t<\/article>\r\n\t\t\t\t\t\t\t\t\r\n\t\t\t\t<article id=\"post-5459\" class=\"dgbc_post_item post-5459 post type-post status-publish format-standard has-post-thumbnail hentry category-prensa tag-luis-seguessa tag-santiago-del-estero\">\r\n\t\t\t\t\t<div class=\"dgbc_post_inner_wrapper\">\r\n\t\t\t\t\t\t<div class=\"dg-post-thumb\"><a href=\"https:\/\/fundacioncodigos.org\/es\/luis-seguessa-el-debilitamiento-del-ozono-va-extender-el-ciclo-de-calor-en-santiago\/\" data-icon=\"1\"><img loading=\"lazy\" decoding=\"async\" src=\"https:\/\/fundacioncodigos.org\/wp-content\/uploads\/2020\/05\/climate-change-3836835_640-400x250.jpg\" alt=\"\u00abEl debilitamiento del ozono va a extender el ciclo de calor en Santiago\u00bb\" class=\"\" srcset=\"https:\/\/fundacioncodigos.org\/wp-content\/uploads\/2020\/05\/climate-change-3836835_640.jpg 479w, https:\/\/fundacioncodigos.org\/wp-content\/uploads\/2020\/05\/climate-change-3836835_640-400x250.jpg 480w \" sizes=\"(max-width:479px) 479px, 100vw \"  width=\"400\" height=\"250\" \/><\/a><\/div>\t\t\t\t\t\t<div class=\"content-wrapper\">\r\n\t\t\t\t\t\t\t<h3 class=\"dg_bc_title\"><a href=\"https:\/\/fundacioncodigos.org\/es\/luis-seguessa-el-debilitamiento-del-ozono-va-extender-el-ciclo-de-calor-en-santiago\/\">\u00abEl debilitamiento del ozono va a extender el ciclo de calor en Santiago\u00bb<\/a><\/h3><p class=\"post-meta\"><span class=\"categories\"> <a href=\"https:\/\/fundacioncodigos.org\/es\/category\/prensa\/\" rel=\"category tag\">Prensa<\/a><\/span><\/p>\t\t\t\t\t\t\t<div class=\"dg_read_more_wrapper btn-at-bottm\"><a class=\"read-more\" href=\"https:\/\/fundacioncodigos.org\/es\/luis-seguessa-el-debilitamiento-del-ozono-va-extender-el-ciclo-de-calor-en-santiago\/\" data-icon=\"&amp;#x3d;\"><span>Leer m\u00e1s<\/span><\/a><\/div>\t\t\t\t\t\t\t\t\t\t\t\t\t\t\r\n\t\t\t\t\t\t<\/div>\r\n\t\t\t\t\t<\/div>\r\n\t\t\t\t<\/article>\r\n\t\t\t\t\t\t\t\t\r\n\t\t\t\t<article id=\"post-3778\" class=\"dgbc_post_item post-3778 post type-post status-publish format-standard has-post-thumbnail hentry category-galeria-de-imagenes category-prensa\">\r\n\t\t\t\t\t<div class=\"dgbc_post_inner_wrapper\">\r\n\t\t\t\t\t\t<div class=\"dg-post-thumb\"><a href=\"https:\/\/fundacioncodigos.org\/es\/luis-seguessa-en-santiago-de-chile\/\" data-icon=\"1\"><img loading=\"lazy\" decoding=\"async\" src=\"https:\/\/fundacioncodigos.org\/wp-content\/uploads\/2012\/07\/tras-el-calentamiento-global-esta-la-codicia-OPTIMIZADA.jpg\" alt=\"Luis Seguessa en Santiago de Chile\" class=\"\" srcset=\"https:\/\/fundacioncodigos.org\/wp-content\/uploads\/2012\/07\/tras-el-calentamiento-global-esta-la-codicia-OPTIMIZADA.jpg 479w, https:\/\/fundacioncodigos.org\/wp-content\/uploads\/2012\/07\/tras-el-calentamiento-global-esta-la-codicia-OPTIMIZADA.jpg 480w \" sizes=\"(max-width:479px) 479px, 100vw \"  width=\"400\" height=\"250\" \/><\/a><\/div>\t\t\t\t\t\t<div class=\"content-wrapper\">\r\n\t\t\t\t\t\t\t<h3 class=\"dg_bc_title\"><a href=\"https:\/\/fundacioncodigos.org\/es\/luis-seguessa-en-santiago-de-chile\/\">Luis Seguessa en Santiago de Chile<\/a><\/h3><p class=\"post-meta\"><span class=\"categories\"> <a href=\"https:\/\/fundacioncodigos.org\/es\/category\/galeria-de-imagenes\/\" rel=\"category tag\">Galer\u00eda de Im\u00e1genes<\/a>, <a href=\"https:\/\/fundacioncodigos.org\/es\/category\/prensa\/\" rel=\"category tag\">Prensa<\/a><\/span><\/p>\t\t\t\t\t\t\t<div class=\"dg_read_more_wrapper btn-at-bottm\"><a class=\"read-more\" href=\"https:\/\/fundacioncodigos.org\/es\/luis-seguessa-en-santiago-de-chile\/\" data-icon=\"&amp;#x3d;\"><span>Leer m\u00e1s<\/span><\/a><\/div>\t\t\t\t\t\t\t\t\t\t\t\t\t\t\r\n\t\t\t\t\t\t<\/div>\r\n\t\t\t\t\t<\/div>\r\n\t\t\t\t<\/article>\r\n\t\t\t\t\t\t\t\t\r\n\t\t\t\t<article id=\"post-9906\" class=\"dgbc_post_item post-9906 post type-post status-publish format-standard has-post-thumbnail hentry category-prensa\">\r\n\t\t\t\t\t<div class=\"dgbc_post_inner_wrapper\">\r\n\t\t\t\t\t\t<div class=\"dg-post-thumb\"><a href=\"https:\/\/fundacioncodigos.org\/es\/diario-quintana-mexico-playa-del-carmen\/\" data-icon=\"1\"><img loading=\"lazy\" decoding=\"async\" src=\"https:\/\/fundacioncodigos.org\/wp-content\/uploads\/2012\/05\/Diario-Playa-del-Carmen-Quintana-Roo-Mexico-2012-400x250.jpg\" alt=\"Diario Quintana M\u00e9xico &#8211; Playa del Carmen\" class=\"\" srcset=\"https:\/\/fundacioncodigos.org\/wp-content\/uploads\/2012\/05\/Diario-Playa-del-Carmen-Quintana-Roo-Mexico-2012.jpg 479w, https:\/\/fundacioncodigos.org\/wp-content\/uploads\/2012\/05\/Diario-Playa-del-Carmen-Quintana-Roo-Mexico-2012-400x250.jpg 480w \" sizes=\"(max-width:479px) 479px, 100vw \"  width=\"400\" height=\"250\" \/><\/a><\/div>\t\t\t\t\t\t<div class=\"content-wrapper\">\r\n\t\t\t\t\t\t\t<h3 class=\"dg_bc_title\"><a href=\"https:\/\/fundacioncodigos.org\/es\/diario-quintana-mexico-playa-del-carmen\/\">Diario Quintana M\u00e9xico &#8211; Playa del Carmen<\/a><\/h3><p class=\"post-meta\"><span class=\"categories\"> <a href=\"https:\/\/fundacioncodigos.org\/es\/category\/prensa\/\" rel=\"category tag\">Prensa<\/a><\/span><\/p>\t\t\t\t\t\t\t<div class=\"dg_read_more_wrapper btn-at-bottm\"><a class=\"read-more\" href=\"https:\/\/fundacioncodigos.org\/es\/diario-quintana-mexico-playa-del-carmen\/\" data-icon=\"&amp;#x3d;\"><span>Leer m\u00e1s<\/span><\/a><\/div>\t\t\t\t\t\t\t\t\t\t\t\t\t\t\r\n\t\t\t\t\t\t<\/div>\r\n\t\t\t\t\t<\/div>\r\n\t\t\t\t<\/article>\r\n\t\t\t\t\t\t\t\t\r\n\t\t\t\t<article id=\"post-9902\" class=\"dgbc_post_item post-9902 post type-post status-publish format-standard has-post-thumbnail hentry category-prensa\">\r\n\t\t\t\t\t<div class=\"dgbc_post_inner_wrapper\">\r\n\t\t\t\t\t\t<div class=\"dg-post-thumb\"><a href=\"https:\/\/fundacioncodigos.org\/es\/diario-quintana-mexico\/\" data-icon=\"1\"><img loading=\"lazy\" decoding=\"async\" src=\"https:\/\/fundacioncodigos.org\/wp-content\/uploads\/2012\/05\/Diario-Quintana-Mexico-2012-400x250.jpg\" alt=\"Diario Quintana M\u00e9xico\" class=\"\" srcset=\"https:\/\/fundacioncodigos.org\/wp-content\/uploads\/2012\/05\/Diario-Quintana-Mexico-2012.jpg 479w, https:\/\/fundacioncodigos.org\/wp-content\/uploads\/2012\/05\/Diario-Quintana-Mexico-2012-400x250.jpg 480w \" sizes=\"(max-width:479px) 479px, 100vw \"  width=\"400\" height=\"250\" \/><\/a><\/div>\t\t\t\t\t\t<div class=\"content-wrapper\">\r\n\t\t\t\t\t\t\t<h3 class=\"dg_bc_title\"><a href=\"https:\/\/fundacioncodigos.org\/es\/diario-quintana-mexico\/\">Diario Quintana M\u00e9xico<\/a><\/h3><p class=\"post-meta\"><span class=\"categories\"> <a href=\"https:\/\/fundacioncodigos.org\/es\/category\/prensa\/\" rel=\"category tag\">Prensa<\/a><\/span><\/p>\t\t\t\t\t\t\t<div class=\"dg_read_more_wrapper btn-at-bottm\"><a class=\"read-more\" href=\"https:\/\/fundacioncodigos.org\/es\/diario-quintana-mexico\/\" data-icon=\"&amp;#x3d;\"><span>Leer m\u00e1s<\/span><\/a><\/div>\t\t\t\t\t\t\t\t\t\t\t\t\t\t\r\n\t\t\t\t\t\t<\/div>\r\n\t\t\t\t\t<\/div>\r\n\t\t\t\t<\/article>\r\n\t\t\t\t\t\t\t\t\r\n\t\t\t\t<article id=\"post-4857\" class=\"dgbc_post_item post-4857 post type-post status-publish format-standard has-post-thumbnail hentry category-galeria-de-imagenes category-prensa\">\r\n\t\t\t\t\t<div class=\"dgbc_post_inner_wrapper\">\r\n\t\t\t\t\t\t<div class=\"dg-post-thumb\"><a href=\"https:\/\/fundacioncodigos.org\/es\/todopor-el-medio-ambiente\/\" data-icon=\"1\"><img loading=\"lazy\" decoding=\"async\" src=\"https:\/\/fundacioncodigos.org\/wp-content\/uploads\/2024\/12\/Todo-por-el-medio-ambiente-OPTIMIZADA.jpg\" alt=\"Todo por el medio ambiente\" class=\"\" srcset=\"https:\/\/fundacioncodigos.org\/wp-content\/uploads\/2024\/12\/Todo-por-el-medio-ambiente-OPTIMIZADA.jpg 479w, https:\/\/fundacioncodigos.org\/wp-content\/uploads\/2024\/12\/Todo-por-el-medio-ambiente-OPTIMIZADA.jpg 480w \" sizes=\"(max-width:479px) 479px, 100vw \"  width=\"400\" height=\"250\" \/><\/a><\/div>\t\t\t\t\t\t<div class=\"content-wrapper\">\r\n\t\t\t\t\t\t\t<h3 class=\"dg_bc_title\"><a href=\"https:\/\/fundacioncodigos.org\/es\/todopor-el-medio-ambiente\/\">Todo por el medio ambiente<\/a><\/h3><p class=\"post-meta\"><span class=\"categories\"> <a href=\"https:\/\/fundacioncodigos.org\/es\/category\/galeria-de-imagenes\/\" rel=\"category tag\">Galer\u00eda de Im\u00e1genes<\/a>, <a href=\"https:\/\/fundacioncodigos.org\/es\/category\/prensa\/\" rel=\"category tag\">Prensa<\/a><\/span><\/p>\t\t\t\t\t\t\t<div class=\"dg_read_more_wrapper btn-at-bottm\"><a class=\"read-more\" href=\"https:\/\/fundacioncodigos.org\/es\/todopor-el-medio-ambiente\/\" data-icon=\"&amp;#x3d;\"><span>Leer m\u00e1s<\/span><\/a><\/div>\t\t\t\t\t\t\t\t\t\t\t\t\t\t\r\n\t\t\t\t\t\t<\/div>\r\n\t\t\t\t\t<\/div>\r\n\t\t\t\t<\/article>\r\n\t\t\t\t\t\t\t\t\r\n\t\t\t\t<article id=\"post-9898\" class=\"dgbc_post_item post-9898 post type-post status-publish format-standard has-post-thumbnail hentry category-prensa\">\r\n\t\t\t\t\t<div class=\"dgbc_post_inner_wrapper\">\r\n\t\t\t\t\t\t<div class=\"dg-post-thumb\"><a href=\"https:\/\/fundacioncodigos.org\/es\/diario-respuesta-mexico\/\" data-icon=\"1\"><img loading=\"lazy\" decoding=\"async\" src=\"https:\/\/fundacioncodigos.org\/wp-content\/uploads\/2012\/02\/Diario-Respuesta-Mexico-2012-400x250.jpg\" alt=\"Diario Respuesta M\u00e9xico\" class=\"\" srcset=\"https:\/\/fundacioncodigos.org\/wp-content\/uploads\/2012\/02\/Diario-Respuesta-Mexico-2012.jpg 479w, https:\/\/fundacioncodigos.org\/wp-content\/uploads\/2012\/02\/Diario-Respuesta-Mexico-2012-400x250.jpg 480w \" sizes=\"(max-width:479px) 479px, 100vw \"  width=\"400\" height=\"250\" \/><\/a><\/div>\t\t\t\t\t\t<div class=\"content-wrapper\">\r\n\t\t\t\t\t\t\t<h3 class=\"dg_bc_title\"><a href=\"https:\/\/fundacioncodigos.org\/es\/diario-respuesta-mexico\/\">Diario Respuesta M\u00e9xico<\/a><\/h3><p class=\"post-meta\"><span class=\"categories\"> <a href=\"https:\/\/fundacioncodigos.org\/es\/category\/prensa\/\" rel=\"category tag\">Prensa<\/a><\/span><\/p>\t\t\t\t\t\t\t<div class=\"dg_read_more_wrapper btn-at-bottm\"><a class=\"read-more\" href=\"https:\/\/fundacioncodigos.org\/es\/diario-respuesta-mexico\/\" data-icon=\"&amp;#x3d;\"><span>Leer m\u00e1s<\/span><\/a><\/div>\t\t\t\t\t\t\t\t\t\t\t\t\t\t\r\n\t\t\t\t\t\t<\/div>\r\n\t\t\t\t\t<\/div>\r\n\t\t\t\t<\/article>\r\n\t\t\t\t\t\t\t\t\r\n\t\t\t\t<article id=\"post-258\" class=\"dgbc_post_item post-258 post type-post status-publish format-standard has-post-thumbnail hentry category-prensa\">\r\n\t\t\t\t\t<div class=\"dgbc_post_inner_wrapper\">\r\n\t\t\t\t\t\t<div class=\"dg-post-thumb\"><a href=\"https:\/\/fundacioncodigos.org\/es\/el-tsunami-de-japon-advierte-la-agudizacion-del-clima-y-mas-catastrofes\/\" data-icon=\"1\"><img loading=\"lazy\" decoding=\"async\" src=\"https:\/\/fundacioncodigos.org\/wp-content\/uploads\/2020\/05\/tsunami-japon-400x250.jpg\" alt=\"\u201cEl tsunami de Jap\u00f3n, advierte la agudizaci\u00f3n del clima y m\u00e1s cat\u00e1strofes\u201d La sequ\u00eda en Santiago y el pa\u00eds se relaciona con el cambio clim\u00e1tico. Se recomienda cultivar alimentos propios y cuidar el agua.\" class=\"\" srcset=\"https:\/\/fundacioncodigos.org\/wp-content\/uploads\/2020\/05\/tsunami-japon.jpg 479w, https:\/\/fundacioncodigos.org\/wp-content\/uploads\/2020\/05\/tsunami-japon-400x250.jpg 480w \" sizes=\"(max-width:479px) 479px, 100vw \"  width=\"400\" height=\"250\" \/><\/a><\/div>\t\t\t\t\t\t<div class=\"content-wrapper\">\r\n\t\t\t\t\t\t\t<h3 class=\"dg_bc_title\"><a href=\"https:\/\/fundacioncodigos.org\/es\/el-tsunami-de-japon-advierte-la-agudizacion-del-clima-y-mas-catastrofes\/\">\u201cEl tsunami de Jap\u00f3n, advierte la agudizaci\u00f3n del clima y m\u00e1s cat\u00e1strofes\u201d La sequ\u00eda en Santiago y el pa\u00eds se relaciona con el cambio clim\u00e1tico. Se recomienda cultivar alimentos propios y cuidar el agua.<\/a><\/h3><p class=\"post-meta\"><span class=\"categories\"> <a href=\"https:\/\/fundacioncodigos.org\/es\/category\/prensa\/\" rel=\"category tag\">Prensa<\/a><\/span><\/p>\t\t\t\t\t\t\t<div class=\"dg_read_more_wrapper btn-at-bottm\"><a class=\"read-more\" href=\"https:\/\/fundacioncodigos.org\/es\/el-tsunami-de-japon-advierte-la-agudizacion-del-clima-y-mas-catastrofes\/\" data-icon=\"&amp;#x3d;\"><span>Leer m\u00e1s<\/span><\/a><\/div>\t\t\t\t\t\t\t\t\t\t\t\t\t\t\r\n\t\t\t\t\t\t<\/div>\r\n\t\t\t\t\t<\/div>\r\n\t\t\t\t<\/article>\r\n\t\t\t\t\t\t\t\t\r\n\t\t\t\t<article id=\"post-5078\" class=\"dgbc_post_item post-5078 post type-post status-publish format-standard has-post-thumbnail hentry category-actividades category-prensa tag-fundacion-codigos tag-luis-seguessa tag-milton-santana tag-musica-para-todos-2 tag-oscar-valdez tag-punta-del-este\">\r\n\t\t\t\t\t<div class=\"dgbc_post_inner_wrapper\">\r\n\t\t\t\t\t\t<div class=\"dg-post-thumb\"><a href=\"https:\/\/fundacioncodigos.org\/es\/encuentros-por-el-planeta-actividades-artisticas-en-la-fundacion-codigos\/\" data-icon=\"1\"><img loading=\"lazy\" decoding=\"async\" src=\"https:\/\/fundacioncodigos.org\/wp-content\/uploads\/2020\/05\/encuentros-por-el-planeta-y-actividades-artisticas-400x250.jpg\" alt=\"Encuentros por el Planeta y actividades art\u00edsticas en la Fundaci\u00f3n C\u00f3digos\" class=\"\" srcset=\"https:\/\/fundacioncodigos.org\/wp-content\/uploads\/2020\/05\/encuentros-por-el-planeta-y-actividades-artisticas.jpg 479w, https:\/\/fundacioncodigos.org\/wp-content\/uploads\/2020\/05\/encuentros-por-el-planeta-y-actividades-artisticas-400x250.jpg 480w \" sizes=\"(max-width:479px) 479px, 100vw \"  width=\"400\" height=\"250\" \/><\/a><\/div>\t\t\t\t\t\t<div class=\"content-wrapper\">\r\n\t\t\t\t\t\t\t<h3 class=\"dg_bc_title\"><a href=\"https:\/\/fundacioncodigos.org\/es\/encuentros-por-el-planeta-actividades-artisticas-en-la-fundacion-codigos\/\">Encuentros por el Planeta y actividades art\u00edsticas en la Fundaci\u00f3n C\u00f3digos<\/a><\/h3><p class=\"post-meta\"><span class=\"categories\"> <a href=\"https:\/\/fundacioncodigos.org\/es\/category\/actividades\/\" rel=\"category tag\">Actividades<\/a>, <a href=\"https:\/\/fundacioncodigos.org\/es\/category\/prensa\/\" rel=\"category tag\">Prensa<\/a><\/span><\/p>\t\t\t\t\t\t\t<div class=\"dg_read_more_wrapper btn-at-bottm\"><a class=\"read-more\" href=\"https:\/\/fundacioncodigos.org\/es\/encuentros-por-el-planeta-actividades-artisticas-en-la-fundacion-codigos\/\" data-icon=\"&amp;#x3d;\"><span>Leer m\u00e1s<\/span><\/a><\/div>\t\t\t\t\t\t\t\t\t\t\t\t\t\t\r\n\t\t\t\t\t\t<\/div>\r\n\t\t\t\t\t<\/div>\r\n\t\t\t\t<\/article>\r\n\t\t\t\t\t\t\t\t\r\n\t\t\t\t<article id=\"post-3734\" class=\"dgbc_post_item post-3734 post type-post status-publish format-standard has-post-thumbnail hentry category-prensa tag-cambio-climatico tag-fundacion-codigos tag-luis-seguessa tag-oxigeno tag-para-ti\">\r\n\t\t\t\t\t<div class=\"dgbc_post_inner_wrapper\">\r\n\t\t\t\t\t\t<div class=\"dg-post-thumb\"><a href=\"https:\/\/fundacioncodigos.org\/es\/el-oxigeno-se-agotara\/\" data-icon=\"1\"><img loading=\"lazy\" decoding=\"async\" src=\"https:\/\/fundacioncodigos.org\/wp-content\/uploads\/2020\/05\/el-oxigeno-se-agotara-400x250.jpg\" alt=\"El Ox\u00edgeno se agotar\u00e1\" class=\"\" srcset=\"https:\/\/fundacioncodigos.org\/wp-content\/uploads\/2020\/05\/el-oxigeno-se-agotara.jpg 479w, https:\/\/fundacioncodigos.org\/wp-content\/uploads\/2020\/05\/el-oxigeno-se-agotara-400x250.jpg 480w \" sizes=\"(max-width:479px) 479px, 100vw \"  width=\"400\" height=\"250\" \/><\/a><\/div>\t\t\t\t\t\t<div class=\"content-wrapper\">\r\n\t\t\t\t\t\t\t<h3 class=\"dg_bc_title\"><a href=\"https:\/\/fundacioncodigos.org\/es\/el-oxigeno-se-agotara\/\">El Ox\u00edgeno se agotar\u00e1<\/a><\/h3><p class=\"post-meta\"><span class=\"categories\"> <a href=\"https:\/\/fundacioncodigos.org\/es\/category\/prensa\/\" rel=\"category tag\">Prensa<\/a><\/span><\/p>\t\t\t\t\t\t\t<div class=\"dg_read_more_wrapper btn-at-bottm\"><a class=\"read-more\" href=\"https:\/\/fundacioncodigos.org\/es\/el-oxigeno-se-agotara\/\" data-icon=\"&amp;#x3d;\"><span>Leer m\u00e1s<\/span><\/a><\/div>\t\t\t\t\t\t\t\t\t\t\t\t\t\t\r\n\t\t\t\t\t\t<\/div>\r\n\t\t\t\t\t<\/div>\r\n\t\t\t\t<\/article>\r\n\t\t\t\t\t\t\t\t\r\n\t\t\t\t<article id=\"post-5087\" class=\"dgbc_post_item post-5087 post type-post status-publish format-standard has-post-thumbnail hentry category-prensa tag-alerta-global-2 tag-capa-de-ozono tag-combustion-cero-2 tag-consumo-de-oxigeno tag-derretimiento-de-los-polos tag-fundacion-codigos tag-hidrato-de-metano tag-luis-seguessa tag-mijica tag-plan-b tag-salta tag-sequias tag-shertaon-salta tag-terremotos tag-tsunamis\">\r\n\t\t\t\t\t<div class=\"dgbc_post_inner_wrapper\">\r\n\t\t\t\t\t\t<div class=\"dg-post-thumb\"><a href=\"https:\/\/fundacioncodigos.org\/es\/luis-seguessa-tenemos-terminar-con-la-combustion-migrar-hacia-tecnologias-mas-limpias\/\" data-icon=\"1\"><img loading=\"lazy\" decoding=\"async\" src=\"https:\/\/fundacioncodigos.org\/wp-content\/uploads\/2020\/05\/Tecnolog\u00edas-limpias-400x250.jpg\" alt=\"Luis Seguessa: \u201cTenemos que terminar con la combusti\u00f3n y migrar hacia tecnolog\u00edas m\u00e1s limpias\u201d\" class=\"\" srcset=\"https:\/\/fundacioncodigos.org\/wp-content\/uploads\/2020\/05\/Tecnolog\u00edas-limpias.jpg 479w, https:\/\/fundacioncodigos.org\/wp-content\/uploads\/2020\/05\/Tecnolog\u00edas-limpias-400x250.jpg 480w \" sizes=\"(max-width:479px) 479px, 100vw \"  width=\"400\" height=\"250\" \/><\/a><\/div>\t\t\t\t\t\t<div class=\"content-wrapper\">\r\n\t\t\t\t\t\t\t<h3 class=\"dg_bc_title\"><a href=\"https:\/\/fundacioncodigos.org\/es\/luis-seguessa-tenemos-terminar-con-la-combustion-migrar-hacia-tecnologias-mas-limpias\/\">Luis Seguessa: \u201cTenemos que terminar con la combusti\u00f3n y migrar hacia tecnolog\u00edas m\u00e1s limpias\u201d<\/a><\/h3><p class=\"post-meta\"><span class=\"categories\"> <a href=\"https:\/\/fundacioncodigos.org\/es\/category\/prensa\/\" rel=\"category tag\">Prensa<\/a><\/span><\/p>\t\t\t\t\t\t\t<div class=\"dg_read_more_wrapper btn-at-bottm\"><a class=\"read-more\" href=\"https:\/\/fundacioncodigos.org\/es\/luis-seguessa-tenemos-terminar-con-la-combustion-migrar-hacia-tecnologias-mas-limpias\/\" data-icon=\"&amp;#x3d;\"><span>Leer m\u00e1s<\/span><\/a><\/div>\t\t\t\t\t\t\t\t\t\t\t\t\t\t\r\n\t\t\t\t\t\t<\/div>\r\n\t\t\t\t\t<\/div>\r\n\t\t\t\t<\/article>\r\n\t\t\t\t\t\t\t\t\r\n\t\t\t\t<article id=\"post-4969\" class=\"dgbc_post_item post-4969 post type-post status-publish format-standard has-post-thumbnail hentry category-galeria-de-imagenes category-prensa tag-auto-electrico tag-cambio-climatico tag-consumo-de-oxigeno tag-energias-limpias tag-fundacion-codigos tag-tendencia\">\r\n\t\t\t\t\t<div class=\"dgbc_post_inner_wrapper\">\r\n\t\t\t\t\t\t<div class=\"dg-post-thumb\"><a href=\"https:\/\/fundacioncodigos.org\/es\/energias-limpias\/\" data-icon=\"1\"><img loading=\"lazy\" decoding=\"async\" src=\"https:\/\/fundacioncodigos.org\/wp-content\/uploads\/2020\/05\/Energias-limpias-400x250.jpg\" alt=\"Energias limpias. Entrevista a Luis Seguessa sobre Cambio Clim\u00e1tico.\" class=\"\" srcset=\"https:\/\/fundacioncodigos.org\/wp-content\/uploads\/2020\/05\/Energias-limpias.jpg 479w, https:\/\/fundacioncodigos.org\/wp-content\/uploads\/2020\/05\/Energias-limpias-400x250.jpg 480w \" sizes=\"(max-width:479px) 479px, 100vw \"  width=\"400\" height=\"250\" \/><\/a><\/div>\t\t\t\t\t\t<div class=\"content-wrapper\">\r\n\t\t\t\t\t\t\t<h3 class=\"dg_bc_title\"><a href=\"https:\/\/fundacioncodigos.org\/es\/energias-limpias\/\">Energias limpias. Entrevista a Luis Seguessa sobre Cambio Clim\u00e1tico.<\/a><\/h3><p class=\"post-meta\"><span class=\"categories\"> <a href=\"https:\/\/fundacioncodigos.org\/es\/category\/galeria-de-imagenes\/\" rel=\"category tag\">Galer\u00eda de Im\u00e1genes<\/a>, <a href=\"https:\/\/fundacioncodigos.org\/es\/category\/prensa\/\" rel=\"category tag\">Prensa<\/a><\/span><\/p>\t\t\t\t\t\t\t<div class=\"dg_read_more_wrapper btn-at-bottm\"><a class=\"read-more\" href=\"https:\/\/fundacioncodigos.org\/es\/energias-limpias\/\" data-icon=\"&amp;#x3d;\"><span>Leer m\u00e1s<\/span><\/a><\/div>\t\t\t\t\t\t\t\t\t\t\t\t\t\t\r\n\t\t\t\t\t\t<\/div>\r\n\t\t\t\t\t<\/div>\r\n\t\t\t\t<\/article>\r\n\t\t\t\t\t\t\t\t\r\n\t\t\t\t<article id=\"post-4973\" class=\"dgbc_post_item post-4973 post type-post status-publish format-standard has-post-thumbnail hentry category-noticias category-prensa\">\r\n\t\t\t\t\t<div class=\"dgbc_post_inner_wrapper\">\r\n\t\t\t\t\t\t<div class=\"dg-post-thumb\"><a href=\"https:\/\/fundacioncodigos.org\/es\/uruguay-lanza-campana-combustion-cero\/\" data-icon=\"1\"><img loading=\"lazy\" decoding=\"async\" src=\"https:\/\/fundacioncodigos.org\/wp-content\/uploads\/2010\/03\/uruguay-lanza-campana-de-combustion-cero-OPTIMIZADA.jpg\" alt=\"Uruguay lanza campa\u00f1a Combusti\u00f3n Cero\" class=\"\" srcset=\"https:\/\/fundacioncodigos.org\/wp-content\/uploads\/2010\/03\/uruguay-lanza-campana-de-combustion-cero-OPTIMIZADA.jpg 479w, https:\/\/fundacioncodigos.org\/wp-content\/uploads\/2010\/03\/uruguay-lanza-campana-de-combustion-cero-OPTIMIZADA.jpg 480w \" sizes=\"(max-width:479px) 479px, 100vw \"  width=\"400\" height=\"250\" \/><\/a><\/div>\t\t\t\t\t\t<div class=\"content-wrapper\">\r\n\t\t\t\t\t\t\t<h3 class=\"dg_bc_title\"><a href=\"https:\/\/fundacioncodigos.org\/es\/uruguay-lanza-campana-combustion-cero\/\">Uruguay lanza campa\u00f1a Combusti\u00f3n Cero<\/a><\/h3><p class=\"post-meta\"><span class=\"categories\"> <a href=\"https:\/\/fundacioncodigos.org\/es\/category\/noticias\/\" rel=\"category tag\">Noticias<\/a>, <a href=\"https:\/\/fundacioncodigos.org\/es\/category\/prensa\/\" rel=\"category tag\">Prensa<\/a><\/span><\/p>\t\t\t\t\t\t\t<div class=\"dg_read_more_wrapper btn-at-bottm\"><a class=\"read-more\" href=\"https:\/\/fundacioncodigos.org\/es\/uruguay-lanza-campana-combustion-cero\/\" data-icon=\"&amp;#x3d;\"><span>Leer m\u00e1s<\/span><\/a><\/div>\t\t\t\t\t\t\t\t\t\t\t\t\t\t\r\n\t\t\t\t\t\t<\/div>\r\n\t\t\t\t\t<\/div>\r\n\t\t\t\t<\/article>\r\n\t\t\t\t\t\t\t\t\r\n\t\t\t\t<article id=\"post-4916\" class=\"dgbc_post_item post-4916 post type-post status-publish format-standard has-post-thumbnail hentry category-prensa\">\r\n\t\t\t\t\t<div class=\"dgbc_post_inner_wrapper\">\r\n\t\t\t\t\t\t<div class=\"dg-post-thumb\"><a href=\"https:\/\/fundacioncodigos.org\/es\/campana-combustion-0-pro-auto-electrico\/\" data-icon=\"1\"><img loading=\"lazy\" decoding=\"async\" src=\"https:\/\/fundacioncodigos.org\/wp-content\/uploads\/2020\/05\/revista-fortuna-600x806-1-400x250.jpg\" alt=\"Campa\u00f1a Combusti\u00f3n 0, pro auto el\u00e9ctrico.\" class=\"\" srcset=\"https:\/\/fundacioncodigos.org\/wp-content\/uploads\/2020\/05\/revista-fortuna-600x806-1.jpg 479w, https:\/\/fundacioncodigos.org\/wp-content\/uploads\/2020\/05\/revista-fortuna-600x806-1-400x250.jpg 480w \" sizes=\"(max-width:479px) 479px, 100vw \"  width=\"400\" height=\"250\" \/><\/a><\/div>\t\t\t\t\t\t<div class=\"content-wrapper\">\r\n\t\t\t\t\t\t\t<h3 class=\"dg_bc_title\"><a href=\"https:\/\/fundacioncodigos.org\/es\/campana-combustion-0-pro-auto-electrico\/\">Campa\u00f1a Combusti\u00f3n 0, pro auto el\u00e9ctrico.<\/a><\/h3><p class=\"post-meta\"><span class=\"categories\"> <a href=\"https:\/\/fundacioncodigos.org\/es\/category\/prensa\/\" rel=\"category tag\">Prensa<\/a><\/span><\/p>\t\t\t\t\t\t\t<div class=\"dg_read_more_wrapper btn-at-bottm\"><a class=\"read-more\" href=\"https:\/\/fundacioncodigos.org\/es\/campana-combustion-0-pro-auto-electrico\/\" data-icon=\"&amp;#x3d;\"><span>Leer m\u00e1s<\/span><\/a><\/div>\t\t\t\t\t\t\t\t\t\t\t\t\t\t\r\n\t\t\t\t\t\t<\/div>\r\n\t\t\t\t\t<\/div>\r\n\t\t\t\t<\/article>\r\n\t\t\t\t\t\t\t\t\r\n\t\t\t\t<article id=\"post-5098\" class=\"dgbc_post_item post-5098 post type-post status-publish format-standard has-post-thumbnail hentry category-prensa tag-auto-electrico tag-cambio-climatico tag-capa-de-ozono tag-combustion-cero-2 tag-fundacion-codigos tag-luis-seguessa tag-oxigeno\">\r\n\t\t\t\t\t<div class=\"dgbc_post_inner_wrapper\">\r\n\t\t\t\t\t\t<div class=\"dg-post-thumb\"><a href=\"https:\/\/fundacioncodigos.org\/es\/combustion-cero-iniciativa-mundial-pro-auto-electrico\/\" data-icon=\"1\"><img loading=\"lazy\" decoding=\"async\" src=\"https:\/\/fundacioncodigos.org\/wp-content\/uploads\/2010\/01\/combustion-cero-1-OPTIMIZADA.jpg\" alt=\"Combusti\u00f3n Cero: \u201cIniciativa mundial pro auto el\u00e9ctrico\u201d\" class=\"\" srcset=\"https:\/\/fundacioncodigos.org\/wp-content\/uploads\/2010\/01\/combustion-cero-1-OPTIMIZADA.jpg 479w, https:\/\/fundacioncodigos.org\/wp-content\/uploads\/2010\/01\/combustion-cero-1-OPTIMIZADA.jpg 480w \" sizes=\"(max-width:479px) 479px, 100vw \"  width=\"400\" height=\"250\" \/><\/a><\/div>\t\t\t\t\t\t<div class=\"content-wrapper\">\r\n\t\t\t\t\t\t\t<h3 class=\"dg_bc_title\"><a href=\"https:\/\/fundacioncodigos.org\/es\/combustion-cero-iniciativa-mundial-pro-auto-electrico\/\">Combusti\u00f3n Cero: \u201cIniciativa mundial pro auto el\u00e9ctrico\u201d<\/a><\/h3><p class=\"post-meta\"><span class=\"categories\"> <a href=\"https:\/\/fundacioncodigos.org\/es\/category\/prensa\/\" rel=\"category tag\">Prensa<\/a><\/span><\/p>\t\t\t\t\t\t\t<div class=\"dg_read_more_wrapper btn-at-bottm\"><a class=\"read-more\" href=\"https:\/\/fundacioncodigos.org\/es\/combustion-cero-iniciativa-mundial-pro-auto-electrico\/\" data-icon=\"&amp;#x3d;\"><span>Leer m\u00e1s<\/span><\/a><\/div>\t\t\t\t\t\t\t\t\t\t\t\t\t\t\r\n\t\t\t\t\t\t<\/div>\r\n\t\t\t\t\t<\/div>\r\n\t\t\t\t<\/article>\r\n\t\t\t\t\t\t\t\t\r\n\t\t\t\t<article id=\"post-5093\" class=\"dgbc_post_item post-5093 post type-post status-publish format-standard has-post-thumbnail hentry category-prensa\">\r\n\t\t\t\t\t<div class=\"dgbc_post_inner_wrapper\">\r\n\t\t\t\t\t\t<div class=\"dg-post-thumb\"><a href=\"https:\/\/fundacioncodigos.org\/es\/fundacion-codigos-por-planeta-mejor\/\" data-icon=\"1\"><img loading=\"lazy\" decoding=\"async\" src=\"https:\/\/fundacioncodigos.org\/wp-content\/uploads\/2020\/06\/Banda-fecha-de-vencimiento-concierto-por-el-planeta-400x250.jpg\" alt=\"Fundaci\u00f3n C\u00f3digos, por un planeta mejor\" class=\"\" srcset=\"https:\/\/fundacioncodigos.org\/wp-content\/uploads\/2020\/06\/Banda-fecha-de-vencimiento-concierto-por-el-planeta.jpg 479w, https:\/\/fundacioncodigos.org\/wp-content\/uploads\/2020\/06\/Banda-fecha-de-vencimiento-concierto-por-el-planeta-400x250.jpg 480w \" sizes=\"(max-width:479px) 479px, 100vw \"  width=\"400\" height=\"250\" \/><\/a><\/div>\t\t\t\t\t\t<div class=\"content-wrapper\">\r\n\t\t\t\t\t\t\t<h3 class=\"dg_bc_title\"><a href=\"https:\/\/fundacioncodigos.org\/es\/fundacion-codigos-por-planeta-mejor\/\">Fundaci\u00f3n C\u00f3digos, por un planeta mejor<\/a><\/h3><p class=\"post-meta\"><span class=\"categories\"> <a href=\"https:\/\/fundacioncodigos.org\/es\/category\/prensa\/\" rel=\"category tag\">Prensa<\/a><\/span><\/p>\t\t\t\t\t\t\t<div class=\"dg_read_more_wrapper btn-at-bottm\"><a class=\"read-more\" href=\"https:\/\/fundacioncodigos.org\/es\/fundacion-codigos-por-planeta-mejor\/\" data-icon=\"&amp;#x3d;\"><span>Leer m\u00e1s<\/span><\/a><\/div>\t\t\t\t\t\t\t\t\t\t\t\t\t\t\r\n\t\t\t\t\t\t<\/div>\r\n\t\t\t\t\t<\/div>\r\n\t\t\t\t<\/article>\r\n\t\t\t\t\t\t\t\t\r\n\t\t\t\t<article id=\"post-4964\" class=\"dgbc_post_item post-4964 post type-post status-publish format-standard has-post-thumbnail hentry category-prensa\">\r\n\t\t\t\t\t<div class=\"dgbc_post_inner_wrapper\">\r\n\t\t\t\t\t\t<div class=\"dg-post-thumb\"><a href=\"https:\/\/fundacioncodigos.org\/es\/cambio-cimatico-todavia-estamos-a-tiempo\/\" data-icon=\"1\"><img loading=\"lazy\" decoding=\"async\" src=\"https:\/\/fundacioncodigos.org\/wp-content\/uploads\/2020\/05\/Cambio-clim\u00e1tico-400x250.jpg\" alt=\"Cambio Clim\u00e1tico. Todav\u00eda estamos a tiempo\" class=\"\" srcset=\"https:\/\/fundacioncodigos.org\/wp-content\/uploads\/2020\/05\/Cambio-clim\u00e1tico.jpg 479w, https:\/\/fundacioncodigos.org\/wp-content\/uploads\/2020\/05\/Cambio-clim\u00e1tico-400x250.jpg 480w \" sizes=\"(max-width:479px) 479px, 100vw \"  width=\"400\" height=\"250\" \/><\/a><\/div>\t\t\t\t\t\t<div class=\"content-wrapper\">\r\n\t\t\t\t\t\t\t<h3 class=\"dg_bc_title\"><a href=\"https:\/\/fundacioncodigos.org\/es\/cambio-cimatico-todavia-estamos-a-tiempo\/\">Cambio Clim\u00e1tico. Todav\u00eda estamos a tiempo<\/a><\/h3><p class=\"post-meta\"><span class=\"categories\"> <a href=\"https:\/\/fundacioncodigos.org\/es\/category\/prensa\/\" rel=\"category tag\">Prensa<\/a><\/span><\/p>\t\t\t\t\t\t\t<div class=\"dg_read_more_wrapper btn-at-bottm\"><a class=\"read-more\" href=\"https:\/\/fundacioncodigos.org\/es\/cambio-cimatico-todavia-estamos-a-tiempo\/\" data-icon=\"&amp;#x3d;\"><span>Leer m\u00e1s<\/span><\/a><\/div>\t\t\t\t\t\t\t\t\t\t\t\t\t\t\r\n\t\t\t\t\t\t<\/div>\r\n\t\t\t\t\t<\/div>\r\n\t\t\t\t<\/article>\r\n\t\t\t\t\t\t\t\t\r\n\t\t\t\t<article id=\"post-4306\" class=\"dgbc_post_item post-4306 post type-post status-publish format-standard has-post-thumbnail hentry category-prensa tag-combustion-cero-2 tag-decubren-causa-del-cambio-climatico tag-descubren-causa-del-cambio-climatico tag-fundacion-codigos tag-luis-seguessa tag-real-cause-of-climate-change tag-researcher-luis-seguessa tag-verdadera-causa-de-cambio-climatico\">\r\n\t\t\t\t\t<div class=\"dgbc_post_inner_wrapper\">\r\n\t\t\t\t\t\t<div class=\"dg-post-thumb\"><a href=\"https:\/\/fundacioncodigos.org\/es\/investigador-uruguayo-descubre-principal-causa-del-cambio-climatico\/\" data-icon=\"1\"><img loading=\"lazy\" decoding=\"async\" src=\"https:\/\/fundacioncodigos.org\/wp-content\/uploads\/2020\/05\/contaminacion-automoviles-400x250.jpg\" alt=\"Investigador uruguayo descubre principal causa del Cambio Clim\u00e1tico.\" class=\"\" srcset=\"https:\/\/fundacioncodigos.org\/wp-content\/uploads\/2020\/05\/contaminacion-automoviles.jpg 479w, https:\/\/fundacioncodigos.org\/wp-content\/uploads\/2020\/05\/contaminacion-automoviles-400x250.jpg 480w \" sizes=\"(max-width:479px) 479px, 100vw \"  width=\"400\" height=\"250\" \/><\/a><\/div>\t\t\t\t\t\t<div class=\"content-wrapper\">\r\n\t\t\t\t\t\t\t<h3 class=\"dg_bc_title\"><a href=\"https:\/\/fundacioncodigos.org\/es\/investigador-uruguayo-descubre-principal-causa-del-cambio-climatico\/\">Investigador uruguayo descubre principal causa del Cambio Clim\u00e1tico.<\/a><\/h3><p class=\"post-meta\"><span class=\"categories\"> <a href=\"https:\/\/fundacioncodigos.org\/es\/category\/prensa\/\" rel=\"category tag\">Prensa<\/a><\/span><\/p>\t\t\t\t\t\t\t<div class=\"dg_read_more_wrapper btn-at-bottm\"><a class=\"read-more\" href=\"https:\/\/fundacioncodigos.org\/es\/investigador-uruguayo-descubre-principal-causa-del-cambio-climatico\/\" data-icon=\"&amp;#x3d;\"><span>Leer m\u00e1s<\/span><\/a><\/div>\t\t\t\t\t\t\t\t\t\t\t\t\t\t\r\n\t\t\t\t\t\t<\/div>\r\n\t\t\t\t\t<\/div>\r\n\t\t\t\t<\/article>\r\n\t\t\t\t\t\t\t\t\r\n\t\t\t\t<article id=\"post-4886\" class=\"dgbc_post_item post-4886 post type-post status-publish format-standard has-post-thumbnail hentry category-prensa tag-climate-change tag-electric-car tag-luis-seguessa tag-oxygen tag-ozone-layer tag-solution\">\r\n\t\t\t\t\t<div class=\"dgbc_post_inner_wrapper\">\r\n\t\t\t\t\t\t<div class=\"dg-post-thumb\"><a href=\"https:\/\/fundacioncodigos.org\/es\/uruguayan-researcher-discovers-the-true-cause-of-the-climate-change\/\" data-icon=\"1\"><img loading=\"lazy\" decoding=\"async\" src=\"https:\/\/fundacioncodigos.org\/wp-content\/uploads\/2020\/05\/Investigador-uruguayo-descubre-verdadera-causa-del-cambio-clim\u00e1tico-400x250.jpg\" alt=\"Investigador uruguayo descubre la verdadera causa del cambio clim\u00e1tico\" class=\"\" srcset=\"https:\/\/fundacioncodigos.org\/wp-content\/uploads\/2020\/05\/Investigador-uruguayo-descubre-verdadera-causa-del-cambio-clim\u00e1tico.jpg 479w, https:\/\/fundacioncodigos.org\/wp-content\/uploads\/2020\/05\/Investigador-uruguayo-descubre-verdadera-causa-del-cambio-clim\u00e1tico-400x250.jpg 480w \" sizes=\"(max-width:479px) 479px, 100vw \"  width=\"400\" height=\"250\" \/><\/a><\/div>\t\t\t\t\t\t<div class=\"content-wrapper\">\r\n\t\t\t\t\t\t\t<h3 class=\"dg_bc_title\"><a href=\"https:\/\/fundacioncodigos.org\/es\/uruguayan-researcher-discovers-the-true-cause-of-the-climate-change\/\">Investigador uruguayo descubre la verdadera causa del cambio clim\u00e1tico<\/a><\/h3><p class=\"post-meta\"><span class=\"categories\"> <a href=\"https:\/\/fundacioncodigos.org\/es\/category\/prensa\/\" rel=\"category tag\">Prensa<\/a><\/span><\/p>\t\t\t\t\t\t\t<div class=\"dg_read_more_wrapper btn-at-bottm\"><a class=\"read-more\" href=\"https:\/\/fundacioncodigos.org\/es\/uruguayan-researcher-discovers-the-true-cause-of-the-climate-change\/\" data-icon=\"&amp;#x3d;\"><span>Leer m\u00e1s<\/span><\/a><\/div>\t\t\t\t\t\t\t\t\t\t\t\t\t\t\r\n\t\t\t\t\t\t<\/div>\r\n\t\t\t\t\t<\/div>\r\n\t\t\t\t<\/article>\r\n\t\t\t\t\t\t\t\t\r\n\t\t\t\t<article id=\"post-5082\" class=\"dgbc_post_item post-5082 post type-post status-publish format-standard has-post-thumbnail hentry category-prensa tag-auto-electrico tag-capa-de-ozono tag-consumo-de-oxigeno tag-fundacion-codigos tag-luis-seguessa tag-motor tag-motor-de-combustion tag-nueva-teoria-sobre-cambio-climatico tag-produccion-de-oxigeno\">\r\n\t\t\t\t\t<div class=\"dgbc_post_inner_wrapper\">\r\n\t\t\t\t\t\t<div class=\"dg-post-thumb\"><a href=\"https:\/\/fundacioncodigos.org\/es\/nueva-teoria-sobre-el-cambio-climatico\/\" data-icon=\"1\"><img loading=\"lazy\" decoding=\"async\" src=\"https:\/\/fundacioncodigos.org\/wp-content\/uploads\/2020\/05\/Nueva-teor\u00eda-cambio-clim\u00e1tico-400x250.jpg\" alt=\"Nueva teor\u00eda sobre el Cambio Clim\u00e1tico\" class=\"\" srcset=\"https:\/\/fundacioncodigos.org\/wp-content\/uploads\/2020\/05\/Nueva-teor\u00eda-cambio-clim\u00e1tico.jpg 479w, https:\/\/fundacioncodigos.org\/wp-content\/uploads\/2020\/05\/Nueva-teor\u00eda-cambio-clim\u00e1tico-400x250.jpg 480w \" sizes=\"(max-width:479px) 479px, 100vw \"  width=\"400\" height=\"250\" \/><\/a><\/div>\t\t\t\t\t\t<div class=\"content-wrapper\">\r\n\t\t\t\t\t\t\t<h3 class=\"dg_bc_title\"><a href=\"https:\/\/fundacioncodigos.org\/es\/nueva-teoria-sobre-el-cambio-climatico\/\">Nueva teor\u00eda sobre el Cambio Clim\u00e1tico<\/a><\/h3><p class=\"post-meta\"><span class=\"categories\"> <a href=\"https:\/\/fundacioncodigos.org\/es\/category\/prensa\/\" rel=\"category tag\">Prensa<\/a><\/span><\/p>\t\t\t\t\t\t\t<div class=\"dg_read_more_wrapper btn-at-bottm\"><a class=\"read-more\" href=\"https:\/\/fundacioncodigos.org\/es\/nueva-teoria-sobre-el-cambio-climatico\/\" data-icon=\"&amp;#x3d;\"><span>Leer m\u00e1s<\/span><\/a><\/div>\t\t\t\t\t\t\t\t\t\t\t\t\t\t\r\n\t\t\t\t\t\t<\/div>\r\n\t\t\t\t\t<\/div>\r\n\t\t\t\t<\/article>\r\n\t\t\t\t<\/div>\r\n\t\t\t\t\t\t\t<\/div><div class=\"swiper-button-prev dg-bc-arrow-prev-0\" data-icon=\"4\"><\/div>\r\n\t\t<div class=\"swiper-button-next dg-bc-arrow-next-0\" data-icon=\"5\"><\/div><div class=\"swiper-pagination dg-bc-dots-0\"><\/div>\r\n\t\t\t\t\t\t<\/div>\n\t\t\t\t<\/div>\n\t\t\t<\/div>\n","protected":false},"author":5,"featured_media":10669,"parent":0,"menu_order":0,"comment_status":"closed","ping_status":"closed","template":"","meta":{"give_campaign_id":0,"_et_pb_use_builder":"on","_et_pb_old_content":"<!-- wp:divi\/placeholder \/-->","_et_gb_content_width":"","footnotes":""},"class_list":["post-9354","page","type-page","status-publish","has-post-thumbnail","hentry"],"campaignId":"","_links":{"self":[{"href":"https:\/\/fundacioncodigos.org\/es\/wp-json\/wp\/v2\/pages\/9354","targetHints":{"allow":["GET"]}}],"collection":[{"href":"https:\/\/fundacioncodigos.org\/es\/wp-json\/wp\/v2\/pages"}],"about":[{"href":"https:\/\/fundacioncodigos.org\/es\/wp-json\/wp\/v2\/types\/page"}],"author":[{"embeddable":true,"href":"https:\/\/fundacioncodigos.org\/es\/wp-json\/wp\/v2\/users\/5"}],"replies":[{"embeddable":true,"href":"https:\/\/fundacioncodigos.org\/es\/wp-json\/wp\/v2\/comments?post=9354"}],"version-history":[{"count":7,"href":"https:\/\/fundacioncodigos.org\/es\/wp-json\/wp\/v2\/pages\/9354\/revisions"}],"predecessor-version":[{"id":10666,"href":"https:\/\/fundacioncodigos.org\/es\/wp-json\/wp\/v2\/pages\/9354\/revisions\/10666"}],"wp:featuredmedia":[{"embeddable":true,"href":"https:\/\/fundacioncodigos.org\/es\/wp-json\/wp\/v2\/media\/10669"}],"wp:attachment":[{"href":"https:\/\/fundacioncodigos.org\/es\/wp-json\/wp\/v2\/media?parent=9354"}],"curies":[{"name":"wp","href":"https:\/\/api.w.org\/{rel}","templated":true}]}}