{"id":10588,"date":"2021-02-03T23:48:00","date_gmt":"2021-02-03T23:48:00","guid":{"rendered":"https:\/\/fundacioncodigos.org\/?post_type=project&#038;p=10588"},"modified":"2021-02-03T23:48:25","modified_gmt":"2021-02-03T23:48:25","slug":"climate-change-global-alert-online-conference","status":"publish","type":"project","link":"https:\/\/fundacioncodigos.org\/en\/proyectos\/climate-change-global-alert-online-conference\/","title":{"rendered":"Climate Change &#8211; Global Alert Online Conference"},"content":{"rendered":"\n\n[et_pb_section fb_built=\u00bb1&#8243; _builder_version=\u00bb4.4.2&#8243; custom_padding=\u00bb0px||80px||false|false\u00bb][et_pb_row column_structure=\u00bb1_2,1_2&#8243; _builder_version=\u00bb4.4.2&#8243; custom_padding=\u00bb0px||0px|||\u00bb][et_pb_column type=\u00bb1_2&#8243; _builder_version=\u00bb4.4.2&#8243; custom_padding=\u00bb50px||||false|false\u00bb][et_pb_text _builder_version=\u00bb4.4.7&#8243; custom_padding=\u00bb||0px|||\u00bb]<p style=\"text-align: justify;\">Algo no est\u00e1 bien en el planeta y la tierra nos est\u00e1 dando se\u00f1ales. Cada vez hay m\u00e1s cataclismos en el mundo. \u00bfTe interesar\u00eda saber por qu\u00e9 suceden realmente y c\u00f3mo podr\u00edamos frenarlos?<\/p>\n<p>La humanidad necesita informaci\u00f3n y una apertura mayor de conciencia. El investigador Luis Seguessa nos muestra en una exposici\u00f3n impactante todo lo que est\u00e1 sucediendo en el mundo.<\/p>\n<p>Las conferencia es \u00fanica en su g\u00e9nero, muy did\u00e1ctica y \u00e1gil, combinando fotos, v\u00eddeos y conocimientos muy profundos y exactos con un hilo conductor sin precedentes sobre la vida en el planeta, sus desequilibrios y su soluci\u00f3n.<\/p>[\/et_pb_text][et_pb_button button_url=\u00bb#precio\u00bb button_text=\u00bbVer Conferencia\u00bb _builder_version=\u00bb4.6.1&#8243;][\/et_pb_button][\/et_pb_column][et_pb_column type=\u00bb1_2&#8243; _builder_version=\u00bb4.4.2&#8243;][et_pb_image src=\u00bbhttps:\/\/fundacioncodigos.org\/wp-content\/uploads\/2020\/05\/iceberg-conferencia-alerta-global.jpg\u00bb alt=\u00bbConferencia Alerta Global\u00bb title_text=\u00bbConferencia Alerta Global\u00bb _builder_version=\u00bb4.4.7&#8243;][\/et_pb_image][\/et_pb_column][\/et_pb_row][\/et_pb_section][et_pb_section fb_built=\u00bb1&#8243; _builder_version=\u00bb4.4.2&#8243; background_color=\u00bb#f2f2f2&#8243;][et_pb_row _builder_version=\u00bb4.4.2&#8243; custom_padding=\u00bb0px|||||\u00bb][et_pb_column type=\u00bb4_4&#8243; _builder_version=\u00bb4.4.2&#8243;][et_pb_text _builder_version=\u00bb4.4.2&#8243;]<h2 style=\"text-align: center;\">Entre los temas a tratar estar\u00e1n<\/h2>[\/et_pb_text][\/et_pb_column][\/et_pb_row][et_pb_row column_structure=\u00bb1_3,1_3,1_3&#8243; _builder_version=\u00bb4.4.2&#8243; custom_padding=\u00bb0px||0px|||\u00bb][et_pb_column type=\u00bb1_3&#8243; _builder_version=\u00bb4.4.2&#8243;][et_pb_blurb title=\u00bbCausa de los tsunamis\u00bb use_icon=\u00bbon\u00bb font_icon=\u00bb%%32%%\u00bb icon_placement=\u00bbleft\u00bb use_icon_font_size=\u00bbon\u00bb icon_font_size=\u00bb30px\u00bb _builder_version=\u00bb4.4.2&#8243; custom_margin=\u00bb||25px||false|false\u00bb custom_margin_tablet=\u00bb\u00bb custom_margin_phone=\u00bb\u00bb custom_margin_last_edited=\u00bbon|phone\u00bb custom_padding=\u00bb||||false|false\u00bb custom_css_blurb_title=\u00bbpadding-top:6px;\u00bb][\/et_pb_blurb][et_pb_blurb title=\u00bbEl debilitamiento de la capa de ozono\u00bb use_icon=\u00bbon\u00bb font_icon=\u00bb%%32%%\u00bb icon_placement=\u00bbleft\u00bb use_icon_font_size=\u00bbon\u00bb icon_font_size=\u00bb30px\u00bb _builder_version=\u00bb4.4.2&#8243; custom_margin=\u00bb||25px||false|false\u00bb custom_padding=\u00bb||||false|false\u00bb custom_css_blurb_title=\u00bbpadding-top:6px;\u00bb][\/et_pb_blurb][et_pb_blurb title=\u00bbEl por qu\u00e9 de las erupciones volc\u00e1nicas\u00bb use_icon=\u00bbon\u00bb font_icon=\u00bb%%32%%\u00bb icon_placement=\u00bbleft\u00bb use_icon_font_size=\u00bbon\u00bb icon_font_size=\u00bb30px\u00bb _builder_version=\u00bb4.4.2&#8243; custom_margin=\u00bb||0px||false|false\u00bb custom_padding=\u00bb||||false|false\u00bb custom_css_blurb_title=\u00bbpadding-top:6px;\u00bb][\/et_pb_blurb][\/et_pb_column][et_pb_column type=\u00bb1_3&#8243; _builder_version=\u00bb4.4.2&#8243;][et_pb_blurb title=\u00bbCausa principal del cambio clim\u00e1tico\u00bb use_icon=\u00bbon\u00bb font_icon=\u00bb%%32%%\u00bb icon_placement=\u00bbleft\u00bb use_icon_font_size=\u00bbon\u00bb icon_font_size=\u00bb30px\u00bb _builder_version=\u00bb4.4.2&#8243; custom_margin=\u00bb||25px||false|false\u00bb custom_margin_tablet=\u00bb\u00bb custom_margin_phone=\u00bb\u00bb custom_margin_last_edited=\u00bbon|phone\u00bb custom_padding=\u00bb||||false|false\u00bb custom_css_blurb_title=\u00bbpadding-top:6px;\u00bb][\/et_pb_blurb][et_pb_blurb title=\u00bbLa importancia del ox\u00edgeno\u00bb use_icon=\u00bbon\u00bb font_icon=\u00bb%%32%%\u00bb icon_placement=\u00bbleft\u00bb use_icon_font_size=\u00bbon\u00bb icon_font_size=\u00bb30px\u00bb _builder_version=\u00bb4.4.2&#8243; custom_margin=\u00bb||25px||false|false\u00bb custom_margin_tablet=\u00bb\u00bb custom_margin_phone=\u00bb\u00bb custom_margin_last_edited=\u00bbon|phone\u00bb custom_padding=\u00bb||||false|false\u00bb custom_css_blurb_title=\u00bbpadding-top:6px;\u00bb][\/et_pb_blurb][et_pb_blurb title=\u00bb\u00bfD\u00f3nde esta el fuego interior de la tierra?\u00bb use_icon=\u00bbon\u00bb font_icon=\u00bb%%32%%\u00bb icon_placement=\u00bbleft\u00bb use_icon_font_size=\u00bbon\u00bb icon_font_size=\u00bb30px\u00bb _builder_version=\u00bb4.4.2&#8243; custom_margin=\u00bb||25px||false|false\u00bb custom_margin_tablet=\u00bb\u00bb custom_margin_phone=\u00bb\u00bb custom_margin_last_edited=\u00bbon|phone\u00bb custom_padding=\u00bb||||false|false\u00bb custom_css_blurb_title=\u00bbpadding-top:6px;\u00bb][\/et_pb_blurb][\/et_pb_column][et_pb_column type=\u00bb1_3&#8243; _builder_version=\u00bb4.4.2&#8243;][et_pb_blurb title=\u00bb\u00bfQu\u00e9 esta pasando con los polos?\u00bb use_icon=\u00bbon\u00bb font_icon=\u00bb%%32%%\u00bb icon_placement=\u00bbleft\u00bb use_icon_font_size=\u00bbon\u00bb icon_font_size=\u00bb30px\u00bb _builder_version=\u00bb4.4.2&#8243; custom_margin=\u00bb||25px||false|false\u00bb custom_margin_tablet=\u00bb\u00bb custom_margin_phone=\u00bb\u00bb custom_margin_last_edited=\u00bbon|phone\u00bb custom_padding=\u00bb||||false|false\u00bb custom_css_blurb_title=\u00bbpadding-top:6px;\u00bb][\/et_pb_blurb][et_pb_blurb title=\u00bb\u00bfDesiertos de ox\u00edgeno en el mar?\u00bb use_icon=\u00bbon\u00bb font_icon=\u00bb%%32%%\u00bb icon_placement=\u00bbleft\u00bb use_icon_font_size=\u00bbon\u00bb icon_font_size=\u00bb30px\u00bb _builder_version=\u00bb4.4.2&#8243; custom_margin=\u00bb||25px||false|false\u00bb custom_margin_tablet=\u00bb\u00bb custom_margin_phone=\u00bb\u00bb custom_margin_last_edited=\u00bbon|phone\u00bb custom_padding=\u00bb||||false|false\u00bb custom_css_blurb_title=\u00bbpadding-top:6px;\u00bb][\/et_pb_blurb][et_pb_blurb title=\u00bb\u00bfPor qu\u00e9 tiembla la tierra?\u00bb use_icon=\u00bbon\u00bb font_icon=\u00bb%%32%%\u00bb icon_placement=\u00bbleft\u00bb use_icon_font_size=\u00bbon\u00bb icon_font_size=\u00bb30px\u00bb _builder_version=\u00bb4.4.2&#8243; custom_margin=\u00bb||25px||false|false\u00bb custom_margin_tablet=\u00bb\u00bb custom_margin_phone=\u00bb\u00bb custom_margin_last_edited=\u00bbon|phone\u00bb custom_padding=\u00bb||||false|false\u00bb custom_css_blurb_title=\u00bbpadding-top:6px;\u00bb][\/et_pb_blurb][et_pb_blurb title=\u00bbDescripci\u00f3n cient\u00edfica de un posible escenario del fin de este mundo tal cual lo conocemos\u00bb use_icon=\u00bbon\u00bb font_icon=\u00bb%%32%%\u00bb icon_placement=\u00bbleft\u00bb use_icon_font_size=\u00bbon\u00bb icon_font_size=\u00bb30px\u00bb _builder_version=\u00bb4.4.8&#8243; custom_margin=\u00bb||25px||false|false\u00bb custom_margin_tablet=\u00bb\u00bb custom_margin_phone=\u00bb\u00bb custom_margin_last_edited=\u00bbon|phone\u00bb custom_padding=\u00bb||||false|false\u00bb custom_css_blurb_title=\u00bbpadding-top:6px;\u00bb][\/et_pb_blurb][\/et_pb_column][\/et_pb_row][\/et_pb_section][et_pb_section fb_built=\u00bb1&#8243; _builder_version=\u00bb4.4.2&#8243; custom_padding=\u00bb0px||0px|||\u00bb][et_pb_row column_structure=\u00bb1_3,1_3,1_3&#8243; use_custom_gutter=\u00bbon\u00bb gutter_width=\u00bb1&#8243; _builder_version=\u00bb4.4.2&#8243; width=\u00bb100%\u00bb custom_padding=\u00bb0px||0px|||\u00bb][et_pb_column type=\u00bb1_3&#8243; _builder_version=\u00bb4.4.2&#8243;][et_pb_image src=\u00bbhttps:\/\/fundacioncodigos.org\/wp-content\/uploads\/2020\/05\/alerta-global-fondo-1.jpg\u00bb _builder_version=\u00bb4.4.2&#8243;][\/et_pb_image][\/et_pb_column][et_pb_column type=\u00bb1_3&#8243; _builder_version=\u00bb4.4.2&#8243;][et_pb_image src=\u00bbhttps:\/\/fundacioncodigos.org\/wp-content\/uploads\/2020\/05\/tsunami-alerta-global-1.jpg\u00bb _builder_version=\u00bb4.4.2&#8243;][\/et_pb_image][\/et_pb_column][et_pb_column type=\u00bb1_3&#8243; _builder_version=\u00bb4.4.2&#8243;][et_pb_image src=\u00bbhttps:\/\/fundacioncodigos.org\/wp-content\/uploads\/2020\/05\/chimeneas.jpg\u00bb _builder_version=\u00bb4.4.2&#8243;][\/et_pb_image][\/et_pb_column][\/et_pb_row][\/et_pb_section][et_pb_section fb_built=\u00bb1&#8243; _builder_version=\u00bb4.4.2&#8243; background_color=\u00bb#6EA358&#8243;][et_pb_row column_structure=\u00bb2_5,3_5&#8243; _builder_version=\u00bb4.4.2&#8243; custom_padding=\u00bb0px||0px||false|false\u00bb][et_pb_column type=\u00bb2_5&#8243; _builder_version=\u00bb4.4.2&#8243; custom_padding=\u00bb80px||||false|false\u00bb][et_pb_text _builder_version=\u00bb4.4.2&#8243; header_2_font_size=\u00bb34px\u00bb background_layout=\u00bbdark\u00bb]<h2>\u00bfQu\u00e9 dice nuestra audiencia?<\/h2>\n<p>Escucha los testimonios de personas que han participado de nuestras Conferencias sobre Cambio Clim\u00e1tico.<\/p>[\/et_pb_text][\/et_pb_column][et_pb_column type=\u00bb3_5&#8243; _builder_version=\u00bb4.4.2&#8243;][et_pb_video src=\u00bbhttps:\/\/youtu.be\/RQiXtOPl62o\u00bb _builder_version=\u00bb4.4.2&#8243;][\/et_pb_video][\/et_pb_column][\/et_pb_row][\/et_pb_section][et_pb_section fb_built=\u00bb1&#8243; module_id=\u00bbprecio\u00bb _builder_version=\u00bb4.4.7&#8243;][et_pb_row _builder_version=\u00bb4.4.2&#8243; custom_padding=\u00bb0px||0px|||\u00bb][et_pb_column type=\u00bb4_4&#8243; _builder_version=\u00bb4.4.2&#8243;][et_pb_text _builder_version=\u00bb4.4.7&#8243;]<h2 style=\"text-align: center;\">Conferencia Alerta Global<\/h2>\n<p style=\"text-align: center;\">El valor de la Conferencia es de <strong>USD 9.99. <\/strong><\/p>\n<p style=\"text-align: center;\">No te la podes perder!!\u00a0 Increible!!<\/p>[\/et_pb_text][et_pb_button button_url=\u00bb\/producto\/cambio-climatico-alerta-global-conferencia-online\/\u00bb url_new_window=\u00bbon\u00bb button_text=\u00bbHaz click aqu\u00ed para pagar y obtener acceso a la conferencia\u00bb button_alignment=\u00bbcenter\u00bb _builder_version=\u00bb4.4.2&#8243;][\/et_pb_button][et_pb_text _builder_version=\u00bb4.4.2&#8243;]<p style=\"text-align: center;\">Puedes pagar con Paypal o Mercado Pago, de manera f\u00e1cil, r\u00e1pida y segura.<\/p>\n<p style=\"text-align: center;\">Apenas te inscribes te llega la confirmaci\u00f3n del pago y el mail de bienvenida con todos los accesos y detalles.<\/p>[\/et_pb_text][\/et_pb_column][\/et_pb_row][\/et_pb_section][et_pb_section fb_built=\u00bb1&#8243; _builder_version=\u00bb4.4.2&#8243; background_color=\u00bb#000000&#8243;][et_pb_row _builder_version=\u00bb4.4.2&#8243; custom_padding=\u00bb0px||0px|||\u00bb][et_pb_column type=\u00bb4_4&#8243; _builder_version=\u00bb4.4.2&#8243;][et_pb_text _builder_version=\u00bb4.4.2&#8243; background_layout=\u00bbdark\u00bb]<h2 style=\"text-align: center;\">\u00bfTienes dudas o Preguntas?<\/h2>\n<p style=\"text-align: center;\">Cualquier duda o consulta nos puedes contactar por mail o whatsapp. Vamos a estar encantados de conversar contigo.<\/p>\n<p style=\"text-align: center;\"><a href=\"mailto:info@fundacioncodigos.org\">info@fundacioncodigos.org<\/a><\/p>\n<p style=\"text-align: center;\"><a href=\"https:\/\/api.whatsapp.com\/send?phone=+59894905190&amp;text=Deseo%20recibir%20informaci%C3%B3n%20de%20la%20Fundaci%C3%B3n%20C%C3%B3digos\" target=\"_blank\" rel=\"noopener noreferrer\" data-saferedirecturl=\"https:\/\/www.google.com\/url?q=https:\/\/api.whatsapp.com\/send?phone%3D573008449207%26text%3DQuiero%2520saber%2520m%25C3%25A1s%2520sobre%2520el%2520Curso%2520de%2520Abundancia%2520y%2520Finanzas&amp;source=gmail&amp;ust=1530046319251000&amp;usg=AFQjCNGhgLb_EDV6O9bnheRh_WMkXTVJVg\">+59894905190<\/a><\/p>[\/et_pb_text][\/et_pb_column][\/et_pb_row][\/et_pb_section][et_pb_section fb_built=\u00bb1&#8243; _builder_version=\u00bb4.4.2&#8243; custom_padding=\u00bb||0px|||\u00bb][et_pb_row column_structure=\u00bb3_5,2_5&#8243; _builder_version=\u00bb4.4.2&#8243; custom_padding=\u00bb0px||0px|||\u00bb][et_pb_column type=\u00bb3_5&#8243; _builder_version=\u00bb4.4.2&#8243;][et_pb_text _builder_version=\u00bb4.4.2&#8243;]<h2>Luis Seguessa<\/h2>\n<p>El investigador Luis Seguessa es Presidente Fundador de la Fundaci\u00f3n C\u00f3digos y posee m\u00e1s de 30 a\u00f1os de estudios cient\u00edficos sobre fen\u00f3menos clim\u00e1ticos, habiendo realizado durante todos estos a\u00f1os numerosas investigaciones sobre la ingenier\u00eda mec\u00e1nica, la capa de ozono, el derretimiento de los polos, el hidrato de metano, la magnetosfera y la energ\u00eda termo-electromagn\u00e9tica.<\/p>\n<p>En el 2008 Luis Seguessa present\u00f3 cinco teor\u00edas al mundo sobre la problem\u00e1tica global del Cambio Clim\u00e1tico. Cuatro de ellas fueron corroboradas por la Universidad de Columbia, de John Hopkins, de Michigan y la Sociedad Sismol\u00f3gica de USA.<\/p>\n<p>El investigador ha advertido sobre varias cat\u00e1strofes naturales que luego sucedieron como los escapes de metano en el \u00e1rtico, las dos rupturas de la placa de Wilkins, el tsunami de Jap\u00f3n y el terremoto de Italia del 20 de mayo.<\/p>\n<p>Tambi\u00e9n descubri\u00f3 la causa de las misteriosas desapariciones en el tri\u00e1ngulo de las bermudas.<\/p>\n<p>Desde el 2008 imparte conferencias en el mundo con gran concurrencia de participantes y transmite sus conocimientos a trav\u00e9s de diferentes medios de comunicaci\u00f3n.<\/p>\n<p>Su ciclo de televisi\u00f3n estuvo cinco a\u00f1os en VTV Internacional y su programa de radio lleva siete a\u00f1os en el aire, emiti\u00e9ndose actualmente en 222 radios de AM y FM y 5 de Internet en 16 pa\u00edses.<\/p>\n<h2>Fundaci\u00f3n C\u00f3digos<\/h2>\n<p>La Fundaci\u00f3n C\u00f3digos es una ONG sin fines de lucro que se ha fijado como misi\u00f3n investigar, informar y difundir globalmente la principal causa del cambio clim\u00e1tico y su soluci\u00f3n, promoviendo la investigaci\u00f3n y los avances tecnol\u00f3gicos, la educaci\u00f3n medioambiental y un cambio de conciencia en el mundo.<\/p>[\/et_pb_text][\/et_pb_column][et_pb_column type=\u00bb2_5&#8243; _builder_version=\u00bb4.4.2&#8243;][et_pb_image src=\u00bbhttps:\/\/fundacioncodigos.org\/wp-content\/uploads\/2020\/05\/investigador-luis-seguessa.jpg\u00bb _builder_version=\u00bb4.4.2&#8243;][\/et_pb_image][\/et_pb_column][\/et_pb_row][\/et_pb_section]\n\n","protected":false},"excerpt":{"rendered":"<p>Algo no est\u00e1 bien en el planeta y la tierra nos est\u00e1 dando se\u00f1ales. Cada vez hay m\u00e1s cataclismos en el mundo. \u00bfTe interesar\u00eda saber por qu\u00e9 suceden realmente y c\u00f3mo podr\u00edamos frenarlos? La humanidad necesita informaci\u00f3n y una apertura mayor de conciencia. El investigador Luis Seguessa nos muestra en una exposici\u00f3n impactante todo lo [&hellip;]<\/p>\n","protected":false},"author":7,"featured_media":9186,"comment_status":"closed","ping_status":"closed","template":"","meta":{"give_campaign_id":0,"_et_pb_use_builder":"on","_et_pb_old_content":"","_et_gb_content_width":"","footnotes":""},"project_category":[340],"project_tag":[409,418,419,414,413,411,421,417,410,416,415,412,420],"class_list":["post-10588","project","type-project","status-publish","has-post-thumbnail","hentry","project_category-conferencias","project_tag-alerta-global","project_tag-cambio-climatico","project_tag-climate-change-conference","project_tag-codes-foundation","project_tag-fundacion-codigos","project_tag-investigador-luis-seguessa","project_tag-la-verdadera-causa-del-cambio-climatico","project_tag-los-autos-consumen-oxigeno","project_tag-metano-en-el-artico","project_tag-nos-estamos-quedando-sin-oxigeno","project_tag-perdida-de-oxigeno","project_tag-researcher-luis-seguessa","project_tag-the-truth-of-climate-change"],"_links":{"self":[{"href":"https:\/\/fundacioncodigos.org\/en\/wp-json\/wp\/v2\/project\/10588","targetHints":{"allow":["GET"]}}],"collection":[{"href":"https:\/\/fundacioncodigos.org\/en\/wp-json\/wp\/v2\/project"}],"about":[{"href":"https:\/\/fundacioncodigos.org\/en\/wp-json\/wp\/v2\/types\/project"}],"author":[{"embeddable":true,"href":"https:\/\/fundacioncodigos.org\/en\/wp-json\/wp\/v2\/users\/7"}],"replies":[{"embeddable":true,"href":"https:\/\/fundacioncodigos.org\/en\/wp-json\/wp\/v2\/comments?post=10588"}],"version-history":[{"count":1,"href":"https:\/\/fundacioncodigos.org\/en\/wp-json\/wp\/v2\/project\/10588\/revisions"}],"predecessor-version":[{"id":10589,"href":"https:\/\/fundacioncodigos.org\/en\/wp-json\/wp\/v2\/project\/10588\/revisions\/10589"}],"wp:featuredmedia":[{"embeddable":true,"href":"https:\/\/fundacioncodigos.org\/en\/wp-json\/wp\/v2\/media\/9186"}],"wp:attachment":[{"href":"https:\/\/fundacioncodigos.org\/en\/wp-json\/wp\/v2\/media?parent=10588"}],"wp:term":[{"taxonomy":"project_category","embeddable":true,"href":"https:\/\/fundacioncodigos.org\/en\/wp-json\/wp\/v2\/project_category?post=10588"},{"taxonomy":"project_tag","embeddable":true,"href":"https:\/\/fundacioncodigos.org\/en\/wp-json\/wp\/v2\/project_tag?post=10588"}],"curies":[{"name":"wp","href":"https:\/\/api.w.org\/{rel}","templated":true}]}}