{"id":9,"date":"2020-04-07T03:46:15","date_gmt":"2020-04-07T03:46:15","guid":{"rendered":"https:\/\/fundacioncodigos.org\/?page_id=9"},"modified":"2026-04-17T19:08:15","modified_gmt":"2026-04-17T19:08:15","slug":"fundacion-codigos","status":"publish","type":"page","link":"https:\/\/fundacioncodigos.org\/en\/","title":{"rendered":"Fundaci\u00f3n C\u00f3digos"},"content":{"rendered":"<p>[et_pb_section fb_built=\u00bb1&#8243; fullwidth=\u00bbon\u00bb _builder_version=\u00bb4.27.4&#8243; min_height=\u00bb100%\u00bb min_height_tablet=\u00bb\u00bb min_height_phone=\u00bb800px\u00bb min_height_last_edited=\u00bbon|desktop\u00bb global_colors_info=\u00bb{}\u00bb][et_pb_fullwidth_slider use_bg_overlay=\u00bboff\u00bb use_text_overlay=\u00bboff\u00bb _builder_version=\u00bb4.27.5&#8243; header_font=\u00bb|600|||||||\u00bb header_font_size=\u00bb45px\u00bb header_line_height=\u00bb1.2em\u00bb module_alignment=\u00bbleft\u00bb min_height=\u00bb100%\u00bb min_height_tablet=\u00bb\u00bb min_height_phone=\u00bb\u00bb min_height_last_edited=\u00bbon|phone\u00bb height=\u00bb800px\u00bb max_height=\u00bb800px\u00bb custom_margin=\u00bb0px||0px||false|false\u00bb custom_padding=\u00bb0px||0px||false|false\u00bb auto=\u00bbon\u00bb auto_speed=\u00bb9500&#8243; auto_ignore_hover=\u00bbon\u00bb hover_enabled=\u00bb0&#8243; header_font_size_tablet=\u00bb\u00bb header_font_size_phone=\u00bb25px\u00bb header_font_size_last_edited=\u00bbon|phone\u00bb global_colors_info=\u00bb{}\u00bb sticky_enabled=\u00bb0&#8243;][et_pb_slide heading=\u00bbEl aire que respiramos es finito. Manteng\u00e1moslo limpio.\u00bb use_bg_overlay=\u00bboff\u00bb use_text_overlay=\u00bboff\u00bb _builder_version=\u00bb4.27.5&#8243; header_text_align=\u00bbleft\u00bb background_color=\u00bbrgba(0,0,0,0.41)\u00bb background_enable_color=\u00bbon\u00bb background_image=\u00bbhttps:\/\/fundacioncodigos.org\/wp-content\/uploads\/2026\/04\/alerta-el-oxigeno-es-un-recurso-finito-edit.jpg\u00bb background_enable_image=\u00bbon\u00bb background_blend=\u00bboverlay\u00bb custom_padding=\u00bb||||false|false\u00bb hover_enabled=\u00bb0&#8243; global_colors_info=\u00bb{}\u00bb sticky_transition=\u00bbon\u00bb title_text=\u00bbalerta-el-oxigeno-es-un-recurso-finito &#8211; edit\u00bb sticky_enabled=\u00bb0&#8243;][\/et_pb_slide][et_pb_slide heading=\u00bbLos cambios clim\u00e1ticos siempre existieron, pero fueron procesos naturales en tiempos m\u00e1s extensos que permitieron a las especies y al propio planeta adaptarse. Hoy, no es el mismo caso.\u00bb _builder_version=\u00bb4.27.4&#8243; header_text_align=\u00bbleft\u00bb background_color=\u00bbrgba(0,0,0,0.41)\u00bb background_enable_color=\u00bbon\u00bb background_image=\u00bbhttps:\/\/fundacioncodigos.org\/wp-content\/uploads\/2020\/04\/planeta-hojas.jpg\u00bb background_enable_image=\u00bbon\u00bb background_blend=\u00bboverlay\u00bb custom_padding=\u00bb||||false|false\u00bb global_colors_info=\u00bb{}\u00bb sticky_transition=\u00bbon\u00bb][\/et_pb_slide][et_pb_slide heading=\u00bbUruguay lidera en autos el\u00e9ctricos per c\u00e1pita en Sudam\u00e9rica. La educaci\u00f3n clim\u00e1tica fue clave.\u00bb _builder_version=\u00bb4.27.5&#8243; header_text_align=\u00bbleft\u00bb background_color=\u00bbrgba(0,0,0,0.41)\u00bb background_enable_color=\u00bbon\u00bb background_image=\u00bbhttps:\/\/fundacioncodigos.org\/wp-content\/uploads\/2026\/04\/tesla.jpg\u00bb background_enable_image=\u00bbon\u00bb background_blend=\u00bboverlay\u00bb custom_padding=\u00bb||||false|false\u00bb global_colors_info=\u00bb{}\u00bb sticky_transition=\u00bbon\u00bb][\/et_pb_slide][et_pb_slide heading=\u00bbExiste tambi\u00e9n un enfriamiento global que, al igual que el calentamiento global, es producido por una misma causa, la cual solo nuestra Fundaci\u00f3n ha revelado con argumentos s\u00f3lidos y comprobables.\u00bb _builder_version=\u00bb4.27.4&#8243; header_text_align=\u00bbleft\u00bb background_color=\u00bbrgba(0,0,0,0.41)\u00bb background_enable_color=\u00bbon\u00bb background_image=\u00bbhttps:\/\/fundacioncodigos.org\/wp-content\/uploads\/2020\/04\/productores-de-oxigeno.jpg\u00bb background_enable_image=\u00bbon\u00bb background_blend=\u00bboverlay\u00bb custom_padding=\u00bb||||false|false\u00bb global_colors_info=\u00bb{}\u00bb sticky_transition=\u00bbon\u00bb][\/et_pb_slide][et_pb_slide heading=\u00bbEllos son lo m\u00e1s valioso de nuestra existencia. Cuidemos su hogar.\u00bb _builder_version=\u00bb4.27.4&#8243; header_text_align=\u00bbleft\u00bb background_color=\u00bbrgba(0,0,0,0.41)\u00bb background_enable_color=\u00bbon\u00bb background_image=\u00bbhttps:\/\/fundacioncodigos.org\/wp-content\/uploads\/2020\/05\/actua-por-el-planeta.jpg\u00bb background_enable_image=\u00bbon\u00bb background_blend=\u00bboverlay\u00bb custom_padding=\u00bb||||false|false\u00bb global_colors_info=\u00bb{}\u00bb sticky_transition=\u00bbon\u00bb][\/et_pb_slide][\/et_pb_fullwidth_slider][\/et_pb_section][et_pb_section fb_built=\u00bb1&#8243; _builder_version=\u00bb4.16&#8243; background_enable_color=\u00bboff\u00bb use_background_color_gradient=\u00bbon\u00bb background_color_gradient_stops=\u00bbrgba(255,255,255,0.09) 0%|rgba(111,164,86,0.41) 100%\u00bb background_color_gradient_start=\u00bbrgba(255,255,255,0.09)\u00bb background_color_gradient_end=\u00bbrgba(111,164,86,0.41)\u00bb custom_padding=\u00bb80px||80px|||\u00bb top_divider_color=\u00bb#6FA456&#8243; global_colors_info=\u00bb{}\u00bb][et_pb_row _builder_version=\u00bb4.16&#8243; custom_padding=\u00bb0px|||||\u00bb global_colors_info=\u00bb{}\u00bb][et_pb_column type=\u00bb4_4&#8243; _builder_version=\u00bb4.16&#8243; global_colors_info=\u00bb{}\u00bb][et_pb_text _builder_version=\u00bb4.16&#8243; global_colors_info=\u00bb{}\u00bb]<\/p>\n<h2 style=\"text-align: center;\">\u201cNuestros hijos y nietos tienen derecho a vivir en un mundo<\/h2>\n<h2 style=\"text-align: center;\">como el que nosotros recibimos\u201d<\/h2>\n<p>&nbsp;<\/p>\n<p>&nbsp;<\/p>\n<h4 style=\"text-align: center;\"><em>Luis Seguessa, Investigador y Presidente de Fundaci\u00f3n C\u00f3digos<\/em><\/h4>\n<p>[\/et_pb_text][\/et_pb_column][\/et_pb_row][\/et_pb_section][et_pb_section fb_built=\u00bb1&#8243; module_id=\u00bbeventos\u00bb _builder_version=\u00bb4.16&#8243; background_color=\u00bb#f2f2f2&#8243; custom_padding=\u00bb80px||80px||false|false\u00bb global_colors_info=\u00bb{}\u00bb][et_pb_row _builder_version=\u00bb4.16&#8243; custom_padding=\u00bb0px|||||\u00bb global_colors_info=\u00bb{}\u00bb][et_pb_column type=\u00bb4_4&#8243; _builder_version=\u00bb4.16&#8243; global_colors_info=\u00bb{}\u00bb][et_pb_text _builder_version=\u00bb4.16&#8243; global_colors_info=\u00bb{}\u00bb]<\/p>\n<h2 style=\"text-align: center;\">Eventos<\/h2>\n<p>[\/et_pb_text][\/et_pb_column][\/et_pb_row][et_pb_row use_custom_gutter=\u00bbon\u00bb gutter_width=\u00bb1&#8243; make_equal=\u00bbon\u00bb _builder_version=\u00bb4.16&#8243; width=\u00bb90%\u00bb custom_padding=\u00bb0px||0px|||\u00bb global_colors_info=\u00bb{}\u00bb][et_pb_column type=\u00bb4_4&#8243; _builder_version=\u00bb4.16&#8243; global_colors_info=\u00bb{}\u00bb][et_pb_wptools_image_carousel _builder_version=\u00bb4.27.4&#8243; global_colors_info=\u00bb{}\u00bb][et_pb_wptools_carousel_image_item src=\u00bbhttps:\/\/fundacioncodigos.org\/wp-content\/uploads\/2020\/06\/Luis-Seguessa-disertando-en-Punta-del-Este-Uruguay-conferencia-Alerta-Global.jpg\u00bb alt=\u00bbLuis Seguessa disertando-en-Punta-del-Este-Uruguay conferencia Alerta Global\u00bb admin_label=\u00bbLuis Seguessa disertando-en-Punta-del-Este-Uruguay conferencia Alerta Global\u00bb _builder_version=\u00bb4.4.8&#8243; global_colors_info=\u00bb{}\u00bb][\/et_pb_wptools_carousel_image_item][et_pb_wptools_carousel_image_item src=\u00bbhttps:\/\/fundacioncodigos.org\/wp-content\/uploads\/2020\/06\/2-Conferencia-Alerta-Global-de-la-Fundacion-Codigos-en-Argentina.jpg\u00bb alt=\u00bbConferencia Alerta Global de la Fundaci\u00f3n C\u00f3digos en Argentina\u00bb admin_label=\u00bbConferencia Alerta Global de la Fundaci\u00f3n C\u00f3digos en Argentina\u00bb _builder_version=\u00bb4.4.8&#8243; global_colors_info=\u00bb{}\u00bb][\/et_pb_wptools_carousel_image_item][et_pb_wptools_carousel_image_item src=\u00bbhttps:\/\/fundacioncodigos.org\/wp-content\/uploads\/2020\/06\/3-Entrega-del-premio-changuito-a-Luis-Seguessa.jpg\u00bb alt=\u00bbEntrega del premio changuito a Luis Seguessa\u00bb admin_label=\u00bbEntrega del premio changuito a Luis Seguessa\u00bb _builder_version=\u00bb4.4.8&#8243; global_colors_info=\u00bb{}\u00bb][\/et_pb_wptools_carousel_image_item][et_pb_wptools_carousel_image_item src=\u00bbhttps:\/\/fundacioncodigos.org\/wp-content\/uploads\/2020\/06\/5-Conferencia-Alerta-Global-Luis-Seguessa-en-Teatro-La-Casona.jpg\u00bb alt=\u00bbConferencia Alerta Global, Luis Seguessa, en Teatro La Casona\u00bb admin_label=\u00bbConferencia Alerta Global, Luis Seguessa, en Teatro La Casona\u00bb _builder_version=\u00bb4.4.8&#8243; global_colors_info=\u00bb{}\u00bb][\/et_pb_wptools_carousel_image_item][et_pb_wptools_carousel_image_item src=\u00bbhttps:\/\/fundacioncodigos.org\/wp-content\/uploads\/2020\/06\/7-Conferencia-Alerta-Global-en-la-liga-de-Punta-del-Este.jpg\u00bb alt=\u00bbConferencia Alerta Global en la liga de Punta del Este\u00bb admin_label=\u00bbConferencia Alerta Global en la liga de Punta del Este\u00bb _builder_version=\u00bb4.27.4&#8243; global_colors_info=\u00bb{}\u00bb][\/et_pb_wptools_carousel_image_item][et_pb_wptools_carousel_image_item src=\u00bbhttps:\/\/fundacioncodigos.org\/wp-content\/uploads\/2020\/06\/15-Luis-Seguessa-en-TVCUN-Mexico.jpg\u00bb alt=\u00bbLuis Seguessa en TVCUN, Mexico\u00bb admin_label=\u00bbLuis Seguessa en TVCUN, Mexico\u00bb _builder_version=\u00bb4.4.8&#8243; global_colors_info=\u00bb{}\u00bb][\/et_pb_wptools_carousel_image_item][et_pb_wptools_carousel_image_item src=\u00bbhttps:\/\/fundacioncodigos.org\/wp-content\/uploads\/2020\/06\/17-Disertaci\u00f3n-de-Luis-Seguessa-de-Fundacion-Codigos.jpg\u00bb alt=\u00bbDisertaci\u00f3n de Luis Seguessa de Fundaci\u00f3n C\u00f3digos\u00bb admin_label=\u00bbDisertaci\u00f3n de Luis Seguessa de Fundaci\u00f3n C\u00f3digos\u00bb _builder_version=\u00bb4.4.8&#8243; global_colors_info=\u00bb{}\u00bb][\/et_pb_wptools_carousel_image_item][et_pb_wptools_carousel_image_item src=\u00bbhttps:\/\/fundacioncodigos.org\/wp-content\/uploads\/2020\/06\/18-Jose-Cohen-Silvina-Luna-Cindy-Crawford-y-Luis-Seguessa.jpg\u00bb alt=\u00bbJose Cohen, Silvina Luna, Cindy Crawford y Luis Seguessa\u00bb admin_label=\u00bbJose Cohen, Silvina Luna, Cindy Crawford y Luis Seguessa\u00bb _builder_version=\u00bb4.4.8&#8243; global_colors_info=\u00bb{}\u00bb][\/et_pb_wptools_carousel_image_item][et_pb_wptools_carousel_image_item src=\u00bbhttps:\/\/fundacioncodigos.org\/wp-content\/uploads\/2020\/06\/19-Conferencia-Alerta-Global-de-luis-seguessa-en-Teatro-La-Casona-de-Buenos-Aires.jpg\u00bb alt=\u00bbConferencia Alerta Global de luis seguessa en Teatro La Casona de Buenos Aires\u00bb admin_label=\u00bbConferencia Alerta Global de luis seguessa en Teatro La Casona de Buenos Aires\u00bb _builder_version=\u00bb4.27.2&#8243; global_colors_info=\u00bb{}\u00bb][\/et_pb_wptools_carousel_image_item][et_pb_wptools_carousel_image_item src=\u00bbhttps:\/\/fundacioncodigos.org\/wp-content\/uploads\/2020\/06\/24-Luis-Seguessa-disertando-en-la-Universidad-de-Congreso-en-Mendoza.jpg\u00bb alt=\u00bbLuis Seguessa disertando en la Universidad de Congreso en Mendoza\u00bb admin_label=\u00bbLuis Seguessa disertando en la Universidad de Congreso en Mendoza\u00bb _builder_version=\u00bb4.4.8&#8243; global_colors_info=\u00bb{}\u00bb][\/et_pb_wptools_carousel_image_item][et_pb_wptools_carousel_image_item src=\u00bbhttps:\/\/fundacioncodigos.org\/wp-content\/uploads\/2020\/06\/Adriana-Exposito-Luis-Seguessa-y-Maria-Luisa-Cordone-en-la-conferencia-Alerta-Global.jpg\u00bb alt=\u00bbAdriana Exposito, Luis Seguessa y Maria Luisa Cordone en la conferencia Alerta Global\u00bb admin_label=\u00bbAdriana Exposito, Luis Seguessa y Maria Luisa Cordone en la conferencia Alerta Global\u00bb _builder_version=\u00bb4.4.8&#8243; global_colors_info=\u00bb{}\u00bb][\/et_pb_wptools_carousel_image_item][et_pb_wptools_carousel_image_item src=\u00bbhttps:\/\/fundacioncodigos.org\/wp-content\/uploads\/2020\/06\/Ago-Paez-Luis-Seguessa-y-Rafael-Barla-con-la-ganadora-de-Miss-Atlantico-en-Medio-ambiente.jpg\u00bb alt=\u00bbAgo Paez, Luis Seguessa y Rafael Barla con la ganadora de Miss Atl\u00e1ntico en Medio ambiente\u00bb admin_label=\u00bbAgo Paez, Luis Seguessa y Rafael Barla con la ganadora de Miss Atl\u00e1ntico en Medio ambiente\u00bb _builder_version=\u00bb4.4.8&#8243; global_colors_info=\u00bb{}\u00bb][\/et_pb_wptools_carousel_image_item][et_pb_wptools_carousel_image_item src=\u00bbhttps:\/\/fundacioncodigos.org\/wp-content\/uploads\/2020\/06\/Banda-fecha-de-vencimiento-concierto-por-el-planeta-Fundacion-Codigos-Luis-Seguessa.jpg\u00bb alt=\u00bbBanda fecha de vencimiento, concierto por el planeta, Fundaci\u00f3n C\u00f3digos, Luis Seguessa\u00bb admin_label=\u00bbBanda fecha de vencimiento, concierto por el planeta, Fundaci\u00f3n C\u00f3digos, Luis Seguessa\u00bb _builder_version=\u00bb4.4.8&#8243; global_colors_info=\u00bb{}\u00bb][\/et_pb_wptools_carousel_image_item][et_pb_wptools_carousel_image_item src=\u00bbhttps:\/\/fundacioncodigos.org\/wp-content\/uploads\/2020\/06\/CONFERENCIA-ALERTA-GLOBAL-EN-PUNTA-DEL-ESTE-Luis-Seguessa.jpg\u00bb alt=\u00bbCONFERENCIA  ALERTA GLOBAL EN PUNTA DEL ESTE. Luis Seguessa\u00bb admin_label=\u00bbCONFERENCIA  ALERTA GLOBAL EN PUNTA DEL ESTE. Luis Seguessa\u00bb _builder_version=\u00bb4.4.8&#8243; global_colors_info=\u00bb{}\u00bb][\/et_pb_wptools_carousel_image_item][et_pb_wptools_carousel_image_item src=\u00bbhttps:\/\/fundacioncodigos.org\/wp-content\/uploads\/2020\/06\/Benjamin-Gad-Ninnayi-Director-Hosting-Operations-Dept-Ministry-of-Tourism-Israel-y-Luis-Seguessa-en-Israel.jpg\u00bb alt=\u00bbBenjamin-Gad Ninnayi, , Director, Hosting Operations Dept. Ministry of Tourism Israel y Luis Seguessa en Israel\u00bb admin_label=\u00bbBenjamin-Gad Ninnayi, , Director, Hosting Operations Dept. Ministry of Tourism Israel y Luis Seguessa en Israel\u00bb _builder_version=\u00bb4.4.8&#8243; global_colors_info=\u00bb{}\u00bb][\/et_pb_wptools_carousel_image_item][et_pb_wptools_carousel_image_item src=\u00bbhttps:\/\/fundacioncodigos.org\/wp-content\/uploads\/2020\/06\/Beth-Szafir-Anna-Schvartzman-Ala-Szerman-Roberto-Camasmie-en-conferencia-Alerta-Global-en-Grand-Hyatt-Sao-Paulo-Fundaci\u00f3n-C\u00f3digos.jpg\u00bb alt=\u00bbBeth Szafir, Anna Schvartzman, Ala Szerman, Roberto Camasmie en conferencia Alerta Global en Grand Hyatt Sao Paulo. Fundaci\u00f3n C\u00f3digos\u00bb admin_label=\u00bbBeth Szafir, Anna Schvartzman, Ala Szerman, Roberto Camasmie en conferencia Alerta Global en Grand Hyatt Sao Paulo. Fundaci\u00f3n C\u00f3digos\u00bb _builder_version=\u00bb4.4.8&#8243; global_colors_info=\u00bb{}\u00bb][\/et_pb_wptools_carousel_image_item][et_pb_wptools_carousel_image_item src=\u00bbhttps:\/\/fundacioncodigos.org\/wp-content\/uploads\/2020\/06\/Carlos-Albero-Fontoura-junto-a-pesquisador-Luis-Seguessa-en-la-conferencia-en-Porto-Alegre.jpg\u00bb alt=\u00bbCarlos Albero Fontoura junto a pesquisador Luis Seguessa en la conferencia en Porto Alegre\u00bb admin_label=\u00bbCarlos Albero Fontoura junto a pesquisador Luis Seguessa en la conferencia en Porto Alegre\u00bb _builder_version=\u00bb4.4.8&#8243; global_colors_info=\u00bb{}\u00bb][\/et_pb_wptools_carousel_image_item][et_pb_wptools_carousel_image_item src=\u00bbhttps:\/\/fundacioncodigos.org\/wp-content\/uploads\/2020\/06\/Cargadores-para-autos-electricos-Fundacion-Codigos-Luis-Seguessa-con-Sergio-Cestau.jpg\u00bb alt=\u00bbCargadores para autos electricos Fundacion Codigos Luis Seguessa con Sergio Cestau\u00bb admin_label=\u00bbCargadores para autos electricos Fundacion Codigos Luis Seguessa con Sergio Cestau\u00bb _builder_version=\u00bb4.4.8&#8243; global_colors_info=\u00bb{}\u00bb][\/et_pb_wptools_carousel_image_item][et_pb_wptools_carousel_image_item src=\u00bbhttps:\/\/fundacioncodigos.org\/wp-content\/uploads\/2020\/06\/Casa-de-Gobierno-de-Santiago-del-Estero-Argentina-2012.jpg\u00bb alt=\u00bbCasa de Gobierno de Santiago del Estero, Argentina, 2012&#8243; admin_label=\u00bbCasa de Gobierno de Santiago del Estero, Argentina, 2012&#8243; _builder_version=\u00bb4.4.8&#8243; global_colors_info=\u00bb{}\u00bb][\/et_pb_wptools_carousel_image_item][et_pb_wptools_carousel_image_item src=\u00bbhttps:\/\/fundacioncodigos.org\/wp-content\/uploads\/2020\/06\/Clauda-Zamora-Lucho-Aviles-y-Luis-Seguessa.jpg\u00bb alt=\u00bbClauda Zamora, Lucho Aviles y Luis Seguessa\u00bb admin_label=\u00bbClauda Zamora, Lucho Aviles y Luis Seguessa\u00bb _builder_version=\u00bb4.4.8&#8243; global_colors_info=\u00bb{}\u00bb][\/et_pb_wptools_carousel_image_item][et_pb_wptools_carousel_image_item src=\u00bbhttps:\/\/fundacioncodigos.org\/wp-content\/uploads\/2020\/06\/Claudia-fernandez-en-fundacion-codigos.jpg\u00bb alt=\u00bbClaudia fernandez en fundacion codigos\u00bb admin_label=\u00bbClaudia fernandez en fundacion codigos\u00bb _builder_version=\u00bb4.4.8&#8243; global_colors_info=\u00bb{}\u00bb][\/et_pb_wptools_carousel_image_item][et_pb_wptools_carousel_image_item src=\u00bbhttps:\/\/fundacioncodigos.org\/wp-content\/uploads\/2020\/06\/claudio-maria-dominguez-gustavo-trelles-y-luis-seguessa-2.jpg\u00bb alt=\u00bbclaudio maria dominguez, gustavo trelles y luis seguessa 2&#8243; admin_label=\u00bbclaudio maria dominguez, gustavo trelles y luis seguessa 2&#8243; _builder_version=\u00bb4.4.8&#8243; global_colors_info=\u00bb{}\u00bb][\/et_pb_wptools_carousel_image_item][et_pb_wptools_carousel_image_item src=\u00bbhttps:\/\/fundacioncodigos.org\/wp-content\/uploads\/2020\/06\/Conferencia-2014-en-Punta-del-Este-Uruguay.jpg\u00bb alt=\u00bbConferencia 2014 en Punta del Este Uruguay\u00bb admin_label=\u00bbConferencia 2014 en Punta del Este Uruguay\u00bb _builder_version=\u00bb4.4.8&#8243; global_colors_info=\u00bb{}\u00bb][\/et_pb_wptools_carousel_image_item][et_pb_wptools_carousel_image_item src=\u00bbhttps:\/\/fundacioncodigos.org\/wp-content\/uploads\/2020\/06\/Conferencia-alerta-global-campana-combustion-cero-en-la-capital-de-rosario.jpg\u00bb alt=\u00bbConferencia alerta global, campa\u00f1a combustion cero en la capital de rosario\u00bb admin_label=\u00bbConferencia alerta global, campa\u00f1a combusti\u00f3n cero en la capital de rosario\u00bb _builder_version=\u00bb4.4.8&#8243; global_colors_info=\u00bb{}\u00bb][\/et_pb_wptools_carousel_image_item][et_pb_wptools_carousel_image_item src=\u00bbhttps:\/\/fundacioncodigos.org\/wp-content\/uploads\/2020\/06\/Conferencia-Alerta-Global-con-disertaci\u00f3n-de-Luis-Seguessa-en-el-Grand-Hyatt-Sao-Paulo.jpg\u00bb alt=\u00bbConferencia Alerta Global con disertaci\u00f3n de Luis Seguessa en el Grand Hyatt Sao Paulo\u00bb admin_label=\u00bbConferencia Alerta Global con disertaci\u00f3n de Luis Seguessa en el Grand Hyatt Sao Paulo\u00bb _builder_version=\u00bb4.4.8&#8243; global_colors_info=\u00bb{}\u00bb][\/et_pb_wptools_carousel_image_item][et_pb_wptools_carousel_image_item src=\u00bbhttps:\/\/fundacioncodigos.org\/wp-content\/uploads\/2020\/06\/conferencia-alerta-global-con-luis-seguessa-en-liga.jpg\u00bb alt=\u00bbconferencia alerta global con luis seguessa en liga\u00bb admin_label=\u00bbconferencia alerta global con luis seguessa en liga\u00bb _builder_version=\u00bb4.27.4&#8243; global_colors_info=\u00bb{}\u00bb][\/et_pb_wptools_carousel_image_item][et_pb_wptools_carousel_image_item src=\u00bbhttps:\/\/fundacioncodigos.org\/wp-content\/uploads\/2020\/06\/Conferencia-Alerta-Global-con-Luis-Seguessa-en-St-Claires-College-de-Punta-del-Este.jpg\u00bb alt=\u00bbConferencia Alerta Global con Luis Seguessa en St Claires College de Punta del Este\u00bb admin_label=\u00bbConferencia Alerta Global con Luis Seguessa en St Claires College de Punta del Este\u00bb _builder_version=\u00bb4.4.8&#8243; global_colors_info=\u00bb{}\u00bb][\/et_pb_wptools_carousel_image_item][et_pb_wptools_carousel_image_item src=\u00bbhttps:\/\/fundacioncodigos.org\/wp-content\/uploads\/2020\/06\/Conferencia-Alerta-GLobal-de-Luis-Seguessa-en-Hotel-AWA-Punta-del-Este.jpg\u00bb alt=\u00bbConferencia Alerta GLobal de Luis Seguessa en Hotel AWA Punta del Este\u00bb admin_label=\u00bbConferencia Alerta GLobal de Luis Seguessa en Hotel AWA Punta del Este\u00bb _builder_version=\u00bb4.4.8&#8243; global_colors_info=\u00bb{}\u00bb][\/et_pb_wptools_carousel_image_item][et_pb_wptools_carousel_image_item src=\u00bbhttps:\/\/fundacioncodigos.org\/wp-content\/uploads\/2020\/06\/Conferencia-Alerta-Global-de-Luis-Seguessa-en-el-Argentino-Hotel-de-Piriapolis.jpg\u00bb alt=\u00bbConferencia Alerta Global de Luis Seguessa en el Argentino Hotel de Piriapolis\u00bb admin_label=\u00bbConferencia Alerta Global de Luis Seguessa en el Argentino Hotel de Piriapolis\u00bb _builder_version=\u00bb4.4.8&#8243; global_colors_info=\u00bb{}\u00bb][\/et_pb_wptools_carousel_image_item][et_pb_wptools_carousel_image_item src=\u00bbhttps:\/\/fundacioncodigos.org\/wp-content\/uploads\/2020\/06\/Conferencia-Alerta-Global-de-la-Fundaci\u00f3n-Codigos-en-Grand-Hyatt-Sao-Paulo.jpg\u00bb alt=\u00bbConferencia Alerta Global de la Fundaci\u00f3n Codigos en Grand Hyatt Sao Paulo\u00bb admin_label=\u00bbConferencia Alerta Global de la Fundaci\u00f3n Codigos en Grand Hyatt Sao Paulo\u00bb _builder_version=\u00bb4.4.8&#8243; global_colors_info=\u00bb{}\u00bb][\/et_pb_wptools_carousel_image_item][et_pb_wptools_carousel_image_item src=\u00bbhttps:\/\/fundacioncodigos.org\/wp-content\/uploads\/2020\/06\/Conferencia-Alerta-Global-de-Luis-Seguessa-en-el-hotel-Barradas-de-Punta-del-Este.jpg\u00bb alt=\u00bbConferencia Alerta Global de Luis Seguessa en el hotel Barradas de Punta del Este\u00bb admin_label=\u00bbConferencia Alerta Global de Luis Seguessa en el hotel Barradas de Punta del Este\u00bb _builder_version=\u00bb4.4.8&#8243; global_colors_info=\u00bb{}\u00bb][\/et_pb_wptools_carousel_image_item][et_pb_wptools_carousel_image_item src=\u00bbhttps:\/\/fundacioncodigos.org\/wp-content\/uploads\/2020\/06\/Conferencia-Alerta-Global-de-Luis-Seguessa-en-Porto-Alegre.jpg\u00bb alt=\u00bbConferencia Alerta Global de Luis Seguessa en Porto Alegre\u00bb admin_label=\u00bbConferencia Alerta Global de Luis Seguessa en Porto Alegre\u00bb _builder_version=\u00bb4.4.8&#8243; global_colors_info=\u00bb{}\u00bb][\/et_pb_wptools_carousel_image_item][et_pb_wptools_carousel_image_item src=\u00bbhttps:\/\/fundacioncodigos.org\/wp-content\/uploads\/2020\/06\/Conferencia-Alerta-Global-de-Luis-Seguessa-en-Teatro-La-Comedia-de-Rosario.jpg\u00bb alt=\u00bbConferencia Alerta Global de Luis Seguessa en Teatro La Comedia de Rosario\u00bb admin_label=\u00bbConferencia Alerta Global de Luis Seguessa en Teatro La Comedia de Rosario\u00bb _builder_version=\u00bb4.4.8&#8243; global_colors_info=\u00bb{}\u00bb][\/et_pb_wptools_carousel_image_item][et_pb_wptools_carousel_image_item src=\u00bbhttps:\/\/fundacioncodigos.org\/wp-content\/uploads\/2020\/06\/Conferencia-Alerta-Global-en-escuela-con-Luis-Seguessa.jpg\u00bb alt=\u00bbConferencia Alerta Global en escuela con Luis Seguessa\u00bb admin_label=\u00bbConferencia Alerta Global en escuela con Luis Seguessa\u00bb _builder_version=\u00bb4.4.8&#8243; global_colors_info=\u00bb{}\u00bb][\/et_pb_wptools_carousel_image_item][et_pb_wptools_carousel_image_item src=\u00bbhttps:\/\/fundacioncodigos.org\/wp-content\/uploads\/2020\/06\/Conferencia-Alerta-Global-en-escuela-de-maldonado-con-luis-seguessa-1.jpg\u00bb alt=\u00bbConferencia Alerta Global en escuela de Maldonado con luis seguessa\u00bb admin_label=\u00bbConferencia Alerta Global en escuela de Maldonado con luis seguessa\u00bb _builder_version=\u00bb4.4.8&#8243; global_colors_info=\u00bb{}\u00bb][\/et_pb_wptools_carousel_image_item][et_pb_wptools_carousel_image_item src=\u00bbhttps:\/\/fundacioncodigos.org\/wp-content\/uploads\/2020\/06\/conferencia-alerta-global-de-luis-seguessa-en-la-capital-de-rosario.jpg\u00bb alt=\u00bbconferencia alerta global de luis seguessa en la capital de rosario\u00bb admin_label=\u00bbconferencia alerta global de luis seguessa en la capital de rosario\u00bb _builder_version=\u00bb4.4.8&#8243; global_colors_info=\u00bb{}\u00bb][\/et_pb_wptools_carousel_image_item][et_pb_wptools_carousel_image_item src=\u00bbhttps:\/\/fundacioncodigos.org\/wp-content\/uploads\/2020\/06\/Conferencia-Alerta-Global-en-escuela-primaria-Uruguay.jpg\u00bb alt=\u00bbConferencia Alerta Global en escuela primaria, Uruguay\u00bb admin_label=\u00bbConferencia Alerta Global en escuela primaria, Uruguay\u00bb _builder_version=\u00bb4.4.8&#8243; global_colors_info=\u00bb{}\u00bb][\/et_pb_wptools_carousel_image_item][et_pb_wptools_carousel_image_item src=\u00bbhttps:\/\/fundacioncodigos.org\/wp-content\/uploads\/2020\/06\/Conferencia-Alerta-Global-en-Liga-de-Punta-del-Este.jpg\u00bb alt=\u00bbConferencia Alerta Global en la Liga de Punta del Este\u00bb admin_label=\u00bbConferencia Alerta Global en la Liga de Punta del Este\u00bb _builder_version=\u00bb4.27.4&#8243; global_colors_info=\u00bb{}\u00bb][\/et_pb_wptools_carousel_image_item][et_pb_wptools_carousel_image_item src=\u00bbhttps:\/\/fundacioncodigos.org\/wp-content\/uploads\/2020\/06\/Conferencia-Alerta-Global-en-la-Universidad-de-Congreso-en-Mendoza.jpg\u00bb alt=\u00bbConferencia Alerta Global en la Universidad de Congreso en Mendoza\u00bb admin_label=\u00bbConferencia Alerta Global en la Universidad de Congreso en Mendoza\u00bb _builder_version=\u00bb4.4.8&#8243; global_colors_info=\u00bb{}\u00bb][\/et_pb_wptools_carousel_image_item][et_pb_wptools_carousel_image_item src=\u00bbhttps:\/\/fundacioncodigos.org\/wp-content\/uploads\/2020\/06\/Conferencia-Alerta-Global-en-Liceo-de-San-Carlos.jpg\u00bb alt=\u00bbConferencia Alerta Global en Liceo de San Carlos\u00bb admin_label=\u00bbConferencia Alerta Global en Liceo de San Carlos\u00bb _builder_version=\u00bb4.4.8&#8243; global_colors_info=\u00bb{}\u00bb][\/et_pb_wptools_carousel_image_item][et_pb_wptools_carousel_image_item src=\u00bbhttps:\/\/fundacioncodigos.org\/wp-content\/uploads\/2020\/06\/Conferencia-alerta-global-en-liga-punta-del-este.jpg\u00bb alt=\u00bbConferencia alerta global en liga punta del este\u00bb admin_label=\u00bbConferencia alerta global en liga punta del este\u00bb _builder_version=\u00bb4.27.4&#8243; global_colors_info=\u00bb{}\u00bb][\/et_pb_wptools_carousel_image_item][et_pb_wptools_carousel_image_item src=\u00bbhttps:\/\/fundacioncodigos.org\/wp-content\/uploads\/2020\/06\/conferencia-alerta-global-en-liga-de-fomento-punta-del-este.jpg\u00bb alt=\u00bbconferencia alerta global en liga de fomento punta del este\u00bb admin_label=\u00bbconferencia alerta global en liga de fomento punta del este\u00bb _builder_version=\u00bb4.27.4&#8243; global_colors_info=\u00bb{}\u00bb][\/et_pb_wptools_carousel_image_item][et_pb_wptools_carousel_image_item src=\u00bbhttps:\/\/fundacioncodigos.org\/wp-content\/uploads\/2020\/06\/Conferencia-en-Liga-de-Punta-del-Este-2012.jpg\u00bb alt=\u00bbConferencia en Liga de Punta del Este 2012&#8243; admin_label=\u00bbConferencia en Liga de Punta del Este 2012&#8243; _builder_version=\u00bb4.27.4&#8243; global_colors_info=\u00bb{}\u00bb][\/et_pb_wptools_carousel_image_item][et_pb_wptools_carousel_image_item src=\u00bbhttps:\/\/fundacioncodigos.org\/wp-content\/uploads\/2020\/06\/Conferencia-Alerta-Global-en-Punta-del-Este-Luis-Seguessa-1.jpg\u00bb alt=\u00bbconferencia alerta global de luis seguessa en Punta del Este\u00bb admin_label=\u00bbconferencia alerta global de luis seguessa en Punta del Este\u00bb _builder_version=\u00bb4.4.8&#8243; global_colors_info=\u00bb{}\u00bb][\/et_pb_wptools_carousel_image_item][et_pb_wptools_carousel_image_item src=\u00bbhttps:\/\/fundacioncodigos.org\/wp-content\/uploads\/2020\/06\/Conferencia-Alerta-Global-en-Salta-Luis-Seguessa.jpg\u00bb alt=\u00bbConferencia Alerta Global en Salta Luis Seguessa\u00bb admin_label=\u00bbConferencia Alerta Global en Salta Luis Seguessa\u00bb _builder_version=\u00bb4.4.8&#8243; global_colors_info=\u00bb{}\u00bb][\/et_pb_wptools_carousel_image_item][et_pb_wptools_carousel_image_item src=\u00bbhttps:\/\/fundacioncodigos.org\/wp-content\/uploads\/2020\/06\/Conferencia-Alerta-Global-en-San-Pablo-1.jpg\u00bb alt=\u00bbConferencia Alerta Global en San Pablo\u00bb admin_label=\u00bbConferencia Alerta Global en San Pablo\u00bb _builder_version=\u00bb4.4.8&#8243; global_colors_info=\u00bb{}\u00bb][\/et_pb_wptools_carousel_image_item][et_pb_wptools_carousel_image_item src=\u00bbhttps:\/\/fundacioncodigos.org\/wp-content\/uploads\/2020\/06\/Conferencia-Alerta-Global-en-Santiago-del-Estero.jpg\u00bb alt=\u00bbConferencia Alerta Global en Santiago del Estero\u00bb admin_label=\u00bbConferencia Alerta Global en Santiago del Estero\u00bb _builder_version=\u00bb4.4.8&#8243; global_colors_info=\u00bb{}\u00bb][\/et_pb_wptools_carousel_image_item][et_pb_wptools_carousel_image_item src=\u00bbhttps:\/\/fundacioncodigos.org\/wp-content\/uploads\/2020\/06\/conferencia-alerta-global-fundacion-codigos-luis-seguessa.jpg\u00bb alt=\u00bbconferencia alerta global, fundaci\u00f3n c\u00f3digos, luis seguessa\u00bb admin_label=\u00bbconferencia alerta global, fundaci\u00f3n c\u00f3digos, luis seguessa\u00bb _builder_version=\u00bb4.4.8&#8243; global_colors_info=\u00bb{}\u00bb][\/et_pb_wptools_carousel_image_item][et_pb_wptools_carousel_image_item src=\u00bbhttps:\/\/fundacioncodigos.org\/wp-content\/uploads\/2020\/06\/Conferencia-Alerta-Global-Luis-Seguessa-en-el-Auditorio-del-diario-La-Capital.jpg\u00bb alt=\u00bbConferencia Alerta Global, Luis Seguessa en el Auditorio del diario La Capital\u00bb admin_label=\u00bbConferencia Alerta Global, Luis Seguessa en el Auditorio del diario La Capital\u00bb _builder_version=\u00bb4.4.8&#8243; global_colors_info=\u00bb{}\u00bb][\/et_pb_wptools_carousel_image_item][et_pb_wptools_carousel_image_item src=\u00bbhttps:\/\/fundacioncodigos.org\/wp-content\/uploads\/2020\/06\/Conferencia-Alerta-Global-Luis-Seguessa-Fundacion-Codigos-en-Grand-Hyatt-Sao-Paulo-2.jpg\u00bb alt=\u00bbConferencia Alerta Global, Luis Seguessa, Fundacion Codigos,  en Grand Hyatt Sao Paulo  2&#8243; admin_label=\u00bbConferencia Alerta Global, Luis Seguessa, Fundacion Codigos,  en Grand Hyatt Sao Paulo  2&#8243; _builder_version=\u00bb4.4.8&#8243; global_colors_info=\u00bb{}\u00bb][\/et_pb_wptools_carousel_image_item][et_pb_wptools_carousel_image_item src=\u00bbhttps:\/\/fundacioncodigos.org\/wp-content\/uploads\/2020\/06\/Conferencia-Alerta-Global-Luis-Seguessa-Fundacion-Codigos-en-Grand-Hyatt-Sao-Paulo-Ricardo-Macchi.jpg\u00bb alt=\u00bbConferencia Alerta Global, Luis Seguessa, Fundaci\u00f3n C\u00f3digos,  en Grand Hyatt Sao Paulo Ricardo Macchi\u00bb admin_label=\u00bbConferencia Alerta Global, Luis Seguessa, Fundaci\u00f3n C\u00f3digos,  en Grand Hyatt Sao Paulo Ricardo Macchi\u00bb _builder_version=\u00bb4.4.8&#8243; global_colors_info=\u00bb{}\u00bb][\/et_pb_wptools_carousel_image_item][et_pb_wptools_carousel_image_item src=\u00bbhttps:\/\/fundacioncodigos.org\/wp-content\/uploads\/2020\/06\/CONFERENCIA-alerta-global-luis-seguessa-LIGA-DE-Punta-del-Este.jpg\u00bb alt=\u00bbCONFERENCIA alerta global luis seguessa  LIGA DE  Punta del Este\u00bb admin_label=\u00bbCONFERENCIA alerta global luis seguessa  LIGA DE  Punta del Este\u00bb _builder_version=\u00bb4.27.4&#8243; global_colors_info=\u00bb{}\u00bb][\/et_pb_wptools_carousel_image_item][et_pb_wptools_carousel_image_item src=\u00bbhttps:\/\/fundacioncodigos.org\/wp-content\/uploads\/2020\/06\/conferencia-alerta-global-luis-seguessa-y-graciela-borges.jpg\u00bb alt=\u00bbconferencia alerta global luis seguessa y graciela borges\u00bb admin_label=\u00bbconferencia alerta global luis seguessa y graciela borges\u00bb _builder_version=\u00bb4.4.8&#8243; global_colors_info=\u00bb{}\u00bb][\/et_pb_wptools_carousel_image_item][et_pb_wptools_carousel_image_item src=\u00bbhttps:\/\/fundacioncodigos.org\/wp-content\/uploads\/2020\/06\/Conferencia-de-la-Fundaci\u00f3n-C\u00f3digos-Luis-Seguessa-en-el-hotel-awa-de-punta-del-este.jpg\u00bb alt=\u00bbConferencia de la Fundaci\u00f3n C\u00f3digos, Luis Seguessa, en el hotel awa de punta del este\u00bb admin_label=\u00bbConferencia de la Fundaci\u00f3n C\u00f3digos, Luis Seguessa, en el hotel awa de punta del este\u00bb _builder_version=\u00bb4.4.8&#8243; global_colors_info=\u00bb{}\u00bb][\/et_pb_wptools_carousel_image_item][et_pb_wptools_carousel_image_item src=\u00bbhttps:\/\/fundacioncodigos.org\/wp-content\/uploads\/2020\/06\/conferencia-de-fundacion-codigos-luis-seguessa-en-punta-del-este.jpg\u00bb alt=\u00bbconferencia de fundacion codigos, luis seguessa en punta del este\u00bb admin_label=\u00bbconferencia de fundacion codigos, luis seguessa en punta del este\u00bb _builder_version=\u00bb4.4.8&#8243; global_colors_info=\u00bb{}\u00bb][\/et_pb_wptools_carousel_image_item][et_pb_wptools_carousel_image_item src=\u00bbhttps:\/\/fundacioncodigos.org\/wp-content\/uploads\/2020\/06\/conferencia-de-luis-seguessa-en-santiago-del-estero.jpg\u00bb alt=\u00bbconferencia de luis seguessa en santiago del estero\u00bb admin_label=\u00bbconferencia de luis seguessa en santiago del estero\u00bb _builder_version=\u00bb4.4.8&#8243; global_colors_info=\u00bb{}\u00bb][\/et_pb_wptools_carousel_image_item][et_pb_wptools_carousel_image_item src=\u00bbhttps:\/\/fundacioncodigos.org\/wp-content\/uploads\/2020\/06\/Conferencia-de-Prensa-en-Argentina-2012.jpg\u00bb alt=\u00bbConferencia de Prensa en Argentina 2012&#8243; admin_label=\u00bbConferencia de Prensa en Argentina 2012&#8243; _builder_version=\u00bb4.4.8&#8243; global_colors_info=\u00bb{}\u00bb][\/et_pb_wptools_carousel_image_item][et_pb_wptools_carousel_image_item src=\u00bbhttps:\/\/fundacioncodigos.org\/wp-content\/uploads\/2020\/06\/Conferencia-en-Escuela-de-Maldonado-Uruguay-2012.jpg\u00bb alt=\u00bbConferencia en Escuela de Maldonado, Uruguay, 2012&#8243; admin_label=\u00bbConferencia en Escuela de Maldonado, Uruguay, 2012&#8243; _builder_version=\u00bb4.4.8&#8243; global_colors_info=\u00bb{}\u00bb][\/et_pb_wptools_carousel_image_item][et_pb_wptools_carousel_image_item src=\u00bbhttps:\/\/fundacioncodigos.org\/wp-content\/uploads\/2020\/06\/Conferencia-en-la-Riviera-Maya-Mexico-2012.jpg\u00bb alt=\u00bbConferencia en la Riviera Maya, Mexico, 2012&#8243; admin_label=\u00bbConferencia en la Riviera Maya, Mexico, 2012&#8243; _builder_version=\u00bb4.4.8&#8243; global_colors_info=\u00bb{}\u00bb][\/et_pb_wptools_carousel_image_item][et_pb_wptools_carousel_image_item src=\u00bbhttps:\/\/fundacioncodigos.org\/wp-content\/uploads\/2020\/06\/Conferencia-en-Santiago-del-Estero-2012.jpg\u00bb alt=\u00bbConferencia en Santiago del Estero, 2012&#8243; admin_label=\u00bbConferencia en Santiago del Estero, 2012&#8243; _builder_version=\u00bb4.4.8&#8243; global_colors_info=\u00bb{}\u00bb][\/et_pb_wptools_carousel_image_item][et_pb_wptools_carousel_image_item src=\u00bbhttps:\/\/fundacioncodigos.org\/wp-content\/uploads\/2020\/06\/conferencia-prensa-luis-seguessa-en-playa-del-carmen-mexico.jpg\u00bb alt=\u00bbconferencia prensa, luis seguessa, en playa del carmen, mexico\u00bb admin_label=\u00bbconferencia prensa, luis seguessa, en playa del carmen, mexico\u00bb _builder_version=\u00bb4.4.8&#8243; global_colors_info=\u00bb{}\u00bb][\/et_pb_wptools_carousel_image_item][et_pb_wptools_carousel_image_item src=\u00bbhttps:\/\/fundacioncodigos.org\/wp-content\/uploads\/2020\/06\/CONFERENCIA-PRENSA-SAO-PAULO-2008.jpg\u00bb alt=\u00bbCONFERENCIA PRENSA SAO PAULO 2008&#8243; admin_label=\u00bbCONFERENCIA PRENSA SAO PAULO 2008&#8243; _builder_version=\u00bb4.4.8&#8243; global_colors_info=\u00bb{}\u00bb][\/et_pb_wptools_carousel_image_item][et_pb_wptools_carousel_image_item src=\u00bbhttps:\/\/fundacioncodigos.org\/wp-content\/uploads\/2020\/06\/El-corredor-Alan-Prost-y-Luis-Seguessa-en-la-Formula-E-Buenos-Aires.jpg\u00bb alt=\u00bbEl corredor Alan Prost y Luis Seguessa en la Formula E Buenos Aires\u00bb admin_label=\u00bbEl corredor Alan Prost y Luis Seguessa en la Formula E Buenos Aires\u00bb _builder_version=\u00bb4.4.8&#8243; global_colors_info=\u00bb{}\u00bb][\/et_pb_wptools_carousel_image_item][et_pb_wptools_carousel_image_item src=\u00bbhttps:\/\/fundacioncodigos.org\/wp-content\/uploads\/2020\/06\/Dolores-Barrerio-Silvina-Luna-Luis-Seguessa-el-presidente-provisional-del-senado-Gerardo-Zamora-Waldina-Rigourd-y-Gustavo-Ick.jpg\u00bb alt=\u00bbDolores Barrerio, Silvina Luna, Luis Seguessa, el presidente provisional del senado Gerardo Zamora, Waldina Rigourd y Gustavo Ick\u00bb admin_label=\u00bbDolores Barrerio, Silvina Luna, Luis Seguessa, el presidente provisional del senado Gerardo Zamora, Waldina Rigourd y Gustavo Ick\u00bb _builder_version=\u00bb4.4.8&#8243; global_colors_info=\u00bb{}\u00bb][\/et_pb_wptools_carousel_image_item][et_pb_wptools_carousel_image_item src=\u00bbhttps:\/\/fundacioncodigos.org\/wp-content\/uploads\/2020\/06\/En-Escuela-N-5-de-Punta-del-Este-2012.jpg\u00bb alt=\u00bbEn Escuela N 5 de Punta del Este 2012&#8243; admin_label=\u00bbEn Escuela N 5 de Punta del Este 2012&#8243; _builder_version=\u00bb4.4.8&#8243; global_colors_info=\u00bb{}\u00bb][\/et_pb_wptools_carousel_image_item][et_pb_wptools_carousel_image_item src=\u00bbhttps:\/\/fundacioncodigos.org\/wp-content\/uploads\/2020\/06\/El-gobernador-Gerardo-Zamora-recibi\u00f3-al-investigador-Luis-Seguessa-en-Santiago-del-Estero.jpg\u00bb alt=\u00bbEl gobernador Gerardo Zamora recibi\u00f3 al investigador  Luis Seguessa en Santiago del Estero\u00bb admin_label=\u00bbEl gobernador Gerardo Zamora recibi\u00f3 al investigador  Luis Seguessa en Santiago del Estero\u00bb _builder_version=\u00bb4.4.8&#8243; global_colors_info=\u00bb{}\u00bb][\/et_pb_wptools_carousel_image_item][et_pb_wptools_carousel_image_item src=\u00bbhttps:\/\/fundacioncodigos.org\/wp-content\/uploads\/2020\/06\/El-investigador-Luis-Seguessa-durante-la-disertacion.jpg\u00bb alt=\u00bbEl investigador Luis Seguessa  durante la disertacion\u00bb admin_label=\u00bbEl investigador Luis Seguessa  durante la disertacion\u00bb _builder_version=\u00bb4.4.8&#8243; global_colors_info=\u00bb{}\u00bb][\/et_pb_wptools_carousel_image_item][et_pb_wptools_carousel_image_item src=\u00bbhttps:\/\/fundacioncodigos.org\/wp-content\/uploads\/2020\/06\/El-Ministro-de-Economia-de-la-provincia-de-Santiago-del-Estero-Argentina-entregando-el-premio-Changuito-a-la-labor-de-Luis-Seguessa.jpg\u00bb alt=\u00bbEl Ministro de Economia de la provincia de Santiago del Estero, Argentina, entregando el premio Changuito a la labor de Luis Seguessa\u00bb admin_label=\u00bbEl Ministro de Economia de la provincia de Santiago del Estero, Argentina, entregando el premio Changuito a la labor de Luis Seguessa\u00bb _builder_version=\u00bb4.4.8&#8243; global_colors_info=\u00bb{}\u00bb][\/et_pb_wptools_carousel_image_item][et_pb_wptools_carousel_image_item src=\u00bbhttps:\/\/fundacioncodigos.org\/wp-content\/uploads\/2020\/06\/Entrevista-radial-a-Luis-Seguessa.jpg\u00bb alt=\u00bbEntrevista radial a Luis Seguessa en Mendoza\u00bb admin_label=\u00bbEntrevista radial a Luis Seguessa en Mendoza\u00bb _builder_version=\u00bb4.4.8&#8243; global_colors_info=\u00bb{}\u00bb][\/et_pb_wptools_carousel_image_item][et_pb_wptools_carousel_image_item src=\u00bbhttps:\/\/fundacioncodigos.org\/wp-content\/uploads\/2020\/06\/En-Montevideo-Sasson-Attie-representante-de-BYD-y-Luis-Seguessa-de-la-Fundacion-Codigos-Taxis-electricos.jpg\u00bb alt=\u00bbEn Montevideo, Sasson Attie, representante de BYD y Luis Seguessa de la Fundaci\u00f3n C\u00f3digos. Taxis el\u00e9ctricos\u00bb admin_label=\u00bbEn Montevideo, Sasson Attie, representante de BYD y Luis Seguessa de la Fundaci\u00f3n C\u00f3digos. Taxis el\u00e9ctricos\u00bb _builder_version=\u00bb4.4.8&#8243; global_colors_info=\u00bb{}\u00bb][\/et_pb_wptools_carousel_image_item][et_pb_wptools_carousel_image_item src=\u00bbhttps:\/\/fundacioncodigos.org\/wp-content\/uploads\/2020\/06\/Entrevista-a-Luis-Seguessa-en-Mexico.jpg\u00bb alt=\u00bbEntrevista a Luis Seguessa en Mexico\u00bb admin_label=\u00bbEntrevista a Luis Seguessa en Mexico\u00bb _builder_version=\u00bb4.4.8&#8243; global_colors_info=\u00bb{}\u00bb][\/et_pb_wptools_carousel_image_item][et_pb_wptools_carousel_image_item src=\u00bbhttps:\/\/fundacioncodigos.org\/wp-content\/uploads\/2020\/06\/Entrevista-radial-a-Luis-Seguessa-en-Mendoza.jpg\u00bb alt=\u00bbEntrevista radial a Luis Seguessa\u00bb admin_label=\u00bbEntrevista radial a Luis Seguessa\u00bb _builder_version=\u00bb4.4.8&#8243; global_colors_info=\u00bb{}\u00bb][\/et_pb_wptools_carousel_image_item][et_pb_wptools_carousel_image_item src=\u00bbhttps:\/\/fundacioncodigos.org\/wp-content\/uploads\/2020\/06\/Escuela-conferencia-de-luis-seguessa.jpg\u00bb alt=\u00bbEscuela conferencia de luis seguessa\u00bb admin_label=\u00bbEscuela conferencia de luis seguessa\u00bb _builder_version=\u00bb4.4.8&#8243; global_colors_info=\u00bb{}\u00bb][\/et_pb_wptools_carousel_image_item][et_pb_wptools_carousel_image_item src=\u00bbhttps:\/\/fundacioncodigos.org\/wp-content\/uploads\/2020\/06\/Escuela-de-Uruguay-recibe-conferencia-alerta-global-de-Luis-Seguessa.jpg\u00bb alt=\u00bbEscuela de Uruguay recibe conferencia alerta global de Luis Seguessa\u00bb admin_label=\u00bbEscuela de Uruguay recibe conferencia alerta global de Luis Seguessa\u00bb _builder_version=\u00bb4.4.8&#8243; global_colors_info=\u00bb{}\u00bb][\/et_pb_wptools_carousel_image_item][et_pb_wptools_carousel_image_item src=\u00bbhttps:\/\/fundacioncodigos.org\/wp-content\/uploads\/2020\/06\/Evento-de-Fundacion-Codigos-con-luis-seguessa-en-Punta-del-Este.jpg\u00bb alt=\u00bbEvento de Fundacion Codigos con luis seguessa en Punta del Este\u00bb admin_label=\u00bbEvento de Fundacion Codigos con luis seguessa en Punta del Este\u00bb _builder_version=\u00bb4.4.8&#8243; global_colors_info=\u00bb{}\u00bb][\/et_pb_wptools_carousel_image_item][et_pb_wptools_carousel_image_item src=\u00bbhttps:\/\/fundacioncodigos.org\/wp-content\/uploads\/2020\/06\/Festival-de-la-Cancion-en-la-conferencia-Alerta-Global-en-el-Hotel-Awa-de-Punta-del-Este.jpg\u00bb alt=\u00bbFestival de la Cancion en la conferencia Alerta Global en el Hotel Awa de Punta del Este\u00bb admin_label=\u00bbFestival de la Cancion en la conferencia Alerta Global en el Hotel Awa de Punta del Este\u00bb _builder_version=\u00bb4.4.8&#8243; global_colors_info=\u00bb{}\u00bb][\/et_pb_wptools_carousel_image_item][et_pb_wptools_carousel_image_item src=\u00bbhttps:\/\/fundacioncodigos.org\/wp-content\/uploads\/2020\/06\/Fundacion-Codigos-en-Hotel-Grand-Hyatt-Sao-Paulo.jpg\u00bb alt=\u00bbFundacion Codigos en Grand Hyatt Sao Paulo\u00bb admin_label=\u00bbFundacion Codigos en Grand Hyatt Sao Paulo\u00bb _builder_version=\u00bb4.4.8&#8243; global_colors_info=\u00bb{}\u00bb][\/et_pb_wptools_carousel_image_item][et_pb_wptools_carousel_image_item src=\u00bbhttps:\/\/fundacioncodigos.org\/wp-content\/uploads\/2020\/06\/fundacion-codigos-conferencia-alerta-global-en-teatro-la-comedia-de-rosario.jpg\u00bb alt=\u00bbfundacion codigos, conferencia alerta global en teatro la comedia de rosario\u00bb admin_label=\u00bbfundacion codigos, conferencia alerta global en teatro la comedia de rosario\u00bb _builder_version=\u00bb4.4.8&#8243; global_colors_info=\u00bb{}\u00bb][\/et_pb_wptools_carousel_image_item][et_pb_wptools_carousel_image_item src=\u00bbhttps:\/\/fundacioncodigos.org\/wp-content\/uploads\/2020\/06\/Fundacion-Codigos-Disertacion-de-Luis-Seguessa-Alerta-Global.jpg\u00bb alt=\u00bbFundaci\u00f3n C\u00f3digos.Disertaci\u00f3n de Luis Seguessa. Alerta Global\u00bb admin_label=\u00bbFundaci\u00f3n C\u00f3digos.Disertaci\u00f3n de Luis Seguessa. Alerta Global\u00bb _builder_version=\u00bb4.4.8&#8243; global_colors_info=\u00bb{}\u00bb][\/et_pb_wptools_carousel_image_item][et_pb_wptools_carousel_image_item src=\u00bbhttps:\/\/fundacioncodigos.org\/wp-content\/uploads\/2020\/06\/Gabriela-Pochinki-canta-en-conferencia-alerta-global-de-fundacion-codigos.jpg\u00bb alt=\u00bbGabriela Pochinki canta en conferencia alerta global, de la fundacion codigos\u00bb admin_label=\u00bbGabriela Pochinki canta en conferencia alerta global, de la fundacion codigos\u00bb _builder_version=\u00bb4.4.8&#8243; global_colors_info=\u00bb{}\u00bb][\/et_pb_wptools_carousel_image_item][et_pb_wptools_carousel_image_item src=\u00bbhttps:\/\/fundacioncodigos.org\/wp-content\/uploads\/2020\/06\/Fundacion-Codigos-en-Santiago-del-Estero-grupo.jpg\u00bb alt=\u00bbFundacion Codigos en Santiago del Estero\u00bb admin_label=\u00bbFundacion Codigos en Santiago del Estero\u00bb _builder_version=\u00bb4.4.8&#8243; global_colors_info=\u00bb{}\u00bb][\/et_pb_wptools_carousel_image_item][et_pb_wptools_carousel_image_item src=\u00bbhttps:\/\/fundacioncodigos.org\/wp-content\/uploads\/2020\/06\/Fundacion-Codigos-M\u00fasica-para-Todos.jpg\u00bb alt=\u00bbFundacion Codigos, M\u00fasica para Todos\u00bb admin_label=\u00bbFundacion Codigos, M\u00fasica para Todos\u00bb _builder_version=\u00bb4.27.4&#8243; global_colors_info=\u00bb{}\u00bb][\/et_pb_wptools_carousel_image_item][et_pb_wptools_carousel_image_item src=\u00bbhttps:\/\/fundacioncodigos.org\/wp-content\/uploads\/2020\/06\/Gabriel-Corrado-Luis-Seguessa-Mirtha-Legrand-Patricia-Palmer-Iliana-Calabro-y-Carlos-Di-Doemnico-en-conferencia-Alerta-Global-mar-del-plata.jpg\u00bb alt=\u00bbGabriel Corrado, Luis Seguessa, Mirtha Legrand, Patricia Palmer, Iliana Calabro y Carlos Di Doemnico en conferencia Alerta Global mar del plata\u00bb admin_label=\u00bbGabriel Corrado, Luis Seguessa, Mirtha Legrand, Patricia Palmer, Iliana Calabro y Carlos Di Doemnico en conferencia Alerta Global mar del plata\u00bb _builder_version=\u00bb4.4.8&#8243; global_colors_info=\u00bb{}\u00bb][\/et_pb_wptools_carousel_image_item][et_pb_wptools_carousel_image_item src=\u00bbhttps:\/\/fundacioncodigos.org\/wp-content\/uploads\/2020\/06\/Gala-de-la-formula-e-en-Punta-del-Este-Fundacion-Codigos.jpg\u00bb alt=\u00bbGala de la formula e en Punta del Este. Fundacion Codigos\u00bb admin_label=\u00bbGala de la formula e en Punta del Este. Fundacion Codigos\u00bb _builder_version=\u00bb4.4.8&#8243; global_colors_info=\u00bb{}\u00bb][\/et_pb_wptools_carousel_image_item][et_pb_wptools_carousel_image_item src=\u00bbhttps:\/\/fundacioncodigos.org\/wp-content\/uploads\/2020\/06\/Gabriel-Corrado-Luis-Seguessa-y-Mirtha-Legrand.jpg\u00bb alt=\u00bbGabriel Corrado, Luis Seguessa y Mirtha Legrand\u00bb admin_label=\u00bbGabriel Corrado, Luis Seguessa y Mirtha Legrand\u00bb _builder_version=\u00bb4.4.8&#8243; global_colors_info=\u00bb{}\u00bb][\/et_pb_wptools_carousel_image_item][et_pb_wptools_carousel_image_item src=\u00bbhttps:\/\/fundacioncodigos.org\/wp-content\/uploads\/2020\/06\/gala-de-la-formula-E-Alejandro-Agag-y-Luis-Seguessa.jpg\u00bb alt=\u00bbgala de la formula E, Alejandro Agag y Luis Seguessa\u00bb admin_label=\u00bbgala de la formula E, Alejandro Agag y Luis Seguessa\u00bb _builder_version=\u00bb4.4.8&#8243; global_colors_info=\u00bb{}\u00bb][\/et_pb_wptools_carousel_image_item][et_pb_wptools_carousel_image_item src=\u00bbhttps:\/\/fundacioncodigos.org\/wp-content\/uploads\/2020\/06\/Graciela-Borges-Luis-Seguessa-y-Eduardo-Pla.jpg\u00bb alt=\u00bbGraciela Borges, Luis Seguessa y Eduardo Pla\u00bb admin_label=\u00bbGraciela Borges, Luis Seguessa y Eduardo Pla\u00bb _builder_version=\u00bb4.4.8&#8243; global_colors_info=\u00bb{}\u00bb][\/et_pb_wptools_carousel_image_item][et_pb_wptools_carousel_image_item src=\u00bbhttps:\/\/fundacioncodigos.org\/wp-content\/uploads\/2020\/06\/Grand-Hyatt-Sao-Paulo-Conferencia-Alerta-Global-con-Luis-Seguessa-Beth-Szafir-Ricardo-Macchi.jpg\u00bb alt=\u00bbGrand Hyatt Sao Paulo. Conferencia Alerta Global con Luis Seguessa, Beth Szafir, Ricardo Macchi\u00bb admin_label=\u00bbGrand Hyatt Sao Paulo. Conferencia Alerta Global con Luis Seguessa, Beth Szafir, Ricardo Macchi\u00bb _builder_version=\u00bb4.4.8&#8243; global_colors_info=\u00bb{}\u00bb][\/et_pb_wptools_carousel_image_item][et_pb_wptools_carousel_image_item src=\u00bbhttps:\/\/fundacioncodigos.org\/wp-content\/uploads\/2020\/06\/Grupo-Unificado-Porto-Alegre-Conferencia-del-investigador-Luis-Seguessa-.jpg\u00bb alt=\u00bbGrupo Unificado, Porto Alegre. Conferencia del investigador Luis Seguessa.\u00bb admin_label=\u00bbGrupo Unificado, Porto Alegre. Conferencia del investigador Luis Seguessa.\u00bb _builder_version=\u00bb4.4.8&#8243; global_colors_info=\u00bb{}\u00bb][\/et_pb_wptools_carousel_image_item][et_pb_wptools_carousel_image_item src=\u00bbhttps:\/\/fundacioncodigos.org\/wp-content\/uploads\/2020\/06\/gustavo-trelles-y-luis-seguessa-en-conferencia-alerta-global.jpg\u00bb alt=\u00bbgustavo trelles y luis seguessa en conferencia alerta global\u00bb admin_label=\u00bbgustavo trelles y luis seguessa en conferencia alerta global\u00bb _builder_version=\u00bb4.4.8&#8243; global_colors_info=\u00bb{}\u00bb][\/et_pb_wptools_carousel_image_item][et_pb_wptools_carousel_image_item src=\u00bbhttps:\/\/fundacioncodigos.org\/wp-content\/uploads\/2020\/06\/Jose-Lefose-Javier-Rojas-Oscar-Valdez-Luis-Seguessa-y-Milton-Santana-en-Fundacion-Codigos-Punta-del-Este.jpg\u00bb alt=\u00bbJose Lefose, Javier Rojas, Oscar Valdez, Luis Seguessa y Milton Santana en Fundacion Codigos Punta del Este\u00bb admin_label=\u00bbJose Lefose, Javier Rojas, Oscar Valdez, Luis Seguessa y Milton Santana en Fundacion Codigos Punta del Este\u00bb _builder_version=\u00bb4.4.8&#8243; global_colors_info=\u00bb{}\u00bb][\/et_pb_wptools_carousel_image_item][et_pb_wptools_carousel_image_item src=\u00bbhttps:\/\/fundacioncodigos.org\/wp-content\/uploads\/2020\/06\/heloisa-calheiros-ago-paes-claudia-hernandez-y-marga-pomi.jpg\u00bb alt=\u00bbheloisa calheiros, ago paes, claudia hernandez y marga pomi\u00bb admin_label=\u00bbheloisa calheiros, ago paes, claudia hernandez y marga pomi\u00bb _builder_version=\u00bb4.4.8&#8243; global_colors_info=\u00bb{}\u00bb][\/et_pb_wptools_carousel_image_item][et_pb_wptools_carousel_image_item src=\u00bbhttps:\/\/fundacioncodigos.org\/wp-content\/uploads\/2020\/06\/La-conductora-de-TV-Mirtha-Legrand-en-la-conferencia-alerta-global-de-la-fundacion-codigos-en-Mar-del-Plata.jpg\u00bb alt=\u00bbLa conductora de TV Mirtha Legrand en la conferencia alerta global de la fundacion codigos en Mar del Plata\u00bb admin_label=\u00bbLa actriz Graciela Borges apoyando la labor de Luis Seguessa por un mundo mejor\u00bb _builder_version=\u00bb4.4.8&#8243; global_colors_info=\u00bb{}\u00bb][\/et_pb_wptools_carousel_image_item][et_pb_wptools_carousel_image_item src=\u00bbhttps:\/\/fundacioncodigos.org\/wp-content\/uploads\/2020\/06\/La-actriz-Graciela-Borges-apoyando-la-labor-de-Luis-Seguessa-por-un-mundo-mejor.jpg\u00bb alt=\u00bbLa actriz Graciela Borges apoyando la labor de Luis Seguessa por un mundo mejor\u00bb admin_label=\u00bbLa actriz Graciela Borges apoyando la labor de Luis Seguessa por un mundo mejor\u00bb _builder_version=\u00bb4.4.8&#8243; global_colors_info=\u00bb{}\u00bb][\/et_pb_wptools_carousel_image_item][et_pb_wptools_carousel_image_item src=\u00bbhttps:\/\/fundacioncodigos.org\/wp-content\/uploads\/2020\/06\/Lanzamiento-de-camionetas-electricas-de-UTE-en-Montevideo-Luis-Seguessa.jpg\u00bb alt=\u00bbLanzamiento de camionetas electricas de UTE en Montevideo. Luis Seguessa\u00bb admin_label=\u00bbLanzamiento de camionetas electricas de UTE en Montevideo. Luis Seguessa\u00bb _builder_version=\u00bb4.4.8&#8243; global_colors_info=\u00bb{}\u00bb][\/et_pb_wptools_carousel_image_item][et_pb_wptools_carousel_image_item src=\u00bbhttps:\/\/fundacioncodigos.org\/wp-content\/uploads\/2020\/06\/Las-representantes-de-Panama-y-Brasil-durante-la-conferencia-Alerta-Global-de-la-Fundaci\u00f3n-Codigos-en-Punta-del-Este.jpg\u00bb alt=\u00bbLas representantes de Panama y Brasil durante la conferencia Alerta Global de la Fundaci\u00f3n Codigos en Punta del Este\u00bb admin_label=\u00bbLas representantes de Panama y Brasil durante la conferencia Alerta Global de la Fundaci\u00f3n Codigos en Punta del Este\u00bb _builder_version=\u00bb4.4.8&#8243; global_colors_info=\u00bb{}\u00bb][\/et_pb_wptools_carousel_image_item][et_pb_wptools_carousel_image_item src=\u00bbhttps:\/\/fundacioncodigos.org\/wp-content\/uploads\/2020\/06\/lanzamiento-de-omnibus-electricos-en-montevideo.jpg\u00bb alt=\u00bblanzamiento de omnibus electricos en montevideo\u00bb admin_label=\u00bblanzamiento de omnibus electricos en montevideo\u00bb _builder_version=\u00bb4.4.8&#8243; global_colors_info=\u00bb{}\u00bb][\/et_pb_wptools_carousel_image_item][et_pb_wptools_carousel_image_item src=\u00bbhttps:\/\/fundacioncodigos.org\/wp-content\/uploads\/2020\/06\/Lucho-Aviles-Luis-Seguessa-Silvina-Luna-y-Marcelo-Polino.jpg\u00bb alt=\u00bbLucho Aviles, Luis Seguessa, Silvina Luna y Marcelo Polino\u00bb admin_label=\u00bbLucho Aviles, Luis Seguessa, Silvina Luna y Marcelo Polino\u00bb _builder_version=\u00bb4.4.8&#8243; global_colors_info=\u00bb{}\u00bb][\/et_pb_wptools_carousel_image_item][et_pb_wptools_carousel_image_item src=\u00bbhttps:\/\/fundacioncodigos.org\/wp-content\/uploads\/2020\/06\/Liceo-1-Conferencia-Alerta-Global-de-Fundaci\u00f3n-C\u00f3digos-Luis-Seguessa.jpg\u00bb alt=\u00bbLiceo 1. Conferencia Alerta Global de Fundaci\u00f3n C\u00f3digos,  Luis Seguessa\u00bb admin_label=\u00bbLiceo 1. Conferencia Alerta Global de Fundaci\u00f3n C\u00f3digos,  Luis Seguessa\u00bb _builder_version=\u00bb4.4.8&#8243; global_colors_info=\u00bb{}\u00bb][\/et_pb_wptools_carousel_image_item][et_pb_wptools_carousel_image_item src=\u00bbhttps:\/\/fundacioncodigos.org\/wp-content\/uploads\/2020\/06\/Luis-Seguessa-con-Alicia-Bederian-Arcani-para-canal-metro-y-canal-11-de-punta-del-este-uruguay.jpg\u00bb alt=\u00bbLuis Seguessa con Alicia Bederian Arcani para canal metro y canal 11 de punta del este,  uruguay\u00bb admin_label=\u00bbLuis Seguessa con Alicia Bederian Arcani para canal metro y canal 11 de punta del este,  uruguay\u00bb _builder_version=\u00bb4.4.8&#8243; global_colors_info=\u00bb{}\u00bb][\/et_pb_wptools_carousel_image_item][et_pb_wptools_carousel_image_item src=\u00bbhttps:\/\/fundacioncodigos.org\/wp-content\/uploads\/2020\/06\/Luis-Seguessa-claudia-zamora-y-silvina-luna.jpg\u00bb alt=\u00bbLuis Seguessa, claudia zamora y silvina luna\u00bb admin_label=\u00bbLuis Seguessa, claudia zamora y silvina luna\u00bb _builder_version=\u00bb4.4.8&#8243; global_colors_info=\u00bb{}\u00bb][\/et_pb_wptools_carousel_image_item][et_pb_wptools_carousel_image_item src=\u00bbhttps:\/\/fundacioncodigos.org\/wp-content\/uploads\/2020\/06\/Luis-Seguessa-con-el-ministro-Atilio-Chara-y-Federico-Orellana.jpg\u00bb alt=\u00bbLuis Seguessa con el ministro Atilio Chara y Federico Orellana\u00bb admin_label=\u00bbLuis Seguessa con el ministro Atilio Chara y Federico Orellana\u00bb _builder_version=\u00bb4.4.8&#8243; global_colors_info=\u00bb{}\u00bb][\/et_pb_wptools_carousel_image_item][et_pb_wptools_carousel_image_item src=\u00bbhttps:\/\/fundacioncodigos.org\/wp-content\/uploads\/2020\/06\/luis-seguessa-disertando-en-el-sheraton-de-asuncion-paraguay.jpg\u00bb alt=\u00bbluis seguessa disertando en el sheraton de asuncion, paraguay\u00bb admin_label=\u00bbluis seguessa disertando en el sheraton de asuncion, paraguay\u00bb _builder_version=\u00bb4.4.8&#8243; global_colors_info=\u00bb{}\u00bb][\/et_pb_wptools_carousel_image_item][et_pb_wptools_carousel_image_item src=\u00bbhttps:\/\/fundacioncodigos.org\/wp-content\/uploads\/2020\/06\/Luis-Seguessa-con-Fanny-Mandelbaum.jpg\u00bb alt=\u00bbLuis Seguessa con Fanny Mandelbaum\u00bb admin_label=\u00bbLuis Seguessa con Fanny Mandelbaum\u00bb _builder_version=\u00bb4.4.8&#8243; global_colors_info=\u00bb{}\u00bb][\/et_pb_wptools_carousel_image_item][et_pb_wptools_carousel_image_item src=\u00bbhttps:\/\/fundacioncodigos.org\/wp-content\/uploads\/2020\/06\/luis-seguessa-con-la-conductora-de-tv-rosana-beni.jpg\u00bb alt=\u00bbluis seguessa con la conductora de tv rosana beni\u00bb admin_label=\u00bbluis seguessa con la conductora de tv rosana beni\u00bb _builder_version=\u00bb4.4.8&#8243; global_colors_info=\u00bb{}\u00bb][\/et_pb_wptools_carousel_image_item][et_pb_wptools_carousel_image_item src=\u00bbhttps:\/\/fundacioncodigos.org\/wp-content\/uploads\/2020\/06\/luis-seguessa-disertando-en-grupo-unificado-en-porto-alegre.jpg\u00bb alt=\u00bbluis seguessa disertando en grupo unificado en porto alegre\u00bb admin_label=\u00bbluis seguessa disertando en grupo unificado en porto alegre\u00bb _builder_version=\u00bb4.4.8&#8243; global_colors_info=\u00bb{}\u00bb][\/et_pb_wptools_carousel_image_item][et_pb_wptools_carousel_image_item src=\u00bbhttps:\/\/fundacioncodigos.org\/wp-content\/uploads\/2020\/06\/Luis-Seguessa-en-conferencia-de-prensa-en-la-ciudad-de-Salta-Argentina.jpg\u00bb alt=\u00bbLuis Seguessa en conferencia de prensa en la ciudad de Salta, Argentina\u00bb admin_label=\u00bbLuis Seguessa en conferencia de prensa en la ciudad de Salta, Argentina\u00bb _builder_version=\u00bb4.4.8&#8243; global_colors_info=\u00bb{}\u00bb][\/et_pb_wptools_carousel_image_item][et_pb_wptools_carousel_image_item src=\u00bbhttps:\/\/fundacioncodigos.org\/wp-content\/uploads\/2020\/06\/Luis-Seguessa-en-Better-Place-Israel-filmando-para-su-programa-de-TV.jpg\u00bb alt=\u00bbLuis Seguessa en Better Place Israel filmando para su programa de TV\u00bb admin_label=\u00bbLuis Seguessa en Better Place Israel filmando para su programa de TV\u00bb _builder_version=\u00bb4.4.8&#8243; global_colors_info=\u00bb{}\u00bb][\/et_pb_wptools_carousel_image_item][et_pb_wptools_carousel_image_item src=\u00bbhttps:\/\/fundacioncodigos.org\/wp-content\/uploads\/2020\/06\/Luis-Seguessa-en-Casa-de-Gobierno-de-Mendoza-Argentina.jpg\u00bb alt=\u00bbLuis Seguessa en Casa de Gobierno de Mendoza, Argentina\u00bb admin_label=\u00bbLuis Seguessa en Casa de Gobierno de Mendoza, Argentina\u00bb _builder_version=\u00bb4.4.8&#8243; global_colors_info=\u00bb{}\u00bb][\/et_pb_wptools_carousel_image_item][et_pb_wptools_carousel_image_item src=\u00bbhttps:\/\/fundacioncodigos.org\/wp-content\/uploads\/2020\/06\/Luis-Seguessa-en-entrevista-en-la-television-de-Cuzco-Perru.jpg\u00bb alt=\u00bbLuis Seguessa en entrevista en la television de Cuzco, Perru\u00bb admin_label=\u00bbLuis Seguessa en entrevista en la television de Cuzco, Perru\u00bb _builder_version=\u00bb4.4.8&#8243; global_colors_info=\u00bb{}\u00bb][\/et_pb_wptools_carousel_image_item][et_pb_wptools_carousel_image_item src=\u00bbhttps:\/\/fundacioncodigos.org\/wp-content\/uploads\/2020\/06\/Luis-Seguessa-en-conferencia-en-Playa-del-Carmen.jpg\u00bb alt=\u00bbLuis Seguessa en conferencia en Playa del Carmen\u00bb admin_label=\u00bbLuis Seguessa en conferencia en Playa del Carmen\u00bb _builder_version=\u00bb4.4.8&#8243; global_colors_info=\u00bb{}\u00bb][\/et_pb_wptools_carousel_image_item][et_pb_wptools_carousel_image_item src=\u00bbhttps:\/\/fundacioncodigos.org\/wp-content\/uploads\/2020\/06\/Luis-Seguessa-en-el-Club-Social-de-Rosario-Argentina.jpg\u00bb alt=\u00bbLuis Seguessa en el Club Social de Rosario, Argentina\u00bb admin_label=\u00bbLuis Seguessa en el Club Social de Rosario, Argentina\u00bb _builder_version=\u00bb4.4.8&#8243; global_colors_info=\u00bb{}\u00bb][\/et_pb_wptools_carousel_image_item][et_pb_wptools_carousel_image_item src=\u00bbhttps:\/\/fundacioncodigos.org\/wp-content\/uploads\/2020\/06\/Luis-Seguessa-en-el-programa-BDA-en-canal-7-de-Mendoza.jpg\u00bb alt=\u00bbLuis Seguessa en el programa BDA en canal 7 de Mendoza\u00bb admin_label=\u00bbLuis Seguessa en el programa BDA en canal 7 de Mendoza\u00bb _builder_version=\u00bb4.4.8&#8243; global_colors_info=\u00bb{}\u00bb][\/et_pb_wptools_carousel_image_item][et_pb_wptools_carousel_image_item src=\u00bbhttps:\/\/fundacioncodigos.org\/wp-content\/uploads\/2020\/06\/Luis-Seguessa-en-entrevista-de-radio.jpg\u00bb alt=\u00bbLuis Seguessa en entrevista de radio\u00bb admin_label=\u00bbLuis Seguessa en entrevista de radio\u00bb _builder_version=\u00bb4.4.8&#8243; global_colors_info=\u00bb{}\u00bb][\/et_pb_wptools_carousel_image_item][et_pb_wptools_carousel_image_item src=\u00bbhttps:\/\/fundacioncodigos.org\/wp-content\/uploads\/2020\/06\/LUIS-SEGUESSA-EN-ESCUELA-.jpg\u00bb alt=\u00bbLUIS SEGUESSA EN ESCUELA \u00bb admin_label=\u00bbLUIS SEGUESSA EN ESCUELA \u00bb _builder_version=\u00bb4.4.8&#8243; global_colors_info=\u00bb{}\u00bb][\/et_pb_wptools_carousel_image_item][et_pb_wptools_carousel_image_item src=\u00bbhttps:\/\/fundacioncodigos.org\/wp-content\/uploads\/2020\/06\/Luis-Seguessa-en-Hacienda-Tres-Rios-Alerta-Global.jpg\u00bb alt=\u00bbLuis Seguessa en Hacienda Tres Rios Alerta Global\u00bb admin_label=\u00bbLuis Seguessa en Hacienda Tres Rios Alerta Global\u00bb _builder_version=\u00bb4.4.8&#8243; global_colors_info=\u00bb{}\u00bb][\/et_pb_wptools_carousel_image_item][et_pb_wptools_carousel_image_item src=\u00bbhttps:\/\/fundacioncodigos.org\/wp-content\/uploads\/2020\/06\/LUIS-SEGUESSA-EN-ISRAEL.jpg\u00bb alt=\u00bbLUIS SEGUESSA EN ISRAEL\u00bb admin_label=\u00bbLUIS SEGUESSA EN ISRAEL\u00bb _builder_version=\u00bb4.4.8&#8243; global_colors_info=\u00bb{}\u00bb][\/et_pb_wptools_carousel_image_item][et_pb_wptools_carousel_image_item src=\u00bbhttps:\/\/fundacioncodigos.org\/wp-content\/uploads\/2020\/06\/Luis-Seguessa-entrevistado-para-la-television-de-Salta-Argentina.jpg\u00bb alt=\u00bbLuis Seguessa entrevistado para la television de Salta, Argentina\u00bb admin_label=\u00bbLuis Seguessa entrevistado para la television de Salta, Argentina\u00bb _builder_version=\u00bb4.4.8&#8243; global_colors_info=\u00bb{}\u00bb][\/et_pb_wptools_carousel_image_item][et_pb_wptools_carousel_image_item src=\u00bbhttps:\/\/fundacioncodigos.org\/wp-content\/uploads\/2020\/06\/Luis-Seguessa-junto-al-equipo-de-Conciencia-y-Accion-Ciudadana.jpg\u00bb alt=\u00bbLuis Seguessa junto al equipo de Conciencia y Accion Ciudadana\u00bb admin_label=\u00bbLuis Seguessa junto al equipo de Conciencia y Accion Ciudadana\u00bb _builder_version=\u00bb4.4.8&#8243; global_colors_info=\u00bb{}\u00bb][\/et_pb_wptools_carousel_image_item][et_pb_wptools_carousel_image_item src=\u00bbhttps:\/\/fundacioncodigos.org\/wp-content\/uploads\/2020\/06\/Luis-Seguessa-entrevistado-para-radio-Punta-del-Este.jpg\u00bb alt=\u00bbLuis Seguessa entrevistado para radio Punta del Este\u00bb admin_label=\u00bbLuis Seguessa entrevistado para radio Punta del Este\u00bb _builder_version=\u00bb4.4.8&#8243; global_colors_info=\u00bb{}\u00bb][\/et_pb_wptools_carousel_image_item][et_pb_wptools_carousel_image_item src=\u00bbhttps:\/\/fundacioncodigos.org\/wp-content\/uploads\/2020\/06\/Luis-Seguessa-la-China-Suarez-y-Rocky-Sarkany.jpg\u00bb alt=\u00bbLuis Seguessa, la China Suarez y Rocky Sarkany\u00bb admin_label=\u00bbLuis Seguessa, la China Suarez y Rocky Sarkany\u00bb _builder_version=\u00bb4.4.8&#8243; global_colors_info=\u00bb{}\u00bb][\/et_pb_wptools_carousel_image_item][et_pb_wptools_carousel_image_item src=\u00bbhttps:\/\/fundacioncodigos.org\/wp-content\/uploads\/2020\/06\/Luis-Seguessa-y-Alejandro-Agag-en-la-Formula-E.jpg\u00bb alt=\u00bbLuis Seguessa y Alejandro Agag en la Formula E\u00bb admin_label=\u00bbLuis Seguessa y Alejandro Agag en la Formula E\u00bb _builder_version=\u00bb4.4.8&#8243; global_colors_info=\u00bb{}\u00bb][\/et_pb_wptools_carousel_image_item][et_pb_wptools_carousel_image_item src=\u00bbhttps:\/\/fundacioncodigos.org\/wp-content\/uploads\/2020\/06\/Luis-Seguessa-y-Claudio-Mar\u00eda-Dominguez-en-La-Casona.jpg\u00bb alt=\u00bbLuis Seguessa y Claudio Mar\u00eda Dominguez en La Casona\u00bb admin_label=\u00bbLuis Seguessa y Claudio Mar\u00eda Dominguez en La Casona\u00bb _builder_version=\u00bb4.4.8&#8243; global_colors_info=\u00bb{}\u00bb][\/et_pb_wptools_carousel_image_item][et_pb_wptools_carousel_image_item src=\u00bbhttps:\/\/fundacioncodigos.org\/wp-content\/uploads\/2020\/06\/Luis-Seguessa-y-Gustavo-Yankelevich.jpg\u00bb alt=\u00bbLuis Seguessa y Gustavo Yankelevich\u00bb admin_label=\u00bbLuis Seguessa y Gustavo Yankelevich\u00bb _builder_version=\u00bb4.4.8&#8243; global_colors_info=\u00bb{}\u00bb][\/et_pb_wptools_carousel_image_item][et_pb_wptools_carousel_image_item src=\u00bbhttps:\/\/fundacioncodigos.org\/wp-content\/uploads\/2020\/06\/Luis-Seguessa-y-Pablo-Pla.jpg\u00bb alt=\u00bbLuis Seguessa y Pablo Pla\u00bb admin_label=\u00bbLuis Seguessa y Pablo Pla\u00bb _builder_version=\u00bb4.4.8&#8243; global_colors_info=\u00bb{}\u00bb][\/et_pb_wptools_carousel_image_item][et_pb_wptools_carousel_image_item src=\u00bbhttps:\/\/fundacioncodigos.org\/wp-content\/uploads\/2020\/06\/luis-seguessa-y-lucho-aviles-en-lanzamiento-del-libro.jpg\u00bb alt=\u00bbluis seguessa y lucho aviles en lanzamiento del libro\u00bb admin_label=\u00bbluis seguessa y lucho aviles en lanzamiento del libro\u00bb _builder_version=\u00bb4.4.8&#8243; global_colors_info=\u00bb{}\u00bb][\/et_pb_wptools_carousel_image_item][et_pb_wptools_carousel_image_item src=\u00bbhttps:\/\/fundacioncodigos.org\/wp-content\/uploads\/2020\/06\/Mercedes-Menafra-y-Luis-Seguessa-luego-de-conferencia-alerta-global.jpg\u00bb alt=\u00bbMercedes Menafra y Luis Seguessa luego de conferencia alerta global\u00bb admin_label=\u00bbMercedes Menafra y Luis Seguessa luego de conferencia alerta global\u00bb _builder_version=\u00bb4.4.8&#8243; global_colors_info=\u00bb{}\u00bb][\/et_pb_wptools_carousel_image_item][et_pb_wptools_carousel_image_item src=\u00bbhttps:\/\/fundacioncodigos.org\/wp-content\/uploads\/2020\/06\/Marilina-Ross-con-Luis-Seguessa.jpg\u00bb alt=\u00bbMarilina Ross con Luis Seguessa\u00bb admin_label=\u00bbMarilina Ross con Luis Seguessa\u00bb _builder_version=\u00bb4.4.8&#8243; global_colors_info=\u00bb{}\u00bb][\/et_pb_wptools_carousel_image_item][et_pb_wptools_carousel_image_item src=\u00bbhttps:\/\/fundacioncodigos.org\/wp-content\/uploads\/2020\/06\/Miguel-Martin-Pablo-Tome-Luis-Seguessa-en-la-conferencia-Alerta-Global-en-Paraguay.jpg\u00bb alt=\u00bbMiguel Martin, Pablo Tome, Luis Seguessa en la conferencia Alerta Global en Paraguay\u00bb admin_label=\u00bbMiguel Martin, Pablo Tome, Luis Seguessa en la conferencia Alerta Global en Paraguay\u00bb _builder_version=\u00bb4.4.8&#8243; global_colors_info=\u00bb{}\u00bb][\/et_pb_wptools_carousel_image_item][et_pb_wptools_carousel_image_item src=\u00bbhttps:\/\/fundacioncodigos.org\/wp-content\/uploads\/2020\/06\/Miguel-Habud-Luis-Seguessa-y-Claudio-Maria-Dominguez.jpg\u00bb alt=\u00bbMiguel Habud, Luis Seguessa y Claudio Maria Dominguez\u00bb admin_label=\u00bbMiguel Habud, Luis Seguessa y Claudio Maria Dominguez\u00bb _builder_version=\u00bb4.4.8&#8243; global_colors_info=\u00bb{}\u00bb][\/et_pb_wptools_carousel_image_item][et_pb_wptools_carousel_image_item src=\u00bbhttps:\/\/fundacioncodigos.org\/wp-content\/uploads\/2020\/06\/premio-changuito-ago-paez-y-luis-seguessa-en-santiago-del-estero.jpg\u00bb alt=\u00bbpremio changuito, ago paez y luis seguessa en santiago del estero\u00bb admin_label=\u00bbpremio changuito, ago paez y luis seguessa en santiago del estero\u00bb _builder_version=\u00bb4.4.8&#8243; global_colors_info=\u00bb{}\u00bb][\/et_pb_wptools_carousel_image_item][et_pb_wptools_carousel_image_item src=\u00bbhttps:\/\/fundacioncodigos.org\/wp-content\/uploads\/2020\/06\/Pilar-Smith-Lucho-Aviles-Silvina-Luna-Luis-Seguessa-y-Susana-Roccasalvo.jpg\u00bb alt=\u00bbPilar Smith, Lucho Aviles, Silvina Luna, Luis Seguessa y Susana Roccasalvo\u00bb admin_label=\u00bbPilar Smith, Lucho Aviles, Silvina Luna, Luis Seguessa y Susana Roccasalvo\u00bb _builder_version=\u00bb4.4.8&#8243; global_colors_info=\u00bb{}\u00bb][\/et_pb_wptools_carousel_image_item][et_pb_wptools_carousel_image_item src=\u00bbhttps:\/\/fundacioncodigos.org\/wp-content\/uploads\/2020\/06\/Prensa-en-Santiago-del-Estero-Argentina-2012.jpg\u00bb alt=\u00bbPrensa en Santiago del Estero, Argentina 2012&#8243; admin_label=\u00bbPrensa en Santiago del Estero, Argentina 2012&#8243; _builder_version=\u00bb4.4.8&#8243; global_colors_info=\u00bb{}\u00bb][\/et_pb_wptools_carousel_image_item][et_pb_wptools_carousel_image_item src=\u00bbhttps:\/\/fundacioncodigos.org\/wp-content\/uploads\/2020\/06\/Programa-de-la-fundacion-codigos-por-que-lo-hiciste-conducido-por-luis-seguessa.jpg\u00bb alt=\u00bbPrograma de la fundacion codigos por que lo hiciste conducido por luis seguessa\u00bb admin_label=\u00bbPrograma de la fundacion codigos por que lo hiciste conducido por luis seguessa\u00bb _builder_version=\u00bb4.4.8&#8243; global_colors_info=\u00bb{}\u00bb][\/et_pb_wptools_carousel_image_item][et_pb_wptools_carousel_image_item src=\u00bbhttps:\/\/fundacioncodigos.org\/wp-content\/uploads\/2020\/06\/Rafael-Barla-Luis-Seguessa-e-Isidoro-Welendniger-junto-a-las-finalistas-de-Miss-Atlantico-conferencia-alerta-global.jpg\u00bb alt=\u00bbRafael Barla, Luis Seguessa e Isidoro  Welendniger junto a las finalistas de Miss Atlantico, conferencia alerta global\u00bb admin_label=\u00bbRafael Barla, Luis Seguessa e Isidoro  Welendniger junto a las finalistas de Miss Atlantico, conferencia alerta global\u00bb _builder_version=\u00bb4.4.8&#8243; global_colors_info=\u00bb{}\u00bb][\/et_pb_wptools_carousel_image_item][et_pb_wptools_carousel_image_item src=\u00bbhttps:\/\/fundacioncodigos.org\/wp-content\/uploads\/2020\/06\/Rosy-Verdi-Silvina-Luna-Luis-Seguessa-Duda-Ferreira-e-Marcia-Braga.jpg\u00bb alt=\u00bbRosy Verdi, Silvina Luna, Luis Seguessa, Duda Ferreira e Marcia Braga\u00bb admin_label=\u00bbRosy Verdi, Silvina Luna, Luis Seguessa, Duda Ferreira e Marcia Braga\u00bb _builder_version=\u00bb4.4.8&#8243; global_colors_info=\u00bb{}\u00bb][\/et_pb_wptools_carousel_image_item][et_pb_wptools_carousel_image_item src=\u00bbhttps:\/\/fundacioncodigos.org\/wp-content\/uploads\/2020\/06\/Rio20-Luis-Seguessa.jpg\u00bb alt=\u00bbRio +20. Luis Seguessa\u00bb admin_label=\u00bbRio +20. Luis Seguessa\u00bb _builder_version=\u00bb4.4.8&#8243; global_colors_info=\u00bb{}\u00bb][\/et_pb_wptools_carousel_image_item][et_pb_wptools_carousel_image_item src=\u00bbhttps:\/\/fundacioncodigos.org\/wp-content\/uploads\/2020\/06\/Reportaje-en-diario-La-Capital-de-Rosario.jpg\u00bb alt=\u00bbReportaje en diario La Capital de Rosario\u00bb admin_label=\u00bbReportaje en diario La Capital de Rosario\u00bb _builder_version=\u00bb4.4.8&#8243; global_colors_info=\u00bb{}\u00bb][\/et_pb_wptools_carousel_image_item][et_pb_wptools_carousel_image_item src=\u00bbhttps:\/\/fundacioncodigos.org\/wp-content\/uploads\/2020\/06\/Sam-Bird-y-Luis-Seguessa-en-la-formula-E.jpg\u00bb alt=\u00bbSam Bird y Luis Seguessa en la formula E\u00bb admin_label=\u00bbSam Bird y Luis Seguessa en la formula E\u00bb _builder_version=\u00bb4.4.8&#8243; global_colors_info=\u00bb{}\u00bb][\/et_pb_wptools_carousel_image_item][et_pb_wptools_carousel_image_item src=\u00bbhttps:\/\/fundacioncodigos.org\/wp-content\/uploads\/2020\/06\/Sofia-Vago-Luna-entrevistando-a-Bruno-Senna-en-la-Formula-E.jpg\u00bb alt=\u00bbSofia Vago Luna entrevistando a Bruno Senna en la Formula E\u00bb admin_label=\u00bbSofia Vago Luna entrevistando a Bruno Senna en la Formula E\u00bb _builder_version=\u00bb4.4.8&#8243; global_colors_info=\u00bb{}\u00bb][\/et_pb_wptools_carousel_image_item][et_pb_wptools_carousel_image_item src=\u00bbhttps:\/\/fundacioncodigos.org\/wp-content\/uploads\/2020\/06\/Vivian-Jourdan-y-Luis-Seguessa-en-Fundaci\u00f3n-C\u00f3digos.jpg\u00bb alt=\u00bbVivian Jourdan y Luis Seguessa en Fundaci\u00f3n C\u00f3digos\u00bb admin_label=\u00bbVivian Jourdan y Luis Seguessa en Fundaci\u00f3n C\u00f3digos\u00bb _builder_version=\u00bb4.4.8&#8243; global_colors_info=\u00bb{}\u00bb][\/et_pb_wptools_carousel_image_item][et_pb_wptools_carousel_image_item src=\u00bbhttps:\/\/fundacioncodigos.org\/wp-content\/uploads\/2024\/11\/LUIS-EN-MADRID-scaled.jpg\u00bb alt=\u00bbLuis Seguessa en Madrid\u00bb admin_label=\u00bbLuis Seguessa en Madrid\u00bb _builder_version=\u00bb4.27.2&#8243; _module_preset=\u00bbdefault\u00bb global_colors_info=\u00bb{}\u00bb][\/et_pb_wptools_carousel_image_item][\/et_pb_wptools_image_carousel][\/et_pb_column][\/et_pb_row][\/et_pb_section][et_pb_section fb_built=\u00bb1&#8243; _builder_version=\u00bb4.16&#8243; background_color=\u00bb#6fa456&#8243; custom_margin=\u00bb0px||0px||false|false\u00bb custom_padding=\u00bb80px||80px||false|false\u00bb global_colors_info=\u00bb{}\u00bb][et_pb_row column_structure=\u00bb1_2,1_2&#8243; use_custom_gutter=\u00bbon\u00bb gutter_width=\u00bb1&#8243; make_equal=\u00bbon\u00bb _builder_version=\u00bb4.16&#8243; custom_margin=\u00bb0px||0px||false|false\u00bb custom_padding=\u00bb0px||0px||false|false\u00bb global_colors_info=\u00bb{}\u00bb][et_pb_column type=\u00bb1_2&#8243; _builder_version=\u00bb4.16&#8243; custom_padding=\u00bb80px|50px|80px|50px|false|false\u00bb custom_padding_tablet=\u00bb\u00bb custom_padding_phone=\u00bb0px|0px|0px|0px|false|false\u00bb custom_padding_last_edited=\u00bbon|phone\u00bb global_colors_info=\u00bb{}\u00bb][et_pb_text _builder_version=\u00bb4.27.2&#8243; text_font_size=\u00bb40px\u00bb transform_scale=\u00bb152%|152%\u00bb transform_scale_tablet=\u00bb152%|152%\u00bb transform_scale_phone=\u00bb106%|106%\u00bb transform_scale_last_edited=\u00bbon|phone\u00bb transform_translate=\u00bb-70px|61px\u00bb transform_translate_tablet=\u00bb-1px|19px\u00bb transform_translate_phone=\u00bb-1px|-5px\u00bb transform_translate_last_edited=\u00bbon|desktop\u00bb transform_rotate_tablet=\u00bb\u00bb transform_rotate_phone=\u00bb\u00bb transform_rotate_last_edited=\u00bbon|desktop\u00bb transform_skew_tablet=\u00bb\u00bb transform_skew_phone=\u00bb\u00bb transform_skew_last_edited=\u00bbon|desktop\u00bb transform_origin_tablet=\u00bb\u00bb transform_origin_phone=\u00bb\u00bb transform_origin_last_edited=\u00bbon|desktop\u00bb transform_styles_last_edited=\u00bbon|phone\u00bb text_orientation=\u00bbcenter\u00bb background_layout=\u00bbdark\u00bb transform_styles_tablet=\u00bb\u00bb transform_styles_phone=\u00bb\u00bb global_colors_info=\u00bb{}\u00bb height__hover_enabled=\u00bboff|desktop\u00bb]<\/p>\n<h2>S\u00famate a nuestra causa<br \/>para frenar eficazmente<br \/>el Cambio Clim\u00e1tico y<br \/>el Calentamiento Global<\/h2>\n<p>&nbsp;<\/p>\n<p>[\/et_pb_text][\/et_pb_column][et_pb_column type=\u00bb1_2&#8243; _builder_version=\u00bb4.16&#8243; global_colors_info=\u00bb{}\u00bb][et_pb_image src=\u00bbhttps:\/\/fundacioncodigos.org\/wp-content\/uploads\/2020\/05\/conferencia-alerta-global-luis-seguessa-2.jpg\u00bb alt=\u00bbConferencia Alerta Global\u00bb title_text=\u00bbConferencia Alerta Global\u00bb _builder_version=\u00bb4.27.4&#8243; _module_preset=\u00bbdefault\u00bb global_colors_info=\u00bb{}\u00bb][\/et_pb_image][\/et_pb_column][\/et_pb_row][\/et_pb_section][et_pb_section fb_built=\u00bb1&#8243; disabled_on=\u00bbon|on|on\u00bb _builder_version=\u00bb4.27.4&#8243; _module_preset=\u00bbdefault\u00bb custom_padding=\u00bb0px||0px|||\u00bb disabled=\u00bbon\u00bb global_colors_info=\u00bb{}\u00bb][et_pb_row disabled_on=\u00bboff|off|off\u00bb _builder_version=\u00bb4.27.4&#8243; _module_preset=\u00bbdefault\u00bb global_colors_info=\u00bb{}\u00bb][et_pb_column type=\u00bb4_4&#8243; _builder_version=\u00bb4.27.2&#8243; _module_preset=\u00bbdefault\u00bb global_colors_info=\u00bb{}\u00bb][et_pb_divider show_divider=\u00bboff\u00bb _builder_version=\u00bb4.27.2&#8243; _module_preset=\u00bbdefault\u00bb global_colors_info=\u00bb{}\u00bb][\/et_pb_divider][\/et_pb_column][\/et_pb_row][\/et_pb_section][et_pb_section fb_built=\u00bb1&#8243; disabled_on=\u00bbon|on|on\u00bb _builder_version=\u00bb4.27.4&#8243; background_enable_color=\u00bboff\u00bb background_image=\u00bbhttps:\/\/fundacioncodigos.org\/wp-content\/uploads\/2025\/02\/OSO-EXPANDIDO.png\u00bb custom_margin=\u00bb0px||0px||false|false\u00bb custom_padding=\u00bb0px||81px||false|false\u00bb disabled=\u00bbon\u00bb global_colors_info=\u00bb{}\u00bb][et_pb_row column_structure=\u00bb1_2,1_2&#8243; use_custom_gutter=\u00bbon\u00bb gutter_width=\u00bb1&#8243; make_equal=\u00bbon\u00bb _builder_version=\u00bb4.16&#8243; max_width=\u00bb80%\u00bb custom_margin=\u00bb0px||0px||false|false\u00bb custom_padding=\u00bb0px||0px||false|false\u00bb global_colors_info=\u00bb{}\u00bb][et_pb_column type=\u00bb1_2&#8243; _builder_version=\u00bb4.16&#8243; global_colors_info=\u00bb{}\u00bb][et_pb_cta title=\u00bbConferencia online\u00bb button_url=\u00bb\/proyectos\/cambio-climatico-alerta-global-conferencia-online\/\u00bb button_text=\u00bbVer ahora\u00bb _builder_version=\u00bb4.16&#8243; header_level=\u00bbh3&#8243; header_text_color=\u00bb#7cda24&#8243; header_font_size=\u00bb56px\u00bb background_color=\u00bbrgba(0,0,0,0.56)\u00bb min_height=\u00bb100%\u00bb height=\u00bb100%\u00bb max_height=\u00bb100%\u00bb header_font_size_tablet=\u00bb\u00bb header_font_size_phone=\u00bb25px\u00bb header_font_size_last_edited=\u00bbon|phone\u00bb custom_css_promo_title=\u00bbcolor: white !important;\u00bb box_shadow_style=\u00bbpreset2&#8243; box_shadow_horizontal=\u00bb15px\u00bb global_colors_info=\u00bb{}\u00bb]<\/p>\n<h2>ALERTA\u00a0GLOBAL<\/h2>\n<p>Algo no est\u00e1 bien en el planeta y la tierra nos est\u00e1 dando se\u00f1ales. Cada vez hay m\u00e1s cataclismos en el mundo. \u00bfTe interesar\u00eda saber por qu\u00e9 suceden realmente y c\u00f3mo podr\u00edamos frenarlos?<\/p>\n<h2><\/h2>\n<p>[\/et_pb_cta][\/et_pb_column][et_pb_column type=\u00bb1_2&#8243; _builder_version=\u00bb4.16&#8243; global_colors_info=\u00bb{}\u00bb][\/et_pb_column][\/et_pb_row][\/et_pb_section][et_pb_section fb_built=\u00bb1&#8243; disabled_on=\u00bboff|off|off\u00bb _builder_version=\u00bb4.27.5&#8243; custom_padding=\u00bb80px||80px||false|false\u00bb global_colors_info=\u00bb{}\u00bb][et_pb_row _builder_version=\u00bb4.16&#8243; custom_padding=\u00bb0px||30px|||\u00bb global_colors_info=\u00bb{}\u00bb][et_pb_column type=\u00bb4_4&#8243; _builder_version=\u00bb4.16&#8243; global_colors_info=\u00bb{}\u00bb][et_pb_text _builder_version=\u00bb4.16&#8243; text_orientation=\u00bbcenter\u00bb module_alignment=\u00bbcenter\u00bb global_colors_info=\u00bb{}\u00bb]<\/p>\n<h2>Prensa<\/h2>\n<p>[\/et_pb_text][\/et_pb_column][\/et_pb_row][et_pb_row _builder_version=\u00bb4.16&#8243; width=\u00bb100%\u00bb max_width=\u00bb100%\u00bb custom_padding=\u00bb0px||0px|||\u00bb global_colors_info=\u00bb{}\u00bb][et_pb_column type=\u00bb4_4&#8243; _builder_version=\u00bb4.16&#8243; global_colors_info=\u00bb{}\u00bb][dgbc_blog_carousel posts_number=\u00bb60&#8243; type=\u00bb3&#8243; include_categories=\u00bb1&#8243; show_excerpt=\u00bboff\u00bb show_author=\u00bboff\u00bb show_date=\u00bboff\u00bb show_more=\u00bbon\u00bb read_more_text=\u00bbLeer m\u00e1s\u00bb show_items_xlarge=\u00bb6&#8243; show_items_desktop=\u00bb4&#8243; multislide=\u00bbon\u00bb item_spacing=\u00bb28&#8243; transition_duration=\u00bb1500&#8243; arrow_nav=\u00bbon\u00bb dot_nav=\u00bbon\u00bb loop=\u00bbon\u00bb autoplay=\u00bbon\u00bb hoverpause=\u00bbon\u00bb equal_height=\u00bbon\u00bb image_size=\u00bbmid\u00bb button_at_bottom=\u00bbon\u00bb use_button_icon=\u00bbon\u00bb button_icon=\u00bb%%28%%\u00bb button_bg_color=\u00bb#6EA358&#8243; arrow_color=\u00bb#ffffff\u00bb arrow_background_color=\u00bb#000000&#8243; arrow_position=\u00bb1&#8243; arrow_font_size=\u00bb35px\u00bb inner_container_padding=\u00bb|50px||50px|false|false\u00bb content_padding=\u00bb25px|25px|25px|25px|false|false\u00bb button_padding=\u00bb|15px||15px|false|false\u00bb overlay=\u00bbon\u00bb overlay_color=\u00bbrgba(0,0,0,0.55)\u00bb overlay_icon_color=\u00bbrgba(142,142,142,0)\u00bb _builder_version=\u00bb4.16&#8243; header_level=\u00bbh3&#8243; header_font=\u00bb|600|||||||\u00bb header_font_size=\u00bb16px\u00bb header_line_height=\u00bb1.3em\u00bb read_more_text_align=\u00bbcenter\u00bb read_more_text_color=\u00bb#ffffff\u00bb border_radii_read_more=\u00bbon|30px|30px|30px|30px\u00bb border_color_all_read_more=\u00bb#6EA358&#8243; box_shadow_style=\u00bbpreset1&#8243; global_colors_info=\u00bb{}\u00bb][\/dgbc_blog_carousel][\/et_pb_column][\/et_pb_row][\/et_pb_section][et_pb_section fb_built=\u00bb1&#8243; _builder_version=\u00bb4.16&#8243; background_enable_color=\u00bboff\u00bb custom_padding=\u00bb0px||0px||false|false\u00bb global_colors_info=\u00bb{}\u00bb][et_pb_row column_structure=\u00bb1_2,1_2&#8243; use_custom_gutter=\u00bbon\u00bb gutter_width=\u00bb1&#8243; make_equal=\u00bbon\u00bb _builder_version=\u00bb4.16&#8243; background_enable_color=\u00bboff\u00bb width=\u00bb100%\u00bb max_width=\u00bb100%\u00bb min_height=\u00bb100%\u00bb height=\u00bb100%\u00bb max_height=\u00bb100%\u00bb custom_padding=\u00bb0px||0px||false|false\u00bb global_colors_info=\u00bb{}\u00bb][et_pb_column type=\u00bb1_2&#8243; _builder_version=\u00bb4.16&#8243; global_colors_info=\u00bb{}\u00bb][et_pb_image src=\u00bbhttps:\/\/fundacioncodigos.org\/wp-content\/uploads\/2020\/05\/isologo-por-que-lo-hiciste.png\u00bb _builder_version=\u00bb4.27.5&#8243; transform_translate=\u00bb76px|-4px\u00bb min_height=\u00bb243px\u00bb height=\u00bb115px\u00bb max_height=\u00bb100px\u00bb global_colors_info=\u00bb{}\u00bb][\/et_pb_image][\/et_pb_column][et_pb_column type=\u00bb1_2&#8243; module_class=\u00bbpa-inline-buttons\u00bb _builder_version=\u00bb4.16&#8243; background_color=\u00bb#000000&#8243; custom_padding=\u00bb80px|50px|80px|50px|false|false\u00bb global_colors_info=\u00bb{}\u00bb][et_pb_text _builder_version=\u00bb4.22.1&#8243; header_3_line_height=\u00bb1.2em\u00bb background_layout=\u00bbdark\u00bb custom_margin=\u00bb||30px|||\u00bb global_colors_info=\u00bb{}\u00bb]<\/p>\n<h3>S\u00ed quieres sumar POR QUE LO HICISTE a la programaci\u00f3n de tu radio, adquiere ahora una membres\u00eda y descargar los programas.<\/h3>\n<p>[\/et_pb_text][et_pb_button button_url=\u00bb\/alerta-global-3\/programa-radial\/\u00bb button_text=\u00bbAdquiere una membres\u00eda\u00bb button_alignment=\u00bbcenter\u00bb _builder_version=\u00bb4.16&#8243; transform_scale_tablet=\u00bb\u00bb transform_scale_phone=\u00bb\u00bb transform_scale_last_edited=\u00bbon|desktop\u00bb transform_translate_tablet=\u00bb\u00bb transform_translate_phone=\u00bb\u00bb transform_translate_last_edited=\u00bbon|phone\u00bb transform_rotate_tablet=\u00bb\u00bb transform_rotate_phone=\u00bb\u00bb transform_rotate_last_edited=\u00bbon|desktop\u00bb transform_skew_tablet=\u00bb\u00bb transform_skew_phone=\u00bb\u00bb transform_skew_last_edited=\u00bbon|desktop\u00bb transform_origin_tablet=\u00bb\u00bb transform_origin_phone=\u00bb\u00bb transform_origin_last_edited=\u00bbon|desktop\u00bb transform_styles_last_edited=\u00bbon|phone\u00bb transform_styles_tablet=\u00bb\u00bb transform_styles_phone=\u00bb\u00bb global_colors_info=\u00bb{}\u00bb][\/et_pb_button][\/et_pb_column][\/et_pb_row][\/et_pb_section][et_pb_section fb_built=\u00bb1&#8243; disabled_on=\u00bbon|on|on\u00bb _builder_version=\u00bb4.27.4&#8243; _module_preset=\u00bbdefault\u00bb background_color=\u00bb#dddddd\u00bb background_enable_image=\u00bboff\u00bb background_blend=\u00bbscreen\u00bb disabled=\u00bbon\u00bb global_colors_info=\u00bb{}\u00bb][et_pb_row column_structure=\u00bb1_2,1_2&#8243; _builder_version=\u00bb4.22.1&#8243; _module_preset=\u00bbdefault\u00bb custom_padding=\u00bb|||0px||\u00bb global_colors_info=\u00bb{}\u00bb][et_pb_column type=\u00bb1_2&#8243; _builder_version=\u00bb4.22.1&#8243; _module_preset=\u00bbdefault\u00bb background_blend=\u00bbmultiply\u00bb global_colors_info=\u00bb{}\u00bb][et_pb_text _builder_version=\u00bb4.23.1&#8243; _module_preset=\u00bbdefault\u00bb custom_padding=\u00bb10px|||||\u00bb global_colors_info=\u00bb{}\u00bb]<\/p>\n<h3 style=\"text-align: center;\"><span style=\"color: #000000;\">Programa de Radio Online<\/span><\/h3>\n<p>[\/et_pb_text][et_pb_code disabled_on=\u00bbon|on|on\u00bb _builder_version=\u00bb4.27.4&#8243; _module_preset=\u00bbdefault\u00bb text_orientation=\u00bbcenter\u00bb disabled=\u00bbon\u00bb global_colors_info=\u00bb{}\u00bb]<audio controls><!-- [et_pb_line_break_holder] --><!-- [et_pb_line_break_holder] --><source src=\"https:\/\/stream-152.zeno.fm\/rg3n0zfoehzvv?zs=MnhdK3q4SiSvHR-eCg0Bjw\" type=\"audio\/mpeg\"><source><!-- [et_pb_line_break_holder] --><!-- [et_pb_line_break_holder] --><\/audio>[\/et_pb_code][et_pb_text _builder_version=\u00bb4.23.1&#8243; _module_preset=\u00bbdefault\u00bb global_colors_info=\u00bb{}\u00bb]<\/p>\n<p style=\"text-align: center;\"><span style=\"color: #000000;\">Radio online 24\/7<\/span><\/p>\n<p>[\/et_pb_text][\/et_pb_column][et_pb_column type=\u00bb1_2&#8243; _builder_version=\u00bb4.22.1&#8243; _module_preset=\u00bbdefault\u00bb global_colors_info=\u00bb{}\u00bb][et_pb_divider show_divider=\u00bboff\u00bb _builder_version=\u00bb4.23.1&#8243; _module_preset=\u00bbdefault\u00bb custom_margin=\u00bb20px||||false|false\u00bb global_colors_info=\u00bb{}\u00bb][\/et_pb_divider][et_pb_text _builder_version=\u00bb4.27.2&#8243; _module_preset=\u00bbdefault\u00bb text_font=\u00bb||||||||\u00bb text_text_color=\u00bb#000000&#8243; header_text_color=\u00bb#000000&#8243; background_layout=\u00bbdark\u00bb global_colors_info=\u00bb{}\u00bb]<\/p>\n<p><span style=\"color: #000000;\">Te invitamos a escuchar una selecci\u00f3n de nuestro programa \u00abPor qu\u00e9 lo hiciste\u00bb, emitido entre el 2021 y 2023, en nuestra cadena de radios. Escuchalo aqu\u00ed las 24 horas, los 7 d\u00edas de la semana.<\/span><span style=\"color: #ffffff;\"><\/span><\/p>\n<p>[\/et_pb_text][\/et_pb_column][\/et_pb_row][\/et_pb_section][et_pb_section fb_built=\u00bb1&#8243; module_id=\u00bbcampanas\u00bb _builder_version=\u00bb4.16&#8243; background_color=\u00bb#f2f2f2&#8243; custom_padding=\u00bb80px||80px|||\u00bb global_colors_info=\u00bb{}\u00bb][et_pb_row _builder_version=\u00bb4.16&#8243; custom_padding=\u00bb0px|||||\u00bb global_colors_info=\u00bb{}\u00bb][et_pb_column type=\u00bb4_4&#8243; _builder_version=\u00bb4.16&#8243; global_colors_info=\u00bb{}\u00bb][et_pb_text _builder_version=\u00bb4.16&#8243; global_colors_info=\u00bb{}\u00bb]<\/p>\n<h2 style=\"text-align: center;\">Campa\u00f1as<\/h2>\n<p>[\/et_pb_text][\/et_pb_column][\/et_pb_row][et_pb_row column_structure=\u00bb1_4,1_4,1_4,1_4&#8243; _builder_version=\u00bb4.16&#8243; custom_padding=\u00bb0px||0px|||\u00bb global_colors_info=\u00bb{}\u00bb][et_pb_column type=\u00bb1_4&#8243; _builder_version=\u00bb4.16&#8243; global_colors_info=\u00bb{}\u00bb][et_pb_blurb title=\u00bbCombusti\u00f3n Cero\u00bb image=\u00bbhttps:\/\/fundacioncodigos.org\/wp-content\/uploads\/2020\/05\/combustion-cero.jpg\u00bb _builder_version=\u00bb4.16&#8243; header_level=\u00bbh3&#8243; header_text_align=\u00bbcenter\u00bb global_colors_info=\u00bb{}\u00bb][\/et_pb_blurb][\/et_pb_column][et_pb_column type=\u00bb1_4&#8243; _builder_version=\u00bb4.16&#8243; global_colors_info=\u00bb{}\u00bb][et_pb_blurb title=\u00bbAlerta Global\u00bb image=\u00bbhttps:\/\/fundacioncodigos.org\/wp-content\/uploads\/2020\/05\/alerta-global.jpg\u00bb _builder_version=\u00bb4.16&#8243; header_level=\u00bbh3&#8243; header_text_align=\u00bbcenter\u00bb global_colors_info=\u00bb{}\u00bb][\/et_pb_blurb][\/et_pb_column][et_pb_column type=\u00bb1_4&#8243; _builder_version=\u00bb4.16&#8243; global_colors_info=\u00bb{}\u00bb][et_pb_blurb title=\u00bbPlanta Planeta\u00bb image=\u00bbhttps:\/\/fundacioncodigos.org\/wp-content\/uploads\/2020\/05\/platna-planeta.jpg\u00bb _builder_version=\u00bb4.16&#8243; header_level=\u00bbh3&#8243; header_text_align=\u00bbcenter\u00bb global_colors_info=\u00bb{}\u00bb][\/et_pb_blurb][\/et_pb_column][et_pb_column type=\u00bb1_4&#8243; _builder_version=\u00bb4.16&#8243; global_colors_info=\u00bb{}\u00bb][et_pb_blurb title=\u00bbM\u00fasica para Todos\u00bb image=\u00bbhttps:\/\/fundacioncodigos.org\/wp-content\/uploads\/2020\/05\/musica-para-todos.jpg\u00bb _builder_version=\u00bb4.16&#8243; header_level=\u00bbh3&#8243; header_text_align=\u00bbcenter\u00bb global_colors_info=\u00bb{}\u00bb][\/et_pb_blurb][\/et_pb_column][\/et_pb_row][\/et_pb_section][et_pb_section fb_built=\u00bb1&#8243; _builder_version=\u00bb4.27.4&#8243; background_enable_color=\u00bboff\u00bb custom_padding=\u00bb80px||2px||false|false\u00bb global_colors_info=\u00bb{}\u00bb][et_pb_row _builder_version=\u00bb4.16&#8243; custom_padding=\u00bb0px||0px|||\u00bb global_colors_info=\u00bb{}\u00bb][et_pb_column type=\u00bb4_4&#8243; _builder_version=\u00bb4.16&#8243; global_colors_info=\u00bb{}\u00bb][et_pb_text _builder_version=\u00bb4.16&#8243; global_colors_info=\u00bb{}\u00bb]<\/p>\n<h2 style=\"text-align: center;\">Testimoniales<\/h2>\n<p>[\/et_pb_text][\/et_pb_column][\/et_pb_row][et_pb_row _builder_version=\u00bb4.16&#8243; custom_padding=\u00bb||0px|||\u00bb global_colors_info=\u00bb{}\u00bb][et_pb_column type=\u00bb4_4&#8243; _builder_version=\u00bb4.16&#8243; global_colors_info=\u00bb{}\u00bb][dica_divi_carousel show_items_desktop=\u00bb2&#8243; show_items_tablet=\u00bb2&#8243; transition_duration=\u00bb4500&#8243; autoplay=\u00bbon\u00bb arrow_nav=\u00bbon\u00bb dot_nav=\u00bbon\u00bb advanced_effect=\u00bb1&#8243; arrow_nav_color=\u00bb#000000&#8243; overlay_color_field_bgcolor=\u00bbrgba(255,255,255,0.85)\u00bb image_container_zindex=\u00bb36&#8243; content_container_zindex=\u00bb24&#8243; image_sizing=\u00bb32%\u00bb carousel_container_margin=\u00bb||||false|false\u00bb carousel_container_padding=\u00bb||||false|false\u00bb image_padding=\u00bb||||false|false\u00bb _builder_version=\u00bb4.16&#8243; title_text_align=\u00bbcenter\u00bb subtitle_text_align=\u00bbcenter\u00bb body_text_align=\u00bbcenter\u00bb body_font_size=\u00bb16px\u00bb custom_padding=\u00bb||0px|||\u00bb border_radii_image=\u00bbon|50%|50%|50%|50%\u00bb global_colors_info=\u00bb{}\u00bb][dica_divi_carouselitem title=\u00bbArturo Puig \u00bb sub_title=\u00bbArgentina\u00bb button_url_new_window=\u00bb1&#8243; image=\u00bbhttps:\/\/fundacioncodigos.org\/wp-content\/uploads\/2020\/05\/arturo-puig.jpg\u00bb image_lightbox=\u00bbon\u00bb rating_position=\u00bbrating-under-title\u00bb image_padding=\u00bb|25px||25px|false|false\u00bb content_padding=\u00bb||||false|false\u00bb custom_padding=\u00bb50px|25px|50px|25px|false|false\u00bb _builder_version=\u00bb4.16&#8243; background_color=\u00bb#f2f2f2&#8243; background_enable_color=\u00bbon\u00bb global_colors_info=\u00bb{}\u00bb]<\/p>\n<p>Conozco la lucha de Luis Seguessa por la sanaci\u00f3n del planeta desde hace muchos a\u00f1os. He estado en sus conferencias, que son sumamente instructivas y did\u00e1cticas sobre el lugar donde vivimos.<br \/>\nDoy fe que gracias a sus charlas y conferencias he cambiado mi forma de pensar y humildemente trato de seguir lo que he aprendido de \u00e9l para que nosotros los humanos vivamos mejor.<\/p>\n<p>[\/dica_divi_carouselitem][dica_divi_carouselitem title=\u00bbLorena Montefusco\u00bb sub_title=\u00bbEspa\u00f1a\u00bb button_url_new_window=\u00bb1&#8243; image=\u00bbhttps:\/\/fundacioncodigos.org\/wp-content\/uploads\/2020\/05\/Lorena-Montefusco.jpg\u00bb image_lightbox=\u00bbon\u00bb rating_position=\u00bbrating-under-title\u00bb image_padding=\u00bb|25px||25px|false|false\u00bb content_padding=\u00bb||||false|false\u00bb custom_padding=\u00bb50px|25px|50px|25px|false|false\u00bb _builder_version=\u00bb4.16&#8243; background_color=\u00bb#f2f2f2&#8243; background_enable_color=\u00bbon\u00bb global_colors_info=\u00bb{}\u00bb]Luis Seguessa, Presidente de la Fundaci\u00f3n C\u00f3digos, ha sido una voz que ha puesto la alerta sobre la problem\u00e1tica ambiental y ha dado a conocer importantes tesis para la humanidad que luego las principales universidades han ido comprobando.  He trabajado en la Fundaci\u00f3n C\u00f3digos en sus inicios, liderando el \u00e1rea de comunicaci\u00f3n, los suplementos para el diario La Rep\u00fablica y varias conferencias y actividades en pro de un planeta mejor. Puedo dar testimonio del profesionalismo, la honestidad, \u00e9tica y pasi\u00f3n que marcan la labor de Seguessa, un ser humano preocupado y dedicado a cuidar y equilibrar nuestro h\u00e1bitat y sus recursos esenciales.[\/dica_divi_carouselitem][dica_divi_carouselitem title=\u00bbFederico Fasano Mertens \u00bb sub_title=\u00bbUruguay\u00bb button_url_new_window=\u00bb1&#8243; image=\u00bbhttps:\/\/fundacioncodigos.org\/wp-content\/uploads\/2020\/05\/federico-fasano.jpg\u00bb image_lightbox=\u00bbon\u00bb rating_position=\u00bbrating-under-title\u00bb image_padding=\u00bb|25px||25px|false|false\u00bb content_padding=\u00bb||||false|false\u00bb custom_padding=\u00bb50px|25px|50px|25px|false|false\u00bb _builder_version=\u00bb4.16&#8243; background_color=\u00bb#f2f2f2&#8243; background_enable_color=\u00bbon\u00bb global_colors_info=\u00bb{}\u00bb]Conozco a Luis Seguessa desde hace varios a\u00f1os. Su tarea ha sido invalorable, siendo sus tesis un hito en la defensa de nuestro h\u00e1bitat. Como director de del diario La Rep\u00fablica he utilizado sus informaciones y comentarios en decenas de oportunidades. Considero que la Ecolog\u00eda cuenta en su haber con la dedicaci\u00f3n calificada del investigador Luis Seguessa, un hombre imprescindible en la tarea de encontrar la s\u00edntesis aristot\u00e9lica entre el hombre y la naturaleza.[\/dica_divi_carouselitem][dica_divi_carouselitem title=\u00bbAxel\u00bb sub_title=\u00bbArgentina\u00bb button_url_new_window=\u00bb1&#8243; image=\u00bbhttps:\/\/fundacioncodigos.org\/wp-content\/uploads\/2020\/05\/Axel.jpg\u00bb image_lightbox=\u00bbon\u00bb rating_position=\u00bbrating-under-title\u00bb image_padding=\u00bb|25px||25px|false|false\u00bb content_padding=\u00bb||||false|false\u00bb custom_padding=\u00bb50px|25px|50px|25px|false|false\u00bb _builder_version=\u00bb4.16&#8243; background_color=\u00bb#f2f2f2&#8243; background_enable_color=\u00bbon\u00bb global_colors_info=\u00bb{}\u00bb]<\/p>\n<p>Estoy absolutamente de acuerdo con las teor\u00edas de Luis Seguessa. Su libro \u201cAlerta Global\u201d, habla de un cambio de conciencia, por el respeto a la vida animal, a la naturaleza, al agua, a los \u00e1rboles, a dejar que los r\u00edos corran naturalmente sin alterar su curso, a no modificar plantaciones forzadamente y cambiar el ecosistema. Como padre joven que soy, mi misi\u00f3n es sembrar esa semilla en los m\u00e1s chicos y en la gente, ya sea a trav\u00e9s de mi m\u00fasica o mis palabras. En ese sentido, \u201cAlerta Global\u201d es un llamamiento a la conciencia, y su lectura es imprescindible para comprender mejor cu\u00e1l es nuestro rol para transformar este planeta en un lugar cada d\u00eda mejor para todos.<\/p>\n<p>[\/dica_divi_carouselitem][dica_divi_carouselitem title=\u00bbRicardo Macchi \u00bb sub_title=\u00bbBrasil\u00bb button_url_new_window=\u00bb1&#8243; image=\u00bbhttps:\/\/fundacioncodigos.org\/wp-content\/uploads\/2020\/05\/Ricardo-Macchi.jpeg\u00bb image_lightbox=\u00bbon\u00bb rating_position=\u00bbrating-under-title\u00bb image_padding=\u00bb|25px||25px|false|false\u00bb content_padding=\u00bb||||false|false\u00bb custom_padding=\u00bb50px|25px|50px|25px|false|false\u00bb _builder_version=\u00bb4.16&#8243; background_color=\u00bb#f2f2f2&#8243; background_enable_color=\u00bbon\u00bb global_colors_info=\u00bb{}\u00bb]Descubr\u00ed a Luis Seguessa hace varios a\u00f1os cuando comenc\u00e9 a profundizar en la problem\u00e1tica ambiental en Am\u00e9rica Latina para una serie de documentales que tuve que producir. Particip\u00e9 en su conferencia en enero del 2008 en el Grand Hyatt de Sao Paulo y me interes\u00e9 enseguida por la importancia y originalidad de sus tesis y estudios, especialmente su conocimiento sobre el ox\u00edgeno y la calidad del aire. Hoy puedo decir que es la persona que m\u00e1s coherentemente habla sobre este tema en el mundo. Cuando en USA estaba Al Gore hablando de una verdad inc\u00f3moda aqu\u00ed en Am\u00e9rica Latina ya ten\u00edamos a Luis Seguessa hablando sobre el grave problema que era el gran consumo de ox\u00edgeno debido a la falta de inversi\u00f3n en el mundo de fuentes alternativas y matrices energ\u00e9ticas limpias para la producci\u00f3n especialmente de motores sin combusti\u00f3n. [\/dica_divi_carouselitem][dica_divi_carouselitem title=\u00bbPablo Sacco\u00bb sub_title=\u00bbUruguay\u00bb button_url_new_window=\u00bb1&#8243; image=\u00bbhttps:\/\/fundacioncodigos.org\/wp-content\/uploads\/2020\/05\/Pablo-Sacco.jpg\u00bb image_lightbox=\u00bbon\u00bb rating_position=\u00bbrating-under-title\u00bb image_padding=\u00bb|25px||25px|false|false\u00bb content_padding=\u00bb||||false|false\u00bb custom_padding=\u00bb50px|25px|50px|25px|false|false\u00bb _builder_version=\u00bb4.16&#8243; background_color=\u00bb#f2f2f2&#8243; background_enable_color=\u00bbon\u00bb global_colors_info=\u00bb{}\u00bb]Conoc\u00ed a Luis hace m\u00e1s de 10 a\u00f1os con motivo de realizarle una entrevista period\u00edstica para el programa de TV Twister.  Qued\u00e9 tan fascinado por sus conocimientos que terminamos grabando m\u00e1s de 100 programas juntos. Desde un primer momento me interes\u00e9 por los datos que manejaba y por la importancia de lo que estaba transmitiendo. En ese momento el cambio clim\u00e1tico no era tan notorio como ahora, y la gente poco hablaba sobre ello. Cada una de las hip\u00f3tesis planteadas, incre\u00edblemente se fueron corroborando a\u00f1os despu\u00e9s.[\/dica_divi_carouselitem][dica_divi_carouselitem title=\u00bbMaria Paz Galvez \u00bb sub_title=\u00bbChile\u00bb button_url_new_window=\u00bb1&#8243; image=\u00bbhttps:\/\/fundacioncodigos.org\/wp-content\/uploads\/2020\/05\/Maria-Paz-Galvez.jpg\u00bb image_lightbox=\u00bbon\u00bb rating_position=\u00bbrating-under-title\u00bb image_padding=\u00bb|25px||25px|false|false\u00bb content_padding=\u00bb||||false|false\u00bb custom_padding=\u00bb50px|25px|50px|25px|false|false\u00bb _builder_version=\u00bb4.16&#8243; background_color=\u00bb#f2f2f2&#8243; background_enable_color=\u00bbon\u00bb global_colors_info=\u00bb{}\u00bb]<\/p>\n<p>El investigador Luis Seguessa es un verdadero referente en cambio climatico, siendo una voz autorizada en los medios de comunicaci\u00f3n para evaluar y emitir comentarios respecto a las causas y soluciones de los problemas de calentamiento global, el agujero en la capa de ozono, entre otros, donde aparece constantemente citado o entrevistado. He tenido la oportunidad de trabajar con \u00e9l en la ONG, y he observado la gran seriedad, responsabilidad y esfuerzo con que el investigador Seguessa se dedica a su rol como Presidente de la organizaci\u00f3n, trabajando siempre con dedicaci\u00f3n, consciente de la urgencia con que deben ser tratados estos temas que afectan a toda la humanidad. Sin duda, la labor que ha realizado ha sido clave en la instalaci\u00f3n de ciertos temas en el debate p\u00fablico.<\/p>\n<p>[\/dica_divi_carouselitem][dica_divi_carouselitem title=\u00bbCassio Laranja \u00bb sub_title=\u00bbBrasil\u00bb button_url_new_window=\u00bb1&#8243; image=\u00bbhttps:\/\/fundacioncodigos.org\/wp-content\/uploads\/2020\/05\/Cassio-Laranja.jpg\u00bb image_lightbox=\u00bbon\u00bb rating_position=\u00bbrating-under-title\u00bb image_padding=\u00bb|25px||25px|false|false\u00bb content_padding=\u00bb||||false|false\u00bb custom_padding=\u00bb50px|25px|50px|25px|false|false\u00bb _builder_version=\u00bb4.16&#8243; background_color=\u00bb#f2f2f2&#8243; background_enable_color=\u00bbon\u00bb global_colors_info=\u00bb{}\u00bb]Hace 8 a\u00f1os que nuestra radio transmite el exitoso programa de Luis Seguessa para un mundo mejor. Tuvimos el honor de traer a Luis Seguessa hace unos a\u00f1os a la ciudad de Santos en Brasil,  para dar una conferencia en Universitas para j\u00f3venes, una conferencia que tuvo mucho \u00e9xito y repercusi\u00f3n en nuestra comunidad. Ya en esa \u00e9poca, Luis Seguessa trajo investigaciones muy interesantes, de avanzada, sobre la realidad de nuestro planeta y  soluciones y acciones concretas que todos debemos llevar a cabo para mejorar nuestro h\u00e1bitat.[\/dica_divi_carouselitem][dica_divi_carouselitem title=\u00bbCarmen Amelia Ampuero  \u00bb sub_title=\u00bbPer\u00fa\u00bb button_url_new_window=\u00bb1&#8243; image=\u00bbhttps:\/\/fundacioncodigos.org\/wp-content\/uploads\/2020\/05\/Carmen-Amelia-Ampuero.jpg\u00bb image_lightbox=\u00bbon\u00bb rating_position=\u00bbrating-under-title\u00bb image_padding=\u00bb|25px||25px|false|false\u00bb content_padding=\u00bb||||false|false\u00bb custom_padding=\u00bb50px|25px|50px|25px|false|false\u00bb _builder_version=\u00bb4.16&#8243; background_color=\u00bb#f2f2f2&#8243; background_enable_color=\u00bbon\u00bb global_colors_info=\u00bb{}\u00bb]En un contexto como el actual, se  necesitan voces que llamen la atenci\u00f3n sobre el problema del cambio clim\u00e1tico, proponiendo soluciones frente a estas problem\u00e1ticas. As\u00ed, Luis Seguessa, Presidente de Fundaci\u00f3n C\u00f3digos, ha sido una voz comprometida con el planeta desde hace muchos a\u00f1os. En mayo 2011 participe en su conferencia en Lima y desde ese momento adher\u00ed a esta causa tan importante para todos nosotros como humanidad.[\/dica_divi_carouselitem][\/dica_divi_carousel][\/et_pb_column][\/et_pb_row][\/et_pb_section]<\/p>\n","protected":false},"excerpt":{"rendered":"<p>Fundacion Codigos is a non-profit organization that was born in the city of Punta del Este, Uruguay, at the initiative of researcher Luis Seguessa and a group of professionals in order to inform of the main causes of climate change and the possible solutions.<\/p>","protected":false},"author":5,"featured_media":0,"parent":0,"menu_order":0,"comment_status":"closed","ping_status":"closed","template":"","meta":{"give_campaign_id":0,"_et_pb_use_builder":"on","_et_pb_old_content":"","_et_gb_content_width":"","footnotes":""},"class_list":["post-9","page","type-page","status-publish","hentry"],"campaignId":"","_links":{"self":[{"href":"https:\/\/fundacioncodigos.org\/en\/wp-json\/wp\/v2\/pages\/9","targetHints":{"allow":["GET"]}}],"collection":[{"href":"https:\/\/fundacioncodigos.org\/en\/wp-json\/wp\/v2\/pages"}],"about":[{"href":"https:\/\/fundacioncodigos.org\/en\/wp-json\/wp\/v2\/types\/page"}],"author":[{"embeddable":true,"href":"https:\/\/fundacioncodigos.org\/en\/wp-json\/wp\/v2\/users\/5"}],"replies":[{"embeddable":true,"href":"https:\/\/fundacioncodigos.org\/en\/wp-json\/wp\/v2\/comments?post=9"}],"version-history":[{"count":12,"href":"https:\/\/fundacioncodigos.org\/en\/wp-json\/wp\/v2\/pages\/9\/revisions"}],"predecessor-version":[{"id":16362,"href":"https:\/\/fundacioncodigos.org\/en\/wp-json\/wp\/v2\/pages\/9\/revisions\/16362"}],"wp:attachment":[{"href":"https:\/\/fundacioncodigos.org\/en\/wp-json\/wp\/v2\/media?parent=9"}],"curies":[{"name":"wp","href":"https:\/\/api.w.org\/{rel}","templated":true}]}}